{"id":2626,"date":"2022-12-17T17:48:32","date_gmt":"2022-12-17T17:48:32","guid":{"rendered":"https:\/\/sites.icb.ufmg.br\/leeb\/?page_id=2626"},"modified":"2023-07-19T20:08:49","modified_gmt":"2023-07-19T20:08:49","slug":"workshop-de-restauracao-do-rio-doce","status":"publish","type":"page","link":"https:\/\/sites.icb.ufmg.br\/leeb\/restauracao-ecologica\/workshop-de-restauracao-do-rio-doce\/","title":{"rendered":"WORKSHOP DE RESTAURA\u00c7\u00c3O ECOL\u00d3GICA DO RIO DOCE"},"content":{"rendered":"<p><\/p>\n\n\n<div style=\"height:100px\" aria-hidden=\"true\" class=\"wp-block-spacer\"><\/div>\n\n\n\n<h2 class=\"wp-block-heading has-text-align-center\"><strong><i><mark style=\"background-color:rgba(0, 0, 0, 0);color:#15672c\" class=\"has-inline-color\">Restaura\u00e7\u00e3o Com Ci\u00eancia do Rio Doce: da Dimens\u00e3o Ed\u00e1fica ao Sensoriamento Remoto<\/mark> <\/i><\/strong><\/h2>\n\n\n\n<figure class=\"wp-block-embed is-type-video is-provider-youtube wp-block-embed-youtube wp-embed-aspect-16-9 wp-has-aspect-ratio\"><div class=\"wp-block-embed__wrapper\">\n<iframe title=\"Workshop Restaura\u00e7\u00e3o com Ci\u00eancia: Rio Doce\" width=\"525\" height=\"295\" src=\"https:\/\/www.youtube.com\/embed\/S16YOZorTEE?feature=oembed\" frameborder=\"0\" allow=\"accelerometer; autoplay; clipboard-write; encrypted-media; gyroscope; picture-in-picture; web-share\" referrerpolicy=\"strict-origin-when-cross-origin\" allowfullscreen><\/iframe>\n<\/div><\/figure>\n\n\n\n<div style=\"height:39px\" aria-hidden=\"true\" class=\"wp-block-spacer\"><\/div>\n\n\n\n<p class=\"has-text-align-center\"><strong><mark style=\"background-color:rgba(0, 0, 0, 0);color:#3a6a3e\" class=\"has-inline-color\">TRANSMISS\u00c3O DO PRIMEIRO DIA:<\/mark><\/strong> <\/p>\n\n\n\n<figure class=\"wp-block-embed is-type-video is-provider-youtube wp-block-embed-youtube wp-embed-aspect-16-9 wp-has-aspect-ratio\"><div class=\"wp-block-embed__wrapper\">\n<iframe title=\"Workshop de Restaura\u00e7\u00e3o Ecol\u00f3gica do Rio Doce | Dia 1\" width=\"525\" height=\"295\" src=\"https:\/\/www.youtube.com\/embed\/lF4otdxk5n8?feature=oembed\" frameborder=\"0\" allow=\"accelerometer; autoplay; clipboard-write; encrypted-media; gyroscope; picture-in-picture; web-share\" referrerpolicy=\"strict-origin-when-cross-origin\" allowfullscreen><\/iframe>\n<\/div><\/figure>\n\n\n\n<p class=\"has-text-align-center\"><strong><mark style=\"background-color:rgba(0, 0, 0, 0);color:#3a6a3e\" class=\"has-inline-color\">TRANSMISS\u00c3O DO SEGUNDO DIA: <\/mark><\/strong><\/p>\n\n\n\n<figure class=\"wp-block-embed is-type-video is-provider-youtube wp-block-embed-youtube wp-embed-aspect-16-9 wp-has-aspect-ratio\"><div class=\"wp-block-embed__wrapper\">\n<iframe title=\"Workshop de Restaura\u00e7\u00e3o Ecol\u00f3gica do Rio Doce | Dia 2\" width=\"525\" height=\"295\" src=\"https:\/\/www.youtube.com\/embed\/u4CVEoJXiGI?feature=oembed\" frameborder=\"0\" allow=\"accelerometer; autoplay; clipboard-write; encrypted-media; gyroscope; picture-in-picture; web-share\" referrerpolicy=\"strict-origin-when-cross-origin\" allowfullscreen><\/iframe>\n<\/div><\/figure>\n\n\n\n<div style=\"height:27px\" aria-hidden=\"true\" class=\"wp-block-spacer\"><\/div>\n\n\n\n<p><strong>Data: O1 e 02 de Mar\u00e7o de 2023<\/strong><\/p>\n\n\n\n<p><strong>Local: Sala 162 &#8211; Bloco B2, Instituto de Ci\u00eancias Biol\u00f3gicas da UFMG<\/strong><\/p>\n\n\n\n<p><strong>Endere\u00e7o: Av. Ant\u00f4nio Carlos, 6627, Pampulha &#8211; Belo Horizonte &#8211; MG &#8211; CEP 31270-901<\/strong><\/p>\n\n\n\n<hr class=\"wp-block-separator has-alpha-channel-opacity is-style-default\"\/>\n\n\n\n<p class=\"has-text-align-center\"><strong>PROGRAMA\u00c7\u00c3O<\/strong><\/p>\n\n\n\n<hr class=\"wp-block-separator has-alpha-channel-opacity is-style-wide\"\/>\n\n\n\n<p class=\"has-text-align-center\"><strong><mark style=\"background-color:rgba(0, 0, 0, 0);color:#63a553\" class=\"has-inline-color\">01 de Mar\u00e7o de 2023<\/mark><\/strong><\/p>\n\n\n\n<hr class=\"wp-block-separator has-alpha-channel-opacity is-style-dots\"\/>\n\n\n\n<p><strong><em>09:00 h &#8211; Abertura:<\/em><br>Restaura\u00e7\u00e3o com ci\u00eancia do Rio Doce<\/strong><br>Geraldo Wilson Fernandes<br><sub><em>Centro de Conhecimento da Biodiversidade &#8211; Brasil \/<br>Universidade Federal de Minas Gerais<\/em><\/sub><\/p>\n\n\n\n<hr class=\"wp-block-separator has-alpha-channel-opacity is-style-dots\"\/>\n\n\n\n<p><strong><em>09:15 h &#8211; Palestra:<\/em><br>Ecossistema de refer\u00eancia para restaura\u00e7\u00e3o<br><\/strong>Tiago Shizen Pacheco Toma<br><sub><em>Centro de Conhecimento da Biodiversidade &#8211; Brasil \/<br>Universidade Federal de Minas Gerais<\/em><\/sub><\/p>\n\n\n\n<hr class=\"wp-block-separator has-alpha-channel-opacity is-style-dots\"\/>\n\n\n\n<p><strong><em>10:00 h &#8211; Palestra:<\/em><br>Estrat\u00e9gias ecol\u00f3gicas vegetais em matas ciliares ao longo do Rio Doce<\/strong><br>Daniel Negreiros<br><sub><em>Centro de Conhecimento da Biodiversidade &#8211; Brasil \/<br>Universidade Federal de Minas Gerais<\/em><\/sub><\/p>\n\n\n\n<hr class=\"wp-block-separator has-alpha-channel-opacity is-style-dots\"\/>\n\n\n\n<p class=\"has-text-align-left\"><strong><em>10:45 h &#8211; Intervalo para o caf\u00e9<\/em><\/strong><\/p>\n\n\n\n<hr class=\"wp-block-separator has-alpha-channel-opacity is-style-dots\"\/>\n\n\n\n<p><strong><em>11:15 h &#8211; Palestra:<\/em><br>Solos como estratificadores de paisagem e sua intera\u00e7\u00e3o com a biota<\/strong><br><em><sub>Jo\u00e3o Herbert Moreira Viana<br>Embrapa Milho e Sorgo<\/sub><\/em><\/p>\n\n\n\n<hr class=\"wp-block-separator has-alpha-channel-opacity is-style-dots\"\/>\n\n\n\n<p class=\"has-text-align-left\"><strong><em>12:00 h &#8211; Palestra:<\/em><br>Efeito de in\u00f3culos de fungos micorr\u00edzicos no crescimento vegetal em \u00e1reas mineradas<\/strong><br><em><sub>Maria Luiza Abatemarco de Moura<br>Universidade Federal de Minas Gerais<\/sub><\/em><\/p>\n\n\n\n<hr class=\"wp-block-separator has-alpha-channel-opacity is-style-default\"\/>\n\n\n\n<p class=\"has-text-align-center\"><strong><mark style=\"background-color:rgba(0, 0, 0, 0);color:#63a553\" class=\"has-inline-color\">02 de Mar\u00e7o de 2023<\/mark><\/strong><\/p>\n\n\n\n<hr class=\"wp-block-separator has-alpha-channel-opacity is-style-dots\"\/>\n\n\n\n<p><strong><em>09:00 h &#8211; Palestra:<\/em><br>Diversidade vegetal e rela\u00e7\u00f5es ambientais de duas florestas associadas ao Rio Doce no estado do Esp\u00edrito Santo<\/strong><br><em><sub>Henrique Machado Dias<br>Universidade Federal do Esp\u00edrito Santo<\/sub><\/em><\/p>\n\n\n\n<hr class=\"wp-block-separator has-alpha-channel-opacity is-style-dots\"\/>\n\n\n\n<p class=\"has-text-align-left\"><strong><em>09:45 h &#8211; Palestra:<\/em><br>Flora, estrutura e potencial regenerativo de ecossistemas de refer\u00eancia na Bacia do Rio Doce<\/strong><br><em><sub>Yule Roberta Ferreira Nunes<br>Universidade Estadual de Montes Claros<\/sub><\/em><\/p>\n\n\n\n<hr class=\"wp-block-separator has-alpha-channel-opacity is-style-dots\"\/>\n\n\n\n<p><strong><em>10:30 h &#8211; Intervalo para o caf\u00e9<\/em><\/strong><\/p>\n\n\n\n<hr class=\"wp-block-separator has-alpha-channel-opacity is-style-dots\"\/>\n\n\n\n<p class=\"has-text-align-left\"><strong><em>11:00 h &#8211; Palestra:<\/em><br>Efeito do rejeito da minera\u00e7\u00e3o sobre o desenvolvimento de esp\u00e9cies nativas da Mata Atl\u00e2ntica<\/strong><br><em><sub>Barbara Dias Ara\u00fajo<br>Universidade Estadual de Montes Claros<\/sub><\/em><\/p>\n\n\n\n<p class=\"has-text-align-right\"><\/p>\n\n\n\n<hr class=\"wp-block-separator has-alpha-channel-opacity is-style-dots\"\/>\n\n\n\n<p><strong><em>11:45 h &#8211; Palestra:<\/em><br>Mariana sete anos depois: s\u00edntese dos impactos do rompimento de Fund\u00e3o<\/strong><br><em><sub>Fernando Goulart<br>Universidade Federal de Minas Gerais<\/sub><\/em><\/p>\n\n\n\n<hr class=\"wp-block-separator has-alpha-channel-opacity is-style-dots\"\/>\n\n\n\n<p class=\"has-text-align-left\"><strong>12:30 h &#8211; Intervalo para Almo\u00e7o<\/strong><\/p>\n\n\n\n<hr class=\"wp-block-separator has-alpha-channel-opacity is-style-dots\"\/>\n\n\n\n<p class=\"has-text-align-left\"><strong><em>14:30 h &#8211; Sum\u00e1rio Executivo:<\/em><br>Recomenda\u00e7\u00f5es para a restaura\u00e7\u00e3o do Rio Doce.<\/strong><\/p>\n\n\n\n<hr class=\"wp-block-separator has-alpha-channel-opacity is-style-dots\"\/>\n\n\n\n<hr class=\"wp-block-separator has-alpha-channel-opacity is-style-wide\"\/>\n\n\n\n<hr class=\"wp-block-separator has-alpha-channel-opacity\"\/>\n\n\n\n<div style=\"height:100px\" aria-hidden=\"true\" class=\"wp-block-spacer\"><\/div>\n","protected":false},"excerpt":{"rendered":"<p>Restaura\u00e7\u00e3o Com Ci\u00eancia do Rio Doce: da Dimens\u00e3o Ed\u00e1fica ao Sensoriamento Remoto TRANSMISS\u00c3O DO PRIMEIRO DIA: TRANSMISS\u00c3O DO SEGUNDO DIA:&hellip;<\/p>\n","protected":false},"author":4,"featured_media":2628,"parent":1122,"menu_order":0,"comment_status":"closed","ping_status":"closed","template":"","meta":{"jetpack_post_was_ever_published":false,"footnotes":""},"class_list":["post-2626","page","type-page","status-publish","has-post-thumbnail","hentry"],"yoast_head":"<!-- This site is optimized with the Yoast SEO plugin v22.9 - https:\/\/yoast.com\/wordpress\/plugins\/seo\/ -->\n<title>WORKSHOP DE RESTAURA\u00c7\u00c3O ECOL\u00d3GICA DO RIO DOCE - LEEB<\/title>\n<meta name=\"robots\" content=\"index, follow, max-snippet:-1, max-image-preview:large, max-video-preview:-1\" \/>\n<link rel=\"canonical\" href=\"https:\/\/sites.icb.ufmg.br\/leeb\/restauracao-ecologica\/workshop-de-restauracao-do-rio-doce\/\" \/>\n<meta property=\"og:locale\" content=\"pt_BR\" \/>\n<meta property=\"og:type\" content=\"article\" \/>\n<meta property=\"og:title\" content=\"WORKSHOP DE RESTAURA\u00c7\u00c3O ECOL\u00d3GICA DO RIO DOCE - LEEB\" \/>\n<meta property=\"og:description\" content=\"Restaura\u00e7\u00e3o Com Ci\u00eancia do Rio Doce: da Dimens\u00e3o Ed\u00e1fica ao Sensoriamento Remoto TRANSMISS\u00c3O DO PRIMEIRO DIA: TRANSMISS\u00c3O DO SEGUNDO DIA:&hellip;\" \/>\n<meta property=\"og:url\" content=\"https:\/\/sites.icb.ufmg.br\/leeb\/restauracao-ecologica\/workshop-de-restauracao-do-rio-doce\/\" \/>\n<meta property=\"og:site_name\" content=\"LEEB\" \/>\n<meta property=\"article:publisher\" content=\"https:\/\/www.facebook.com\/LEEB.UFMG\/?locale=pt_BR\" \/>\n<meta property=\"article:modified_time\" content=\"2023-07-19T20:08:49+00:00\" \/>\n<meta property=\"og:image\" content=\"https:\/\/sites.icb.ufmg.br\/leeb\/wp-content\/uploads\/2022\/12\/NJB-03679-2-scaled.jpg\" \/>\n\t<meta property=\"og:image:width\" content=\"2560\" \/>\n\t<meta property=\"og:image:height\" content=\"1696\" \/>\n\t<meta property=\"og:image:type\" content=\"image\/jpeg\" \/>\n<meta name=\"twitter:card\" content=\"summary_large_image\" \/>\n<meta name=\"twitter:label1\" content=\"Est. tempo de leitura\" \/>\n\t<meta name=\"twitter:data1\" content=\"2 minutos\" \/>\n<script type=\"application\/ld+json\" class=\"yoast-schema-graph\">{\"@context\":\"https:\/\/schema.org\",\"@graph\":[{\"@type\":\"WebPage\",\"@id\":\"https:\/\/sites.icb.ufmg.br\/leeb\/restauracao-ecologica\/workshop-de-restauracao-do-rio-doce\/\",\"url\":\"https:\/\/sites.icb.ufmg.br\/leeb\/restauracao-ecologica\/workshop-de-restauracao-do-rio-doce\/\",\"name\":\"WORKSHOP DE RESTAURA\u00c7\u00c3O ECOL\u00d3GICA DO RIO DOCE - LEEB\",\"isPartOf\":{\"@id\":\"https:\/\/sites.icb.ufmg.br\/leeb\/#website\"},\"primaryImageOfPage\":{\"@id\":\"https:\/\/sites.icb.ufmg.br\/leeb\/restauracao-ecologica\/workshop-de-restauracao-do-rio-doce\/#primaryimage\"},\"image\":{\"@id\":\"https:\/\/sites.icb.ufmg.br\/leeb\/restauracao-ecologica\/workshop-de-restauracao-do-rio-doce\/#primaryimage\"},\"thumbnailUrl\":\"https:\/\/sites.icb.ufmg.br\/leeb\/wp-content\/uploads\/2022\/12\/NJB-03679-2-scaled.jpg\",\"datePublished\":\"2022-12-17T17:48:32+00:00\",\"dateModified\":\"2023-07-19T20:08:49+00:00\",\"breadcrumb\":{\"@id\":\"https:\/\/sites.icb.ufmg.br\/leeb\/restauracao-ecologica\/workshop-de-restauracao-do-rio-doce\/#breadcrumb\"},\"inLanguage\":\"pt-BR\",\"potentialAction\":[{\"@type\":\"ReadAction\",\"target\":[\"https:\/\/sites.icb.ufmg.br\/leeb\/restauracao-ecologica\/workshop-de-restauracao-do-rio-doce\/\"]}]},{\"@type\":\"ImageObject\",\"inLanguage\":\"pt-BR\",\"@id\":\"https:\/\/sites.icb.ufmg.br\/leeb\/restauracao-ecologica\/workshop-de-restauracao-do-rio-doce\/#primaryimage\",\"url\":\"https:\/\/sites.icb.ufmg.br\/leeb\/wp-content\/uploads\/2022\/12\/NJB-03679-2-scaled.jpg\",\"contentUrl\":\"https:\/\/sites.icb.ufmg.br\/leeb\/wp-content\/uploads\/2022\/12\/NJB-03679-2-scaled.jpg\",\"width\":2560,\"height\":1696},{\"@type\":\"BreadcrumbList\",\"@id\":\"https:\/\/sites.icb.ufmg.br\/leeb\/restauracao-ecologica\/workshop-de-restauracao-do-rio-doce\/#breadcrumb\",\"itemListElement\":[{\"@type\":\"ListItem\",\"position\":1,\"name\":\"In\u00edcio\",\"item\":\"https:\/\/sites.icb.ufmg.br\/leeb\/\"},{\"@type\":\"ListItem\",\"position\":2,\"name\":\"Restaura\u00e7\u00e3o Ecol\u00f3gica\",\"item\":\"https:\/\/sites.icb.ufmg.br\/leeb\/restauracao-ecologica\/\"},{\"@type\":\"ListItem\",\"position\":3,\"name\":\"WORKSHOP DE RESTAURA\u00c7\u00c3O ECOL\u00d3GICA DO RIO DOCE\"}]},{\"@type\":\"WebSite\",\"@id\":\"https:\/\/sites.icb.ufmg.br\/leeb\/#website\",\"url\":\"https:\/\/sites.icb.ufmg.br\/leeb\/\",\"name\":\"LEEB\",\"description\":\"ICB\/UFMG\",\"potentialAction\":[{\"@type\":\"SearchAction\",\"target\":{\"@type\":\"EntryPoint\",\"urlTemplate\":\"https:\/\/sites.icb.ufmg.br\/leeb\/?s={search_term_string}\"},\"query-input\":\"required name=search_term_string\"}],\"inLanguage\":\"pt-BR\"}]}<\/script>\n<!-- \/ Yoast SEO plugin. -->","yoast_head_json":{"title":"WORKSHOP DE RESTAURA\u00c7\u00c3O ECOL\u00d3GICA DO RIO DOCE - LEEB","robots":{"index":"index","follow":"follow","max-snippet":"max-snippet:-1","max-image-preview":"max-image-preview:large","max-video-preview":"max-video-preview:-1"},"canonical":"https:\/\/sites.icb.ufmg.br\/leeb\/restauracao-ecologica\/workshop-de-restauracao-do-rio-doce\/","og_locale":"pt_BR","og_type":"article","og_title":"WORKSHOP DE RESTAURA\u00c7\u00c3O ECOL\u00d3GICA DO RIO DOCE - LEEB","og_description":"Restaura\u00e7\u00e3o Com Ci\u00eancia do Rio Doce: da Dimens\u00e3o Ed\u00e1fica ao Sensoriamento Remoto TRANSMISS\u00c3O DO PRIMEIRO DIA: TRANSMISS\u00c3O DO SEGUNDO DIA:&hellip;","og_url":"https:\/\/sites.icb.ufmg.br\/leeb\/restauracao-ecologica\/workshop-de-restauracao-do-rio-doce\/","og_site_name":"LEEB","article_publisher":"https:\/\/www.facebook.com\/LEEB.UFMG\/?locale=pt_BR","article_modified_time":"2023-07-19T20:08:49+00:00","og_image":[{"width":2560,"height":1696,"url":"https:\/\/sites.icb.ufmg.br\/leeb\/wp-content\/uploads\/2022\/12\/NJB-03679-2-scaled.jpg","type":"image\/jpeg"}],"twitter_card":"summary_large_image","twitter_misc":{"Est. tempo de leitura":"2 minutos"},"schema":{"@context":"https:\/\/schema.org","@graph":[{"@type":"WebPage","@id":"https:\/\/sites.icb.ufmg.br\/leeb\/restauracao-ecologica\/workshop-de-restauracao-do-rio-doce\/","url":"https:\/\/sites.icb.ufmg.br\/leeb\/restauracao-ecologica\/workshop-de-restauracao-do-rio-doce\/","name":"WORKSHOP DE RESTAURA\u00c7\u00c3O ECOL\u00d3GICA DO RIO DOCE - LEEB","isPartOf":{"@id":"https:\/\/sites.icb.ufmg.br\/leeb\/#website"},"primaryImageOfPage":{"@id":"https:\/\/sites.icb.ufmg.br\/leeb\/restauracao-ecologica\/workshop-de-restauracao-do-rio-doce\/#primaryimage"},"image":{"@id":"https:\/\/sites.icb.ufmg.br\/leeb\/restauracao-ecologica\/workshop-de-restauracao-do-rio-doce\/#primaryimage"},"thumbnailUrl":"https:\/\/sites.icb.ufmg.br\/leeb\/wp-content\/uploads\/2022\/12\/NJB-03679-2-scaled.jpg","datePublished":"2022-12-17T17:48:32+00:00","dateModified":"2023-07-19T20:08:49+00:00","breadcrumb":{"@id":"https:\/\/sites.icb.ufmg.br\/leeb\/restauracao-ecologica\/workshop-de-restauracao-do-rio-doce\/#breadcrumb"},"inLanguage":"pt-BR","potentialAction":[{"@type":"ReadAction","target":["https:\/\/sites.icb.ufmg.br\/leeb\/restauracao-ecologica\/workshop-de-restauracao-do-rio-doce\/"]}]},{"@type":"ImageObject","inLanguage":"pt-BR","@id":"https:\/\/sites.icb.ufmg.br\/leeb\/restauracao-ecologica\/workshop-de-restauracao-do-rio-doce\/#primaryimage","url":"https:\/\/sites.icb.ufmg.br\/leeb\/wp-content\/uploads\/2022\/12\/NJB-03679-2-scaled.jpg","contentUrl":"https:\/\/sites.icb.ufmg.br\/leeb\/wp-content\/uploads\/2022\/12\/NJB-03679-2-scaled.jpg","width":2560,"height":1696},{"@type":"BreadcrumbList","@id":"https:\/\/sites.icb.ufmg.br\/leeb\/restauracao-ecologica\/workshop-de-restauracao-do-rio-doce\/#breadcrumb","itemListElement":[{"@type":"ListItem","position":1,"name":"In\u00edcio","item":"https:\/\/sites.icb.ufmg.br\/leeb\/"},{"@type":"ListItem","position":2,"name":"Restaura\u00e7\u00e3o Ecol\u00f3gica","item":"https:\/\/sites.icb.ufmg.br\/leeb\/restauracao-ecologica\/"},{"@type":"ListItem","position":3,"name":"WORKSHOP DE RESTAURA\u00c7\u00c3O ECOL\u00d3GICA DO RIO DOCE"}]},{"@type":"WebSite","@id":"https:\/\/sites.icb.ufmg.br\/leeb\/#website","url":"https:\/\/sites.icb.ufmg.br\/leeb\/","name":"LEEB","description":"ICB\/UFMG","potentialAction":[{"@type":"SearchAction","target":{"@type":"EntryPoint","urlTemplate":"https:\/\/sites.icb.ufmg.br\/leeb\/?s={search_term_string}"},"query-input":"required name=search_term_string"}],"inLanguage":"pt-BR"}]}},"jetpack_sharing_enabled":true,"_links":{"self":[{"href":"https:\/\/sites.icb.ufmg.br\/leeb\/wp-json\/wp\/v2\/pages\/2626","targetHints":{"allow":["GET"]}}],"collection":[{"href":"https:\/\/sites.icb.ufmg.br\/leeb\/wp-json\/wp\/v2\/pages"}],"about":[{"href":"https:\/\/sites.icb.ufmg.br\/leeb\/wp-json\/wp\/v2\/types\/page"}],"author":[{"embeddable":true,"href":"https:\/\/sites.icb.ufmg.br\/leeb\/wp-json\/wp\/v2\/users\/4"}],"replies":[{"embeddable":true,"href":"https:\/\/sites.icb.ufmg.br\/leeb\/wp-json\/wp\/v2\/comments?post=2626"}],"version-history":[{"count":40,"href":"https:\/\/sites.icb.ufmg.br\/leeb\/wp-json\/wp\/v2\/pages\/2626\/revisions"}],"predecessor-version":[{"id":2808,"href":"https:\/\/sites.icb.ufmg.br\/leeb\/wp-json\/wp\/v2\/pages\/2626\/revisions\/2808"}],"up":[{"embeddable":true,"href":"https:\/\/sites.icb.ufmg.br\/leeb\/wp-json\/wp\/v2\/pages\/1122"}],"wp:featuredmedia":[{"embeddable":true,"href":"https:\/\/sites.icb.ufmg.br\/leeb\/wp-json\/wp\/v2\/media\/2628"}],"wp:attachment":[{"href":"https:\/\/sites.icb.ufmg.br\/leeb\/wp-json\/wp\/v2\/media?parent=2626"}],"curies":[{"name":"wp","href":"https:\/\/api.w.org\/{rel}","templated":true}]}}