{"id":141,"date":"2020-06-15T12:11:11","date_gmt":"2020-06-15T15:11:11","guid":{"rendered":"http:\/\/depto.icb.ufmg.br\/dmor\/hem\/?page_id=141"},"modified":"2025-11-07T09:13:50","modified_gmt":"2025-11-07T12:13:50","slug":"docentes","status":"publish","type":"page","link":"https:\/\/sites.icb.ufmg.br\/morfologia\/portal\/docentes\/","title":{"rendered":"Docentes"},"content":{"rendered":"\n<figure class=\"wp-block-table\"><table class=\"has-fixed-layout\"><tbody><tr><td><strong>PROFESSORES<\/strong><\/td><td><strong>E-MAIL<\/strong><\/td><td><strong>RAMAL ICB<\/strong><\/td><td><strong>LABORAT\u00d3RIO<\/strong><\/td><\/tr><tr><td><strong><a href=\"https:\/\/sites.icb.ufmg.br\/morfologia\/portal\/aline-miranda\/\" target=\"_blank\" rel=\"noreferrer noopener\">Aline Silva de Miranda<\/a><\/strong><\/td><td><a href=\"mailto:mirandas.aline@gmail.com\">mirandas.aline@gmail.com<\/a><\/td><td>6788<br>2796<\/td><td>O3-245&nbsp;&nbsp;&nbsp;&nbsp; (Lab.&nbsp;&nbsp;&nbsp;&nbsp; de&nbsp;&nbsp;&nbsp;&nbsp; Neurobiologia Concei\u00e7\u00e3o Machado)<\/td><\/tr><tr><td><a href=\"https:\/\/sites.icb.ufmg.br\/morfologia\/portal\/annamaria-ravara-vago\/\" target=\"_blank\" rel=\"noreferrer noopener\"><strong>Annamaria Ravara Vago<\/strong><\/a><\/td><td><a href=\"mailto:arvago@icb.ufmg.br\">arvago@ufmg.br<\/a><\/td><td>2783<\/td><td>N3-292&nbsp;&nbsp;&nbsp;&nbsp;&nbsp; (Lab&nbsp;&nbsp;&nbsp;&nbsp;&nbsp; de&nbsp;&nbsp;&nbsp;&nbsp;&nbsp; Patog\u00eanese Molecular)<\/td><\/tr><tr><td><a href=\"https:\/\/sites.icb.ufmg.br\/morfologia\/portal\/antonio-luis-neto-custodio\/\" target=\"_blank\" rel=\"noreferrer noopener\"><strong>Ant\u00f4nio Lu\u00eds Neto Cust\u00f3dio<\/strong><\/a><\/td><td><a href=\"mailto:antonio.custodio@gmail.com\">antonio.custodio@gmail.com drantonio@icb.ufmg.br<\/a><\/td><td>&nbsp;<\/td><td>Anatomia odonto M2-74<\/td><\/tr><tr><td><strong><a href=\"https:\/\/sites.icb.ufmg.br\/morfologia\/portal\/aristobolo-mendes-da-silva\/\" target=\"_blank\" rel=\"noreferrer noopener\">Arist\u00f3bolo Mendes da Silva<\/a><\/strong><\/td><td><a href=\"mailto:aristobolo@icb.ufmg.br\">aristobolo@icb.ufmg.br<\/a><\/td><td>2802<\/td><td>H2-25 (Lab de Genes Inflamat\u00f3rios)<\/td><\/tr><tr><td><strong><a href=\"https:\/\/sites.icb.ufmg.br\/morfologia\/portal\/camila-megale-de-almeida-leite\/\" target=\"_blank\" rel=\"noreferrer noopener\">Camila Megale de Almeida Leite<\/a><\/strong><\/td><td><a href=\"mailto:camila@icb.ufmg.br\">camila@icb.ufmg.br<\/a><\/td><td>3028<\/td><td>O3-245&nbsp;&nbsp;&nbsp;&nbsp; (Lab.&nbsp;&nbsp;&nbsp;&nbsp; de&nbsp;&nbsp;&nbsp;&nbsp; Neurobiologia Concei\u00e7\u00e3o Machado)<\/td><\/tr><tr><td><strong><a href=\"https:\/\/sites.icb.ufmg.br\/morfologia\/portal\/claudia-rocha-carvalho\/\" target=\"_blank\" rel=\"noreferrer noopener\">Cl\u00e1udia Rocha Carvalho<\/a><\/strong><\/td><td><a href=\"mailto:crochac@icb.ufmg.br\">crochac@.ufmg.br<\/a><\/td><td>2797<\/td><td>N3-258&nbsp;&nbsp; (Lab&nbsp;&nbsp; Biologia&nbsp;&nbsp; do&nbsp;&nbsp; Sistema Linf\u00f3ide e da Regenera\u00e7\u00e3o)<\/td><\/tr><tr><td><strong><a href=\"https:\/\/sites.icb.ufmg.br\/morfologia\/portal\/cleida-aparecida-de-oliveira\/\" target=\"_blank\" rel=\"noreferrer noopener\">Cleida Aparecida de Oliveira<\/a><\/strong><\/td><td><a href=\"mailto:cleida@mono.icb.ufmg.br\">cleida@icb.ufmg.br<\/a><\/td><td>2795<\/td><td>O3-175&nbsp;&nbsp;&nbsp;&nbsp; (Lab&nbsp;&nbsp;&nbsp;&nbsp; de&nbsp;&nbsp;&nbsp;&nbsp; Biologia&nbsp;&nbsp;&nbsp;&nbsp; da Reprodu\u00e7\u00e3o)]<\/td><\/tr><tr><td><strong><a href=\"https:\/\/sites.icb.ufmg.br\/morfologia\/portal\/cristina-guatimosim-fonseca\/\" target=\"_blank\" rel=\"noreferrer noopener\">Cristina Guatimosim Fonseca<\/a><\/strong><\/td><td><a href=\"mailto:cguati@icb.ufmg.br\">cguati@icb.ufmg.br<\/a><\/td><td>2824<\/td><td>H2-25&nbsp; ( Lab de Neurobiologia )<\/td><\/tr><tr><td><strong><a href=\"https:\/\/sites.icb.ufmg.br\/morfologia\/portal\/elizete-rizzo\/\" target=\"_blank\" rel=\"noreferrer noopener\">Elizete Rizzo<\/a><\/strong><\/td><td><a href=\"mailto:ictio@mono.icb.ufmg.br\">ictio@icb.ufmg.br<\/a><\/td><td>2819<br>2785<\/td><td>O3-164&nbsp;&nbsp;&nbsp;&nbsp;&nbsp;&nbsp;&nbsp;&nbsp;&nbsp;&nbsp;&nbsp;&nbsp; (Laborat\u00f3rio&nbsp;&nbsp;&nbsp;&nbsp;&nbsp;&nbsp;&nbsp;&nbsp;&nbsp;&nbsp;&nbsp;&nbsp; de Ictiohistologia)<\/td><\/tr><tr><td><strong><a href=\"https:\/\/sites.icb.ufmg.br\/morfologia\/portal\/enrrico-bloise\/\" target=\"_blank\" rel=\"noreferrer noopener\">Enrrico Bloise<\/a><\/strong><\/td><td><a href=\"mailto:enrico_Bloise@hotmail.com\">enrico_Bloise@hotmail.com<\/a><\/td><td>2783<\/td><td>N3-292&nbsp;&nbsp;&nbsp;&nbsp;&nbsp; (Lab&nbsp;&nbsp;&nbsp;&nbsp;&nbsp; de&nbsp;&nbsp;&nbsp;&nbsp;&nbsp; Patog\u00eanese Molecular)<\/td><\/tr><tr><td><strong><a href=\"https:\/\/sites.icb.ufmg.br\/morfologia\/portal\/erika-cristina-jorge\/\" target=\"_blank\" rel=\"noreferrer noopener\">Erika Cristina Jorge<\/a><\/strong><\/td><td><a href=\"mailto:erika.cris.jorge@gmail.com\">erika.cris.jorge@gmail.com ecjorge@icb.ufmg.br<\/a><\/td><td>3019<\/td><td>N3-224&nbsp;&nbsp;&nbsp;&nbsp;&nbsp; (Biologia&nbsp;&nbsp;&nbsp;&nbsp;&nbsp; oral&nbsp;&nbsp;&nbsp;&nbsp;&nbsp; e&nbsp;&nbsp;&nbsp;&nbsp;&nbsp; do desenvolvimento)<\/td><\/tr><tr><td><strong><a href=\"https:\/\/sites.icb.ufmg.br\/morfologia\/portal\/fernanda-radicchi-campos-lobato-de-almeida\/\" target=\"_blank\" rel=\"noreferrer noopener\">Fernanda&nbsp; Radicchi&nbsp; Campos&nbsp; Lobato de Almeida<\/a><\/strong><\/td><td><a href=\"mailto:falmeida@icb.ufmg.br\">falmeida@icb.ufmg.br<\/a><\/td><td>2992<\/td><td>O3-165&nbsp;&nbsp;&nbsp; (Laborat\u00f3rio&nbsp;&nbsp;&nbsp; de&nbsp;&nbsp;&nbsp; biologia Estrutural)<\/td><\/tr><tr><td><a href=\"https:\/\/sites.icb.ufmg.br\/morfologia\/portal\/george-eduardo-gabriel-kluck\/\" target=\"_blank\" rel=\"noreferrer noopener\"><strong>George Eduardo Gabriel Kluck<\/strong><\/a><\/td><td><a href=\"mailto:kluckgeg@gmail.com\">kluckgeg@gmail.com<\/a><\/td><td>&#8211;<\/td><td>&#8211;<\/td><\/tr><tr><td><strong><a href=\"https:\/\/sites.icb.ufmg.br\/morfologia\/portal\/giselle-foureaux\/\" target=\"_blank\" rel=\"noreferrer noopener\">Giselle Foureaux Heida<\/a><\/strong><\/td><td><a href=\"mailto:giforeaux@yahoo.com.br\">giforeaux@yahoo.com.br giforeaux@icb.ufmg.br<\/a><\/td><td>3068<\/td><td>N3-302 (Lab de Biologia Card\u00edaca)<\/td><\/tr><tr><td><strong><a href=\"https:\/\/sites.icb.ufmg.br\/morfologia\/portal\/gleide-fernandes-de-avelar\/\" target=\"_blank\" rel=\"noreferrer noopener\">Gleide&nbsp;Fernandes&nbsp;de&nbsp;Avelar<\/a><\/strong><\/td><td><a href=\"mailto:gleideav@yahoo.com.br\">gleideav@yahoo.com.br<\/a><\/td><td>2775<\/td><td>N3-147 (Lab de Biologia celular)<\/td><\/tr><tr><td><strong><a href=\"https:\/\/sites.icb.ufmg.br\/morfologia\/portal\/gleydes-gambogi-parreira\/\" target=\"_blank\" rel=\"noreferrer noopener\">Gleydes&nbsp;Gambogi Parreira<\/a><\/strong><\/td><td><a href=\"mailto:ggambogi@icb.ufmg.br\">ggambogi@icb.ufmg.br<\/a><\/td><td>2817<\/td><td>N2-64&nbsp;&nbsp;&nbsp;&nbsp;&nbsp;&nbsp; (Museu&nbsp;&nbsp;&nbsp;&nbsp;&nbsp;&nbsp; de&nbsp;&nbsp;&nbsp;&nbsp;&nbsp;&nbsp; Ci\u00eancias Morfol\u00f3gicas)<\/td><\/tr><tr><td><strong><a href=\"https:\/\/sites.icb.ufmg.br\/morfologia\/portal\/gregory-thomas-kitten\/\" target=\"_blank\" rel=\"noreferrer noopener\">Gregory&nbsp;Thomas&nbsp; Kitten<\/a><\/strong><\/td><td><a href=\"mailto:kitten@icb.ufmg.br\">kitten@icb.ufmg.br<\/a><\/td><td>2806<br>3409<\/td><td>H2-25 (Biologia Celular Molecular)<\/td><\/tr><tr><td><strong><a href=\"https:\/\/sites.icb.ufmg.br\/morfologia\/portal\/guilherme-mattos-jardim-costa\/\" target=\"_blank\" rel=\"noreferrer noopener\">Guilherme Matos Jardim<\/a><\/strong><\/td><td><a href=\"mailto:costagmj@gmail.com\">costagmj@gmail.com gmjc@ufmg.br<\/a><\/td><td>2779<\/td><td>N3-147 (Lab de Biologia celular)<\/td><\/tr><tr><td><strong><a href=\"https:\/\/sites.icb.ufmg.br\/morfologia\/portal\/gustavo-batista-de-menezes\/\" target=\"_blank\" rel=\"noreferrer noopener\">Gustavo Batista de Menezes<\/a><\/strong><\/td><td><a href=\"mailto:menezesgb@ufmg.br\">menezesgb@ufmg.br<\/a><\/td><td>3015 \/<br>9714\/<br>4141<\/td><td>N3-140&nbsp; (Lab Center for Gastrointestinal Biology)<\/td><\/tr><tr><td><strong><a href=\"https:\/\/sites.icb.ufmg.br\/morfologia\/portal\/janice-henriques-da-silva-amaral\/\" target=\"_blank\" rel=\"noreferrer noopener\">Janice Henriques da Silva Amaral<\/a><\/strong><\/td><td><a href=\"mailto:janicehs@icb.ufmg.br\">janicehs@icb.ufmg.br<\/a><\/td><td>2813<\/td><td>G2<\/td><\/tr><tr><td><a href=\"http:\/\/lattes.cnpq.br\/6295412758610543\" target=\"_blank\" rel=\"noreferrer noopener\"><strong>Joana Palhares Campolina Diniz<\/strong><\/a><\/td><td>j<a href=\"mailto:joanacampolina@ufmg.br\">joanacampolina@ufmg.br<\/a><br>&nbsp;<br><\/td><td>2992<\/td><td>O3-165&nbsp;&nbsp;&nbsp; (Laborat\u00f3rio&nbsp;&nbsp;&nbsp; de&nbsp;&nbsp;&nbsp; biologia Estrutural<\/td><\/tr><tr><td><strong><a href=\"https:\/\/sites.icb.ufmg.br\/morfologia\/portal\/joao-vinicius-salgado\/\" target=\"_blank\" rel=\"noreferrer noopener\">Jo\u00e3o&nbsp;&nbsp;Vin\u00edcius&nbsp;&nbsp;Salgado<\/a><\/strong><\/td><td><a href=\"mailto:jvisal@gmail.com\">jvisal@gmail.com<\/a><\/td><td>2799<\/td><td>O3-245&nbsp;&nbsp;&nbsp;&nbsp; (Lab.&nbsp;&nbsp;&nbsp;&nbsp; de&nbsp;&nbsp;&nbsp;&nbsp; Neurobiologia Concei\u00e7\u00e3o Machado)<\/td><\/tr><tr><td><strong><a href=\"https:\/\/sites.icb.ufmg.br\/morfologia\/portal\/jose-dias-correa-junior\/\" target=\"_blank\" rel=\"noreferrer noopener\">Jos\u00e9 Dias Corr\u00eaa Junior<\/a><\/strong><\/td><td><a href=\"mailto:correajr@icb.ufmg.br\">correajr@ ufmg.br<\/a><\/td><td>2792<\/td><td>O3-174 (Intera\u00e7\u00e3o Qu\u00edmico Biol\u00f3gica)<\/td><\/tr><tr><td><a href=\"https:\/\/sites.icb.ufmg.br\/morfologia\/portal\/juliana-de-assis-silva-gomes-estanislau\/\" target=\"_blank\" rel=\"noreferrer noopener\"><strong>Juliana de Assis Silva Gomes Estanislau<\/strong><\/a><\/td><td><a href=\"mailto:estanislau.juliana@gmail.com\">estanislau.juliana@gmail.com<\/a><\/td><td>3006<\/td><td>Q2-64&nbsp;&nbsp;&nbsp;&nbsp; (Biologia&nbsp;&nbsp;&nbsp;&nbsp; das&nbsp;&nbsp;&nbsp;&nbsp; intera\u00e7\u00f5es celulares)<\/td><\/tr><tr><td><strong><a href=\"https:\/\/sites.icb.ufmg.br\/morfologia\/portal\/juliana-alves-da-silva\/\">Juliana Alves da Silva<\/a><\/strong><\/td><td><a href=\"mailto:alves.silva.julianna@gmail.com\">alves.silva.julianna@gmail.com<\/a><\/td><td>2787<\/td><td>J4-158<\/td><\/tr><tr><td><strong><a href=\"https:\/\/sites.icb.ufmg.br\/morfologia\/portal\/lucas-miranda-kangussu\/\" target=\"_blank\" rel=\"noreferrer noopener\">Lucas&nbsp;Miranda&nbsp;Kangussu&nbsp;Gomes Oliveira<\/a><\/strong><\/td><td><a href=\"https:\/\/sites.icb.ufmg.br\/morfologia\/portal\/wp-admin\/lucaskangussu@gmail.com\">lucaskangussu@gmail.com<\/a><br><a href=\"mailto:lucaskangussu@ufmg.br\">lucaskangussu@ufmg.br<\/a><\/td><td>&nbsp;2811<\/td><td>N3-302<\/td><\/tr><tr><td><strong><a href=\"https:\/\/sites.icb.ufmg.br\/morfologia\/portal\/luciana-de-olivera-andrade\/\" target=\"_blank\" rel=\"noreferrer noopener\">Luciana&nbsp;de&nbsp;Oliveira&nbsp;Andrade<\/a><\/strong><\/td><td><a href=\"mailto:landrade@icb.ufmg.br\">landrade@icb.ufmg.br luoandrade@gmail.com<\/a><\/td><td>2815<\/td><td>H2-25 (Biologia Celular Molecular)<\/td><\/tr><tr><td><strong><a href=\"https:\/\/sites.icb.ufmg.br\/morfologia\/portal\/ludmila-rodrigues-pinto-ferreira-camargo\/\" target=\"_blank\" rel=\"noreferrer noopener\">Ludmila&nbsp;Rodrigues&nbsp;Ferreira Camargo<\/a><\/strong><\/td><td><a href=\"mailto:ludmila@icb.ufmg.br\">ludmila@icb.ufmg.br<br>lucamargo@gmail.com<\/a><\/td><td>2787<\/td><td>J4-158<\/td><\/tr><tr><td><strong><a href=\"https:\/\/sites.icb.ufmg.br\/morfologia\/portal\/marcos-augusto-de-sa\/\" target=\"_blank\" rel=\"noreferrer noopener\">Marcos Augusto de S\u00e1<\/a><\/strong><\/td><td><a href=\"mailto:samarcos2005@yahoo.com.br\">samarcos2005@yahoo.com.br<\/a><\/td><td>3069<\/td><td>N3-302 (Lab de Biologia Card\u00edaca)<\/td><\/tr><tr><td><strong><a href=\"https:\/\/sites.icb.ufmg.br\/morfologia\/portal\/micena-roberta-miranda-alves-e-silva\/\" target=\"_blank\" rel=\"noreferrer noopener\">Micena&nbsp;Roberta&nbsp;Miranda&nbsp;Alves e Silva<\/a><\/strong><\/td><td><a href=\"mailto:micena@icb.ufmg.br\">micena@icb.ufmg.br micenarm@gmail.com<\/a><\/td><td>3005<br>3003<\/td><td>Q2-64&nbsp;&nbsp;&nbsp;&nbsp; (Biologia&nbsp;&nbsp;&nbsp;&nbsp; das&nbsp;&nbsp;&nbsp;&nbsp; intera\u00e7\u00f5es celulares)<\/td><\/tr><tr><td><strong><a href=\"https:\/\/sites.icb.ufmg.br\/morfologia\/portal\/paula-luciana-scalzo\/\" target=\"_blank\" rel=\"noreferrer noopener\">Paula Luciana&nbsp;Scalzo<\/a><\/strong><\/td><td><a href=\"mailto:paula@icb.ufmg.br\">paula@icb.ufmg.br scalzopl@gmail.com<\/a><\/td><td>2799<\/td><td>O3-245&nbsp;&nbsp;&nbsp;&nbsp; (Lab.&nbsp;&nbsp;&nbsp;&nbsp; de&nbsp;&nbsp;&nbsp;&nbsp; Neurobiologia Concei\u00e7\u00e3o Machado)<\/td><\/tr><tr><td><strong><a href=\"https:\/\/sites.icb.ufmg.br\/morfologia\/portal\/paula-rocha-moreira\/\" target=\"_blank\" rel=\"noreferrer noopener\">Paula&nbsp;Rocha&nbsp;Moreira<\/a><\/strong><\/td><td><a href=\"mailto:paularocha2003@yahoo.com.br\">paularocha2003@yahoo.com.br<br>paularocha@ufmg.br<\/a><\/td><td>3003<br>3004<\/td><td>Q2-64&nbsp;&nbsp;&nbsp;&nbsp; (Biologia&nbsp;&nbsp;&nbsp;&nbsp; das&nbsp;&nbsp;&nbsp;&nbsp; intera\u00e7\u00f5es celulares)<\/td><\/tr><tr><td><strong><a href=\"https:\/\/sites.icb.ufmg.br\/morfologia\/portal\/rafael-magno-costa-melo\/\" target=\"_blank\" rel=\"noreferrer noopener\">Rafael Magno Costa Melo<\/a><\/strong><\/td><td><a href=\"mailto:rafaelictio@gmail.com\">rafaelictio@gmail.com<\/a><\/td><td>2785<\/td><td>O3-164<\/td><\/tr><tr><td><strong><a href=\"https:\/\/sites.icb.ufmg.br\/morfologia\/portal\/rodolfo-cordeiro-giunchetti\/\" target=\"_blank\" rel=\"noreferrer noopener\">Rodolfo&nbsp;Cordeir Giunchetti<\/a><\/strong><\/td><td><a href=\"mailto:giunchetti@icb.ufmg.br\">giunchetti@icb.ufmg.br giunchetti@gmail.com<\/a><\/td><td>3041\/30<br>03<\/td><td>Q2-64&nbsp;&nbsp;&nbsp;&nbsp; (Biologia&nbsp;&nbsp;&nbsp;&nbsp; das&nbsp;&nbsp;&nbsp;&nbsp; intera\u00e7\u00f5es celulares)<\/td><\/tr><tr><td><strong><a href=\"https:\/\/sites.icb.ufmg.br\/morfologia\/portal\/samyra-maria-dos-santos-nassif-lacerda\/\" target=\"_blank\" rel=\"noreferrer noopener\">Samyra Maridos&nbsp;Santos Nassif Lacerda<\/a><\/strong><\/td><td><a href=\"mailto:samyranassif@hotmail.com\">samyranassif@hotmail.com<\/a><\/td><td>2780<\/td><td>N3-147 (Lab de Biologia celular)<\/td><\/tr><tr><td><strong><a href=\"https:\/\/sites.icb.ufmg.br\/morfologia\/portal\/tania-mara-segatelli\/\" target=\"_blank\" rel=\"noreferrer noopener\">T\u00e2nia&nbsp;Mara&nbsp; Segatelli<\/a><\/strong><\/td><td><a href=\"mailto:tmsegatelli@icb.ufmg.br\">tmsegatelli@icb.ufmg.br<\/a><\/td><td>2993\/29<br>91<\/td><td>G2<\/td><\/tr><tr><td><strong><a href=\"https:\/\/sites.icb.ufmg.br\/morfologia\/portal\/vanessa-pinho\/\" target=\"_blank\" rel=\"noreferrer noopener\">Vanessa Pinho da Silva<\/a><\/strong><\/td><td><a href=\"mailto:vpinho@icb.ufmg.br\">vpinho@icb.ufmg.br<\/a><\/td><td>2996<br>3051<\/td><td>Centro&nbsp;&nbsp;&nbsp;&nbsp;&nbsp;&nbsp;&nbsp;&nbsp;&nbsp; de&nbsp;&nbsp;&nbsp;&nbsp;&nbsp;&nbsp;&nbsp;&nbsp;&nbsp; Pesquisa&nbsp;&nbsp;&nbsp;&nbsp;&nbsp;&nbsp;&nbsp;&nbsp;&nbsp; e Desenvolvimento&nbsp;&nbsp;&nbsp;&nbsp;&nbsp;&nbsp; de&nbsp;&nbsp;&nbsp;&nbsp;&nbsp;&nbsp; F\u00e1rmacos (CPDF)&nbsp; &#8211;&nbsp; Laborat\u00f3rios&nbsp; Tem\u00e1ticos&nbsp; &#8211;<br>Bloco G3<\/td><\/tr><tr><td><strong><a href=\"https:\/\/sites.icb.ufmg.br\/morfologia\/portal\/victor-rodrigues-santos\/\" target=\"_blank\" rel=\"noreferrer noopener\">Victor Rodrigues Santos<\/a><\/strong><\/td><td><a href=\"mailto:victorsantos@gmail.com\">victorsantos@gmail.com<\/a><\/td><td>3080<\/td><td>O3-245&nbsp;&nbsp;&nbsp;&nbsp; (Lab.&nbsp;&nbsp;&nbsp;&nbsp; de&nbsp;&nbsp;&nbsp;&nbsp; Neurobiologia Concei\u00e7\u00e3o Machado)<\/td><\/tr><tr><td><strong><a href=\"https:\/\/sites.icb.ufmg.br\/morfologia\/portal\/vinicius-de-toledo-ribas\/\" target=\"_blank\" rel=\"noreferrer noopener\">Vin\u00edcius Ribas de Toledo<\/a><\/strong><\/td><td><a href=\"mailto:vinribas@gmail.com\">vinribas@gmail.com ribasvt@ufmg.br<\/a><\/td><td>3080<\/td><td>O3-245&nbsp;&nbsp;&nbsp;&nbsp; (Lab.&nbsp;&nbsp;&nbsp;&nbsp; de&nbsp;&nbsp;&nbsp;&nbsp; Neurobiologia Concei\u00e7\u00e3o Machado)<\/td><\/tr><tr><td><strong><a href=\"https:\/\/sites.icb.ufmg.br\/morfologia\/portal\/vivian-vasconcelos-costa\/\" target=\"_blank\" rel=\"noreferrer noopener\">Vivian Vasconcelos Costa Litwinsk<\/a><\/strong><\/td><td><a href=\"mailto:vivianvcosta@gmail.com\">vivianvcosta@gmail.com<\/a><\/td><td>3051<\/td><td>Centro&nbsp;&nbsp;&nbsp;&nbsp;&nbsp;&nbsp;&nbsp;&nbsp;&nbsp; de&nbsp;&nbsp;&nbsp;&nbsp;&nbsp;&nbsp;&nbsp;&nbsp;&nbsp; Pesquisa&nbsp;&nbsp;&nbsp;&nbsp;&nbsp;&nbsp;&nbsp;&nbsp;&nbsp; e Desenvolvimento&nbsp;&nbsp;&nbsp;&nbsp;&nbsp;&nbsp; de&nbsp;&nbsp;&nbsp;&nbsp;&nbsp;&nbsp; F\u00e1rmacos (CPDF)&nbsp; &#8211;&nbsp; Laborat\u00f3rios&nbsp; Tem\u00e1ticos&nbsp; &#8211;<br>Bloco G3<\/td><\/tr><tr><td><strong><a href=\"https:\/\/sites.icb.ufmg.br\/morfologia\/portal\/walderez-ornelas-dutra\/\" target=\"_blank\" rel=\"noreferrer noopener\">Walderez Ornelas Dutra<\/a><\/strong><\/td><td><a href=\"mailto:valdutra@icb.ufmg.br\">waldutra@icb.ufmg.br<\/a><\/td><td>3003<br>2809<\/td><td>Q2-64&nbsp;&nbsp;&nbsp;&nbsp; Biologia&nbsp;&nbsp;&nbsp;&nbsp; das&nbsp;&nbsp;&nbsp;&nbsp; intera\u00e7\u00f5es celulares<\/td><\/tr><\/tbody><\/table><\/figure>\n\n\n\n<p><\/p>\n","protected":false},"excerpt":{"rendered":"<p><span class=\"excerpt-hellip\"> [\u2026]<\/span><\/p>\n","protected":false},"author":1,"featured_media":0,"parent":0,"menu_order":0,"comment_status":"closed","ping_status":"closed","template":"","meta":{"_editorskit_title_hidden":false,"_editorskit_reading_time":0,"_editorskit_is_block_options_detached":false,"_editorskit_block_options_position":"{}","footnotes":""},"folder":[],"class_list":["post-141","page","type-page","status-publish","hentry"],"_links":{"self":[{"href":"https:\/\/sites.icb.ufmg.br\/morfologia\/portal\/wp-json\/wp\/v2\/pages\/141"}],"collection":[{"href":"https:\/\/sites.icb.ufmg.br\/morfologia\/portal\/wp-json\/wp\/v2\/pages"}],"about":[{"href":"https:\/\/sites.icb.ufmg.br\/morfologia\/portal\/wp-json\/wp\/v2\/types\/page"}],"author":[{"embeddable":true,"href":"https:\/\/sites.icb.ufmg.br\/morfologia\/portal\/wp-json\/wp\/v2\/users\/1"}],"replies":[{"embeddable":true,"href":"https:\/\/sites.icb.ufmg.br\/morfologia\/portal\/wp-json\/wp\/v2\/comments?post=141"}],"version-history":[{"count":23,"href":"https:\/\/sites.icb.ufmg.br\/morfologia\/portal\/wp-json\/wp\/v2\/pages\/141\/revisions"}],"predecessor-version":[{"id":2808,"href":"https:\/\/sites.icb.ufmg.br\/morfologia\/portal\/wp-json\/wp\/v2\/pages\/141\/revisions\/2808"}],"wp:attachment":[{"href":"https:\/\/sites.icb.ufmg.br\/morfologia\/portal\/wp-json\/wp\/v2\/media?parent=141"}],"wp:term":[{"taxonomy":"folder","embeddable":true,"href":"https:\/\/sites.icb.ufmg.br\/morfologia\/portal\/wp-json\/wp\/v2\/folder?post=141"}],"curies":[{"name":"wp","href":"https:\/\/api.w.org\/{rel}","templated":true}]}}