{"id":145,"date":"2020-06-15T12:36:39","date_gmt":"2020-06-15T15:36:39","guid":{"rendered":"http:\/\/depto.icb.ufmg.br\/dmor\/hem\/?page_id=145"},"modified":"2025-11-07T10:14:14","modified_gmt":"2025-11-07T13:14:14","slug":"tecnicos-administrativos-em-educacao","status":"publish","type":"page","link":"https:\/\/sites.icb.ufmg.br\/morfologia\/portal\/tecnicos-administrativos-em-educacao\/","title":{"rendered":"T\u00e9cnicos Administrativos em Educa\u00e7\u00e3o"},"content":{"rendered":"\n<div class=\"wp-block-columns is-layout-flex wp-container-core-columns-is-layout-1 wp-block-columns-is-layout-flex\">\n<div class=\"wp-block-column is-layout-flow wp-block-column-is-layout-flow\"><\/div>\n<\/div>\n\n\n\n<figure class=\"wp-block-table\"><table class=\"has-fixed-layout\"><thead><tr><td colspan=\"5\"><\/td><\/tr><\/thead><tbody><tr><td><strong>Nome<\/strong><\/td><td><strong>E-mail<\/strong><\/td><td><strong>Ramal<\/strong><\/td><td><strong>Sala<\/strong><\/td><td><strong>Lota\u00e7\u00e3o<\/strong><\/td><\/tr><tr><td>Carlos Henrique da Silva<\/td><td><a href=\"mailto:carloshs@icb.ufmg.br\">carloshs@icb.ufmg.br<\/a><\/td><td>2519<\/td><td>J3-252B<\/td><td>Lab. Multiusu\u00e1gio da PPG BIOCEL<\/td><\/tr><tr><td><a href=\"http:\/\/lattes.cnpq.br\/6500174430945198\" target=\"_blank\" rel=\"noreferrer noopener\">Cristina Maria Pinto de Paula<\/a><\/td><td><a href=\"mailto:cristinampp@ufmg.br\">cristinampp@ufmg.br<\/a><\/td><td>2808<\/td><td>N3-140<\/td><td>Lab. Gastrointestinal Biology<\/td><\/tr><tr><td>Francisco de Assis Pinheiro Cotrim<\/td><td><a href=\"mailto:diassis@hotmail.com\">diassis@hotmail.com<\/a><\/td><td>3033<\/td><td>N3-224<\/td><td>Lab. Biologia Oral e do Desenvolvimento<\/td><\/tr><tr><td><a href=\"http:\/\/lattes.cnpq.br\/7036363392435725\" target=\"_blank\" rel=\"noreferrer noopener\">Jana\u00edna dos Santos Bento<\/a><\/td><td><a href=\"mailto:janainasbento@icb.ufmg.br\">janainasbento@icb.ufmg.br<\/a><\/td><td>&nbsp;3003<\/td><td>Q2-064<\/td><td>Lab. das Intera\u00e7\u00f5es Celulares<\/td><\/tr><tr><td><a href=\"http:\/\/lattes.cnpq.br\/602355631753456\" target=\"_blank\" rel=\"noreferrer noopener\">Joao Carlos Franca da Silva<\/a><\/td><td><a href=\"mailto:franca@icb.ufmg.br\">franca@icb.ufmg.br<\/a> &nbsp;<\/td><td>3003<\/td><td>Q2-064<\/td><td>Lab. das Intera\u00e7\u00f5es Celulares<\/td><\/tr><tr><td><a href=\"http:\/\/lattes.cnpq.br\/7541699707744235\" target=\"_blank\" rel=\"noreferrer noopener\">Mara L\u00edvia dos Santos<\/a><\/td><td><a href=\"mailto:marasantos@icb.ufmg.br\">marasantos@icb.ufmg.br<\/a>&nbsp;<\/td><td>2780<\/td><td>N3-147<\/td><td>Lab. Biologia Celular<\/td><\/tr><tr><td><a href=\"http:\/\/lattes.cnpq.br\/3415591291933713\" target=\"_blank\" rel=\"noreferrer noopener\">Maristane Freire<\/a><\/td><td><a href=\"mailto:maristane@icb.ufmg.br\">maristane@icb.ufmg.br<\/a>&nbsp;<\/td><td>2781<\/td><td>K3-108<\/td><td>Lab. de Apoio Did\u00e1tico<\/td><\/tr><tr><td><a href=\"http:\/\/lattes.cnpq.br\/2010876706967166\" target=\"_blank\" rel=\"noreferrer noopener\">Monaliza de Ara\u00fajo Melo<\/a><\/td><td><a href=\"mailto:monalizaamc@ufmg.br\">monalizaamc@ufmg.br<\/a><\/td><td>2781<\/td><td>K3-108<\/td><td>Lab. de Apoio Did\u00e1tico<\/td><\/tr><tr><td><a href=\"http:\/\/lattes.cnpq.br\/4320233731774431\" target=\"_blank\" rel=\"noreferrer noopener\">Patr\u00edcia Pereira Dias<\/a><\/td><td><a href=\"mailto:patriciapsilva@outlook.com\">patriciapsilva@outlook.com<\/a><\/td><td>2773<\/td><td>N2-364&nbsp;<\/td><td>Lab. de Anatomia Humana<\/td><\/tr><tr><td>Pedro Vitor da Silva<\/td><td><a href=\"mailto:pedrovitor@ufmg.br\">pedrovitor@ufmg.br<\/a><\/td><td>2774<\/td><td>J3-258<\/td><td>P\u00f3s- Gradua\u00e7\u00e3o em Biologia Celular<\/td><\/tr><tr><td>Robson Paulo dos Santos<\/td><td><a href=\"mailto:rpsantos2010@ufmg.br\">rpsantos2010@ufmg.br<\/a><\/td><td>2772<\/td><td>K3-172<\/td><td>Secretaria Morfologia<\/td><\/tr><tr><td>Sidney Sot\u00e9rio<\/td><td><a href=\"mailto:sidney@icb.ufmg.br\">sidney@icb.ufmg.br<\/a><\/td><td>2773<\/td><td>N2-364<\/td><td>Sala dos T\u00e9cnicos de Necr\u00f3psia<\/td><\/tr><tr><td><a href=\"http:\/\/lattes.cnpq.br\/1824950802910344\" target=\"_blank\" rel=\"noreferrer noopener\">Thais Augusta Maia<\/a><\/td><td><a href=\"mailto:athaismaia@icb.ufmg.br\">athaismaia@icb.ufmg.br<\/a> &nbsp;<\/td><td>2780<\/td><td>N3-147<\/td><td>Lab. Biologia Celular<\/td><\/tr><tr><td>Willian Alves<\/td><td><a href=\"mailto:willdavidf@yahoo.com.br\">willdavidf@yahoo.com.br<\/a>&nbsp;<\/td><td>2773<\/td><td>N2-364<\/td><td>Sala dos T\u00e9cnicos de Necr\u00f3psia<\/td><\/tr><tr><td>Wellington de Sousa Palhares<\/td><td><a href=\"mailto:souspalhares@ufmg.br\">souspalhares@ufmg.br<\/a><\/td><td>2780<\/td><td>N3-147<\/td><td>Lab. Biologia Celular<\/td><\/tr><\/tbody><\/table><\/figure>\n","protected":false},"excerpt":{"rendered":"<p><span class=\"excerpt-hellip\"> [\u2026]<\/span><\/p>\n","protected":false},"author":1,"featured_media":0,"parent":0,"menu_order":0,"comment_status":"closed","ping_status":"closed","template":"","meta":{"_editorskit_title_hidden":false,"_editorskit_reading_time":0,"_editorskit_is_block_options_detached":false,"_editorskit_block_options_position":"{}","footnotes":""},"folder":[],"class_list":["post-145","page","type-page","status-publish","hentry"],"_links":{"self":[{"href":"https:\/\/sites.icb.ufmg.br\/morfologia\/portal\/wp-json\/wp\/v2\/pages\/145"}],"collection":[{"href":"https:\/\/sites.icb.ufmg.br\/morfologia\/portal\/wp-json\/wp\/v2\/pages"}],"about":[{"href":"https:\/\/sites.icb.ufmg.br\/morfologia\/portal\/wp-json\/wp\/v2\/types\/page"}],"author":[{"embeddable":true,"href":"https:\/\/sites.icb.ufmg.br\/morfologia\/portal\/wp-json\/wp\/v2\/users\/1"}],"replies":[{"embeddable":true,"href":"https:\/\/sites.icb.ufmg.br\/morfologia\/portal\/wp-json\/wp\/v2\/comments?post=145"}],"version-history":[{"count":9,"href":"https:\/\/sites.icb.ufmg.br\/morfologia\/portal\/wp-json\/wp\/v2\/pages\/145\/revisions"}],"predecessor-version":[{"id":2830,"href":"https:\/\/sites.icb.ufmg.br\/morfologia\/portal\/wp-json\/wp\/v2\/pages\/145\/revisions\/2830"}],"wp:attachment":[{"href":"https:\/\/sites.icb.ufmg.br\/morfologia\/portal\/wp-json\/wp\/v2\/media?parent=145"}],"wp:term":[{"taxonomy":"folder","embeddable":true,"href":"https:\/\/sites.icb.ufmg.br\/morfologia\/portal\/wp-json\/wp\/v2\/folder?post=145"}],"curies":[{"name":"wp","href":"https:\/\/api.w.org\/{rel}","templated":true}]}}