{"id":152,"date":"2020-06-15T12:51:07","date_gmt":"2020-06-15T15:51:07","guid":{"rendered":"http:\/\/depto.icb.ufmg.br\/dmor\/hem\/?page_id=152"},"modified":"2024-04-11T14:13:50","modified_gmt":"2024-04-11T17:13:50","slug":"graduacao-cursos","status":"publish","type":"page","link":"https:\/\/sites.icb.ufmg.br\/morfologia\/portal\/graduacao-cursos\/","title":{"rendered":"Programa\/Projeto de Extens\u00e3o"},"content":{"rendered":"\n<figure class=\"wp-block-image size-full is-resized\"><img fetchpriority=\"high\" decoding=\"async\" width=\"893\" height=\"98\" src=\"https:\/\/sites.icb.ufmg.br\/morfologia\/portal\/wp-content\/uploads\/2024\/04\/SIEX.png\" alt=\"\" class=\"wp-image-1690\" style=\"width:1066px;height:auto\" srcset=\"https:\/\/sites.icb.ufmg.br\/morfologia\/portal\/wp-content\/uploads\/2024\/04\/SIEX.png 893w, https:\/\/sites.icb.ufmg.br\/morfologia\/portal\/wp-content\/uploads\/2024\/04\/SIEX-300x33.png 300w, https:\/\/sites.icb.ufmg.br\/morfologia\/portal\/wp-content\/uploads\/2024\/04\/SIEX-768x84.png 768w, https:\/\/sites.icb.ufmg.br\/morfologia\/portal\/wp-content\/uploads\/2024\/04\/SIEX-200x22.png 200w, https:\/\/sites.icb.ufmg.br\/morfologia\/portal\/wp-content\/uploads\/2024\/04\/SIEX-260x29.png 260w, https:\/\/sites.icb.ufmg.br\/morfologia\/portal\/wp-content\/uploads\/2024\/04\/SIEX-50x5.png 50w, https:\/\/sites.icb.ufmg.br\/morfologia\/portal\/wp-content\/uploads\/2024\/04\/SIEX-150x16.png 150w\" sizes=\"(max-width: 893px) 100vw, 893px\" \/><\/figure>\n\n\n\n<figure class=\"wp-block-table\"><table><tbody><tr><td colspan=\"7\"><strong>DEPARTAMENTO DE MORFOLOGIA<\/strong><\/td><\/tr><tr><td><strong>Registro<\/strong><strong><\/strong><\/td><td><strong>Tipo<\/strong><strong><\/strong><\/td><td><strong>T\u00edtulo<\/strong><strong><\/strong><\/td><td><strong>Unidade<\/strong><strong><\/strong><\/td><td><strong>Departamento<\/strong><strong><\/strong><\/td><td><strong>Coordenador<\/strong><strong><\/strong><\/td><td><strong>Status<\/strong><strong><\/strong><\/td><\/tr><tr><td>404772<\/td><td>Projeto<\/td><td>Neuroci\u00eancias: descomplicando o sistema nervoso<\/td><td>Instituto de Ci\u00eancias Biol\u00f3gicas<\/td><td>Departamento de Morfologia<\/td><td>PAULA LUCIANA SCALZO<\/td><td>Atividade em desenvolvimento<\/td><\/tr><tr><td>404811<\/td><td>Projeto<\/td><td>MICROSCOPIA: um mundo que se revela<\/td><td>Instituto de Ci\u00eancias Biol\u00f3gicas<\/td><td>Departamento de Morfologia<\/td><td>CRISTINA GUATIMOSIM FONSECA<\/td><td>Atividade em desenvolvimento<\/td><\/tr><tr><td>400522<\/td><td>Projeto<\/td><td><a href=\"https:\/\/sites.icb.ufmg.br\/morfologia\/portal\/laboratorio-de-apoio-didatico-de-embriologia-lade\/\" target=\"_blank\" aria-label=\"Modelos tridimensionais de Embriologia: Uma produ\u00e7\u00e3o did\u00e1tica da UFMG como instrumento de transforma\u00e7\u00e3o e impacto na forma\u00e7\u00e3o docente e discente por todo pa\u00eds. (opens in a new tab)\" rel=\"noreferrer noopener\" class=\"ek-link\">Modelos tridimensionais de Embriologia: Uma produ\u00e7\u00e3o did\u00e1tica da UFMG como instrumento de transforma\u00e7\u00e3o e impacto na forma\u00e7\u00e3o docente e discente por todo pa\u00eds.<\/a><\/td><td>Instituto de Ci\u00eancias Biol\u00f3gicas<\/td><td>Departamento de Morfologia<\/td><td>GERLUZA APARECIDA BORGES SILVA<\/td><td>Atividade em desenvolvimento<\/td><\/tr><tr><td>403486<\/td><td>Projeto<\/td><td>Estrat\u00e9gias Pedag\u00f3gicas Voltadas Para Aprendizagem<br>Significativa: Uma interface entre ensino b\u00e1sico e ensino superior<\/td><td>Instituto de Ci\u00eancias Biol\u00f3gicas<\/td><td>Departamento de Morfologia<\/td><td>JANICE HENRIQUES DA SILVA AMARAL<\/td><td>Atividade em desenvolvimento<\/td><\/tr><tr><td>402109<\/td><td>Projeto<\/td><td>Dor Orofacial<\/td><td>Instituto de Ci\u00eancias Biol\u00f3gicas<\/td><td>Departamento de Morfologia<\/td><td>CAMILA MEGALE DE ALMEIDA LEITE<\/td><td>Atividade em desenvolvimento<\/td><\/tr><tr><td>403523<\/td><td>Projeto<\/td><td>Biologia Celular Integrativa e Interativa<\/td><td>Instituto de Ci\u00eancias Biol\u00f3gicas<\/td><td>Departamento de Morfologia<\/td><td>LUCIANA DE OLIVEIRA ANDRADE<\/td><td>Atividade em desenvolvimento<\/td><\/tr><tr><td>402356<\/td><td>Projeto<\/td><td>Interagir: Ensino b\u00e1sico\/t\u00e9cnico e UFMG para educa\u00e7\u00e3o em sa\u00fade<\/td><td>Instituto de Ci\u00eancias Biol\u00f3gicas<\/td><td>Departamento de Morfologia<\/td><td>TANIA MARA SEGATELLI<\/td><td>Atividade em desenvolvimento<\/td><\/tr><tr><td>400767<\/td><td>Projeto<\/td><td>GEMTI: A\u00e7\u00f5es Educativas Para A Promo\u00e7\u00e3o Da Sa\u00fade<\/td><td>Instituto de Ci\u00eancias Biol\u00f3gicas<\/td><td>Departamento de Morfologia<\/td><td>TANIA MARA SEGATELLI<\/td><td>Atividade em desenvolvimento<\/td><\/tr><tr><td>401536<\/td><td>Projeto<\/td><td>Abordando o corpo humano para a Promo\u00e7\u00e3o da Sa\u00fade Sexual<\/td><td>Instituto de Ci\u00eancias Biol\u00f3gicas<\/td><td>Departamento de Morfologia<\/td><td>TANIA MARA SEGATELLI<\/td><td>Atividade em desenvolvimento<\/td><\/tr><tr><td>500299<\/td><td>Programa<\/td><td>Programa NEDUCOM- N\u00facleo de educa\u00e7\u00e3o e Comunica\u00e7\u00e3o em Ci\u00eancias da Vida e da Sa\u00fade<\/td><td>Instituto de Ci\u00eancias Biol\u00f3gicas<\/td><td>Departamento de Morfologia<\/td><td>TANIA MARA SEGATELLI<\/td><td>Atividade em desenvolvimento<\/td><\/tr><tr><td>403671<\/td><td>Projeto<\/td><td><a href=\"https:\/\/sites.icb.ufmg.br\/morfologia\/portal\/mente-anatomica\/\" target=\"_blank\" aria-label=\"Mente Anat\u00f4mica (opens in a new tab)\" rel=\"noreferrer noopener\" class=\"ek-link\">Mente Anat\u00f4mica<\/a><\/td><td>Instituto de Ci\u00eancias Biol\u00f3gicas<\/td><td>Departamento de Morfologia<\/td><td>MICENA ROBERTA MIRANDA ALVES E SILVA<\/td><td>Atividade em desenvolvimento<\/td><\/tr><tr><td>401851<\/td><td>Projeto<\/td><td>PAPO &#8211; Projeto de A\u00e7\u00f5es Preventivas Odontol\u00f3gicas<\/td><td>Instituto de Ci\u00eancias Biol\u00f3gicas<\/td><td>Departamento de Morfologia<\/td><td>MICENA ROBERTA MIRANDA ALVES E SILVA<\/td><td>Atividade em desenvolvimento<\/td><\/tr><tr><td>400637<\/td><td>Projeto<\/td><td>Capacita\u00e7\u00e3o e atualiza\u00e7\u00e3o de professores de ci\u00eancias\/biologia<\/td><td>Instituto de Ci\u00eancias Biol\u00f3gicas<\/td><td>Departamento de Morfologia<\/td><td>GLEYDES GAMBOGI PARREIRA<\/td><td>Atividade em desenvolvimento<\/td><\/tr><tr><td>400638<\/td><td>Projeto<\/td><td>Cientista mirim<\/td><td>Instituto de Ci\u00eancias Biol\u00f3gicas<\/td><td>Departamento de Morfologia<\/td><td>GLEYDES GAMBOGI PARREIRA<\/td><td>Atividade em desenvolvimento<\/td><\/tr><tr><td>400641<\/td><td>Projeto<\/td><td>Pesquisa e Educa\u00e7\u00e3o Inclusiva<\/td><td>Instituto de Ci\u00eancias Biol\u00f3gicas<\/td><td>Departamento de Morfologia<\/td><td>GLEYDES GAMBOGI PARREIRA<\/td><td>Atividade em desenvolvimento<\/td><\/tr><tr><td>500071<\/td><td>Programa<\/td><td>MCM &#8211; Ci\u00eancia, Educa\u00e7\u00e3o e Promo\u00e7\u00e3o Social<\/td><td>Instituto de Ci\u00eancias Biol\u00f3gicas<\/td><td>Departamento de Morfologia<\/td><td>GLEYDES GAMBOGI PARREIRA<\/td><td>Atividade em desenvolvimento<\/td><\/tr><tr><td>404585<\/td><td>Projeto<\/td><td>Anatomicamente falando: dissecando a veterin\u00e1ria atrav\u00e9s das m\u00eddias sociais.<\/td><td>Instituto de Ci\u00eancias Biol\u00f3gicas<\/td><td>Departamento de Morfologia<\/td><td>GLEIDE FERNANDES DE AVELAR<\/td><td>Atividade em desenvolvimento<\/td><\/tr><tr><td>403798<\/td><td>Projeto<\/td><td>AnatoL\u00fadica<\/td><td>Instituto de Ci\u00eancias Biol\u00f3gicas<\/td><td>Departamento de Morfologia<\/td><td>PAULA ROCHA MOREIRA<\/td><td>Atividade em desenvolvimento<\/td><\/tr><tr><td>400640<\/td><td>Projeto<\/td><td>Leve Ci\u00eancia para a vida<\/td><td>Instituto de Ci\u00eancias Biol\u00f3gicas<\/td><td>Departamento de Morfologia<\/td><td>GLEYDES GAMBOGI PARREIRA<\/td><td>Atividade em desenvolvimento<\/td><\/tr><tr><td>400642<\/td><td>Projeto<\/td><td>Qualidade de vida n\u00e3o tem idade&nbsp; Educa\u00e7\u00e3o para o envelhecimento saud\u00e1vel e ativo<\/td><td>Instituto de Ci\u00eancias Biol\u00f3gicas<\/td><td>Departamento de Morfologia<\/td><td>GLEYDES GAMBOGI PARREIRA<\/td><td>Atividade em desenvolvimento<\/td><\/tr><tr><td>401256<\/td><td>Projeto<\/td><td>Viva Sorriso: Promo\u00e7\u00e3o de sa\u00fade<\/td><td>Instituto de Ci\u00eancias Biol\u00f3gicas<\/td><td>Departamento de Morfologia<\/td><td>CAMILA MEGALE DE ALMEIDA LEITE<\/td><td>Atividade em desenvolvimento<\/td><\/tr><tr><td>404773<\/td><td>Projeto<\/td><td>Divulga\u00e7\u00e3o cient\u00edfica e interven\u00e7\u00f5es em escolas: atividades extensionistas da LAMOF (Liga Acad\u00eamica de: Anatomia Morfofuncional aplicada \u00e0 Odontologia e Fonoaudiologia)<\/td><td>Instituto de Ci\u00eancias Biol\u00f3gicas<\/td><td>Departamento de Morfologia<\/td><td>MICENA ROBERTA MIRANDA ALVES E SILVA<\/td><td>Atividade em desenvolvimento<\/td><\/tr><tr><td>401968<\/td><td>Projeto<\/td><td>Produ\u00e7\u00e3o de Pe\u00e7as Anat\u00f4micas Aplicadas ao Estudo de Anatomia Veterin\u00e1ria<\/td><td>Instituto de Ci\u00eancias Biol\u00f3gicas<\/td><td>Departamento de Morfologia<\/td><td>GUILHERME MATTOS JARDIM COSTA<\/td><td>Atividade em desenvolvimento<\/td><\/tr><tr><td>404418<\/td><td>Projeto<\/td><td>Democratizando a Microscopia Intravital ao redor do Brasil<\/td><td>Instituto de Ci\u00eancias Biol\u00f3gicas<\/td><td>Departamento de Morfologia<\/td><td>GUSTAVO BATISTA DE MENEZES<\/td><td>Atividade em desenvolvimento<\/td><\/tr><tr><td>303514<\/td><td>Presta\u00e7\u00e3o de servi\u00e7o<\/td><td>Projeto de Manuten\u00e7\u00e3o da Cole\u00e7\u00e3o Ictiol\u00f3gica do Centro de Cole\u00e7\u00f5es taxon\u00f4micas da UFMG<\/td><td>Instituto de Ci\u00eancias Biol\u00f3gicas<\/td><td>Departamento de Morfologia<\/td><td>RAFAEL MAGNO COSTA MELO<\/td><td>Atividade em desenvolvimento<\/td><\/tr><tr><td>403915<\/td><td>Projeto<\/td><td>Anathum &#8211; Site de Anatomia Humana<\/td><td>Instituto de Ci\u00eancias Biol\u00f3gicas<\/td><td>Departamento de Morfologia<\/td><td>MICENA ROBERTA MIRANDA ALVES E SILVA<\/td><td>Atividade em desenvolvimento<\/td><\/tr><tr><td>303481<\/td><td>Presta\u00e7\u00e3o de servi\u00e7o<\/td><td>Altera\u00e7\u00f5es reprodutivas em f\u00eameas su\u00ednas<\/td><td>Instituto de Ci\u00eancias Biol\u00f3gicas<\/td><td>Departamento de Morfologia<\/td><td>FERNANDA RADICCHI CAMPOS LOBATO DE ALMEIDA<\/td><td>Atividade em desenvolvimento<\/td><\/tr><tr><td>303220<\/td><td>Presta\u00e7\u00e3o de servi\u00e7o<\/td><td>Assessoria para apoio pedag\u00f3gico e cient\u00edfico em Anatomia Humana para a gradua\u00e7\u00e3o e\/ou p\u00f3s-gradua\u00e7\u00e3o<\/td><td>Instituto de Ci\u00eancias Biol\u00f3gicas<\/td><td>Departamento de Morfologia<\/td><td>MICENA ROBERTA MIRANDA ALVES E SILVA<\/td><td>Atividade em desenvolvimento<\/td><\/tr><tr><td>400768<\/td><td>Projeto<\/td><td>A\u00e7\u00f5es institucionais e interdisciplinares no \u00e2mbito do Programa Banco de Alimentos<\/td><td>Instituto de Ci\u00eancias Biol\u00f3gicas<\/td><td>Departamento de Morfologia<\/td><td>JANICE HENRIQUES DA SILVA AMARAL<\/td><td>Atividade em desenvolvimento<\/td><\/tr><tr><td>403214<\/td><td>Projeto<\/td><td>Jovem escritor nos tempos da internet<\/td><td>Instituto de Ci\u00eancias Biol\u00f3gicas<\/td><td>Departamento de Morfologia<\/td><td>JANICE HENRIQUES DA SILVA AMARAL<\/td><td>Atividade em desenvolvimento<\/td><\/tr><tr><td>303543<\/td><td>Presta\u00e7\u00e3o de servi\u00e7o<\/td><td>Realiza\u00e7\u00e3o de ensaios celulares para a triagem de ingredientes bot\u00e2nicos para a empresa Natcrom Solu\u00e7\u00f5es Sustent\u00e1veis Ltda<\/td><td>Instituto de Ci\u00eancias Biol\u00f3gicas<\/td><td>Departamento de Morfologia<\/td><td>ARISTOBOLO MENDES DA SILVA<\/td><td>Atividade em desenvolvimento<\/td><\/tr><tr><td>303553<\/td><td>Presta\u00e7\u00e3o de servi\u00e7o<\/td><td>Consultoria em Dor Orofacial e Disfun\u00e7\u00e3o Temporomandibular<\/td><td>Instituto de Ci\u00eancias Biol\u00f3gicas<\/td><td>Departamento de Morfologia<\/td><td>CAMILA MEGALE DE ALMEIDA LEITE<\/td><td>Atividade em desenvolvimento<\/td><\/tr><\/tbody><\/table><\/figure>\n\n\n\n<p><\/p>\n\n\n\n<p><br><\/p>\n","protected":false},"excerpt":{"rendered":"<p><span class=\"excerpt-hellip\"> [\u2026]<\/span><\/p>\n","protected":false},"author":1,"featured_media":0,"parent":0,"menu_order":0,"comment_status":"closed","ping_status":"closed","template":"","meta":{"_editorskit_title_hidden":false,"_editorskit_reading_time":0,"_editorskit_is_block_options_detached":false,"_editorskit_block_options_position":"{}","footnotes":""},"folder":[],"class_list":["post-152","page","type-page","status-publish","hentry"],"_links":{"self":[{"href":"https:\/\/sites.icb.ufmg.br\/morfologia\/portal\/wp-json\/wp\/v2\/pages\/152"}],"collection":[{"href":"https:\/\/sites.icb.ufmg.br\/morfologia\/portal\/wp-json\/wp\/v2\/pages"}],"about":[{"href":"https:\/\/sites.icb.ufmg.br\/morfologia\/portal\/wp-json\/wp\/v2\/types\/page"}],"author":[{"embeddable":true,"href":"https:\/\/sites.icb.ufmg.br\/morfologia\/portal\/wp-json\/wp\/v2\/users\/1"}],"replies":[{"embeddable":true,"href":"https:\/\/sites.icb.ufmg.br\/morfologia\/portal\/wp-json\/wp\/v2\/comments?post=152"}],"version-history":[{"count":33,"href":"https:\/\/sites.icb.ufmg.br\/morfologia\/portal\/wp-json\/wp\/v2\/pages\/152\/revisions"}],"predecessor-version":[{"id":1692,"href":"https:\/\/sites.icb.ufmg.br\/morfologia\/portal\/wp-json\/wp\/v2\/pages\/152\/revisions\/1692"}],"wp:attachment":[{"href":"https:\/\/sites.icb.ufmg.br\/morfologia\/portal\/wp-json\/wp\/v2\/media?parent=152"}],"wp:term":[{"taxonomy":"folder","embeddable":true,"href":"https:\/\/sites.icb.ufmg.br\/morfologia\/portal\/wp-json\/wp\/v2\/folder?post=152"}],"curies":[{"name":"wp","href":"https:\/\/api.w.org\/{rel}","templated":true}]}}