{"id":156,"date":"2020-06-15T13:00:17","date_gmt":"2020-06-15T16:00:17","guid":{"rendered":"http:\/\/depto.icb.ufmg.br\/dmor\/hem\/?page_id=156"},"modified":"2024-02-21T11:46:03","modified_gmt":"2024-02-21T14:46:03","slug":"laboratorios","status":"publish","type":"page","link":"https:\/\/sites.icb.ufmg.br\/morfologia\/portal\/laboratorios\/","title":{"rendered":"Laborat\u00f3rios"},"content":{"rendered":"\n<p><\/p>\n\n\n\n<figure class=\"wp-block-table\"><table><tbody><tr><td colspan=\"4\"><strong>DEPARTAMENTO DE MORFOLOGIA (MOR<\/strong>)<br><strong>LAB. DE NEUROBIOLOGIA \u201cPROFA. CONCEI\u00c7\u00c3O MACHADO\u201d<\/strong><\/td><\/tr><tr><td><strong>Professor<\/strong><\/td><td><strong>Laborat\u00f3rio<\/strong><\/td><td><strong>Localiza\u00e7\u00e3o<\/strong><\/td><td><strong>Ramal<\/strong><\/td><\/tr><tr><td>Paula Luciana Scalzo<\/td><td>Lab. de Neurobiologia \u201cProfa. Concei\u00e7\u00e3o Machado\u201d<\/td><td>O3- 245<\/td><td>2799<\/td><\/tr><tr><td>Victor Rodrigues Santos<\/td><td>Lab. de Neurobiologia \u201cProfa. Concei\u00e7\u00e3o Machado\u201d<\/td><td>O3- 245<\/td><td>3080<\/td><\/tr><tr><td>Vinicius de Toledo Ribas<\/td><td>Lab. de Neurobiologia \u201cProfa. Concei\u00e7\u00e3o Machado\u201d<\/td><td>O3- 245<\/td><td>3080<\/td><\/tr><tr><td>Aline Silva de Miranda<\/td><td>Lab. de Neurobiologia \u201cProfa. Concei\u00e7\u00e3o Machado\u201d<\/td><td>O3- 245<\/td><td>6788<\/td><\/tr><tr><td>Camila Megale de Almeida Leite<\/td><td>Lab. de Neurobiologia \u201cProfa. Concei\u00e7\u00e3o Machado\u201d<\/td><td>O3- 245<\/td><td>3028<\/td><\/tr><tr><td>Jo\u00e3o Vin\u00edcius Salgado<\/td><td>Lab. de Neurobiologia \u201cProfa. Concei\u00e7\u00e3o Machado\u201d<\/td><td>O3- 245<\/td><td>2799<\/td><\/tr><tr><td colspan=\"4\"><strong>DEPARTAMENTO DE MORFOLOGIA (MOR)<br><\/strong><strong>LAB. BIOLOGIA ORAL E DO DESENVOLVIMENTO<\/strong><\/td><\/tr><tr><td><strong>Professor<\/strong><\/td><td><strong>Laborat\u00f3rio<\/strong><\/td><td><strong>Localiza\u00e7\u00e3o<\/strong><\/td><td><strong>Ramal<\/strong><\/td><\/tr><tr><td>Erika Cristina Jorge<\/td><td>Lab. Biologia Oral e do Desenvolvimento<\/td><td>N3-224<\/td><td>3019\/3033<\/td><\/tr><tr><td>Gerluza Aparecida Borges Silva<\/td><td>Lab. Biologia Oral e do Desenvolvimento<\/td><td>N3-224<\/td><td>2803\/3033<\/td><\/tr><tr><td colspan=\"4\"><strong><a href=\"https:\/\/sites.icb.ufmg.br\/morfologia\/portal\/laboratorio-de-apoio-didatico-de-embriologia-lade\/\" target=\"_blank\" aria-label=\"DEPARTAMENTO DE MORFOLOGIA (MOR)\nLAB. DE APOIO DID\u00c1TICO DE EMBRIOLOGIA (LADE) (opens in a new tab)\" rel=\"noreferrer noopener\" class=\"ek-link\">DEPARTAMENTO DE MORFOLOGIA (MOR)<br>LAB. DE APOIO DID\u00c1TICO DE EMBRIOLOGIA (LADE)<\/a><\/strong><\/td><\/tr><tr><td><strong>Professor<\/strong><\/td><td><strong>Laborat\u00f3rio<\/strong><\/td><td><strong>Localiza\u00e7\u00e3o<\/strong><\/td><td><strong>Ramal<\/strong><\/td><\/tr><tr><td>Gerluza Aparecida Borges Silva<\/td><td>Laborat\u00f3rio de Apoio Did\u00e1tico de Embriologia (LADE)<\/td><td>N3-224<\/td><td>2803\/3033<\/td><\/tr><tr><td colspan=\"4\"><strong>DEPARTAMENTO DE MORFOLOGIA (MOR)<br><\/strong><strong>LAB. ESTUDO DA INTERA\u00c7\u00c3O QU\u00cdMICO-BIOL\u00d3GICA E DA REPRODU\u00c7\u00c3O ANIMAL<\/strong><strong><\/strong><\/td><\/tr><tr><td><strong>Professor<\/strong><\/td><td><strong>Laborat\u00f3rio<\/strong><\/td><td><strong>Localiza\u00e7\u00e3o<\/strong><\/td><td><strong>Ramal<\/strong><\/td><\/tr><tr><td>Jos\u00e9 Dias Corr\u00eaa J\u00fanior<\/td><td>Lab. Estudo da Intera\u00e7\u00e3o Qu\u00edmico-Biol\u00f3gica e da Reprodu\u00e7\u00e3o Animal<\/td><td>O3-174<\/td><td>2792\/2997<\/td><\/tr><tr><td colspan=\"4\"><strong>DEPARTAMENTO DE MORFOLOGIA (MOR)<br><\/strong><strong>CENTER FOR GASTROINTESTINAL BIOLOGY<\/strong><strong><\/strong><\/td><\/tr><tr><td><strong>Professor<\/strong><\/td><td><strong>Laborat\u00f3rio<\/strong><\/td><td><strong>Localiza\u00e7\u00e3o<\/strong><\/td><td><\/td><\/tr><tr><td>Denise Carmona Cara Machado<\/td><td>Center for Gastrointestinal Biology<\/td><td>N3- 140<\/td><td><\/td><\/tr><tr><td>Gustavo Batista de Menezes<\/td><td>Center for Gastrointestinal Biology<\/td><td>N3- 140<\/td><td><\/td><\/tr><tr><td><strong>T\u00e9cnico<\/strong><\/td><td><strong>Laborat\u00f3rio<\/strong><\/td><td><strong>Localiza\u00e7\u00e3o<\/strong><\/td><td><\/td><\/tr><tr><td>Cristina Maria Pinto de Paula<\/td><td>Center for Gastrointestinal Biology<\/td><td>N3- 140<\/td><td><\/td><\/tr><tr><td colspan=\"4\"><strong>DEPARTAMENTO DE MORFOLOGIA (MOR)<br><\/strong><strong>LAB DE RESOLU\u00c7\u00c3O DA RESPOSTA INFLAMAT\u00d3RIA<\/strong><strong><\/strong><\/td><\/tr><tr><td><strong>Professor<\/strong><\/td><td><strong>Laborat\u00f3rio<\/strong><\/td><td><strong>Localiza\u00e7\u00e3o<\/strong><\/td><td><strong>Ramal<\/strong><\/td><\/tr><tr><td>Vanessa Pinho da Silva<\/td><td>Lab de Resolu\u00e7\u00e3o da Resposta<br>Inflamat\u00f3ria<\/td><td>G3-101<\/td><td>2996\/3082<\/td><\/tr><tr><td>V\u00edvian Vasconcelos Costa Litwinski<\/td><td>Lab de Resolu\u00e7\u00e3o da Resposta<br>Inflamat\u00f3ria<\/td><td>G3-101<\/td><td>3082<\/td><\/tr><tr><td colspan=\"4\"><strong>DEPARTAMENTO DE MORFOLOGIA (MOR)<br><\/strong><strong>LAB. DE MULTIUSU\u00c1RIOS DO PPG<\/strong><strong><\/strong><\/td><\/tr><tr><td><strong>T\u00e9cnico<\/strong><\/td><td><strong>Laborat\u00f3rio<\/strong><\/td><td><strong>Localiza\u00e7\u00e3o<\/strong><\/td><td><strong>Ramal<\/strong><\/td><\/tr><tr><td>Carlos Henrique da Silva<\/td><td>Lab. de Multiusu\u00e1rios do PPG<\/td><td>J3-256<\/td><td>2519<\/td><\/tr><tr><td colspan=\"4\"><strong>DEPARTAMENTO DE MORFOLOGIA (MOR)<br><\/strong><strong>LAB. ANATOMIA HUMANA \/ VETERIN\u00c1RIA<\/strong><strong><\/strong><\/td><\/tr><tr><td><strong>T\u00e9cnico<\/strong><\/td><td><strong>Laborat\u00f3rio<\/strong><\/td><td><strong>Localiza\u00e7\u00e3o<\/strong><\/td><td><strong>Ramal<\/strong><\/td><\/tr><tr><td>Sidney Sot\u00e9rio<\/td><td>Lab. Anatomia Humana<\/td><td>N2-360<\/td><td>2773<\/td><\/tr><tr><td>Willian Alves<\/td><td>Lab. Anatomia Veterin\u00e1ria<\/td><td>N2-360<\/td><td>2773<\/td><\/tr><tr><td>Patr\u00edcia Pereira Dias<\/td><td>Lab. Anatomia Humana<\/td><td>N2-360<\/td><td>2773<\/td><\/tr><tr><td colspan=\"4\"><strong>DEPARTAMENTO DE MORFOLOGIA (MOR)<br><\/strong><strong>LAB. BIOLOGIA CELULAR<\/strong><strong><\/strong><\/td><\/tr><tr><td><strong>Professor<\/strong><\/td><td><strong>Laborat\u00f3rio<\/strong><\/td><td><strong>Localiza\u00e7\u00e3o<\/strong><\/td><td><strong>Ramal<\/strong><\/td><\/tr><tr><td>Gleide Fernandes de Avelar<\/td><td>Lab. Biologia Celular<\/td><td>N3-147<\/td><td>2775\/2780<\/td><\/tr><tr><td>Guilherme Mattos Jardim Costa<\/td><td>Lab. Biologia Celular<\/td><td>N3-147<\/td><td>2779\/2780<\/td><\/tr><tr><td>Samyra Maria S. Nassif Lacerda<\/td><td>Lab. Biologia Celular<\/td><td>N3-147<\/td><td>2780<\/td><\/tr><tr><td><strong>T\u00e9cnico<\/strong><\/td><td><strong>Laborat\u00f3rio<\/strong><\/td><td><strong>Localiza\u00e7\u00e3o<\/strong><\/td><td><strong>Ramal<\/strong><\/td><\/tr><tr><td>Mara L\u00edvia dos Santos<\/td><td>Lab. Biologia Celular<\/td><td>N3-147<\/td><td>2780<\/td><\/tr><tr><td>Francisco de Assis<strong><\/strong><\/td><td>Lab. Biologia Celular<\/td><td>N3-147<\/td><td>2780<\/td><\/tr><tr><td>Wellington de Sousa Palhares &nbsp;<\/td><td>Lab. Biologia Celular<\/td><td>N3-147<\/td><td>2780<\/td><\/tr><tr><td>Tha\u00eds Augusta Maia &nbsp;<\/td><td>Lab. Biologia Celular<\/td><td>N3-147<\/td><td>2780<\/td><\/tr><tr><td colspan=\"4\"><strong>DEPARTAMENTO DE MORFOLOGIA (MOR)<br><\/strong><strong>LAB. BIOLOGIA CELULAR E MOLECULAR &#8211; LBCM<\/strong><strong><\/strong><\/td><\/tr><tr><td><strong>Professor<\/strong><\/td><td><strong>Laborat\u00f3rio<\/strong><\/td><td><strong>Localiza\u00e7\u00e3o<\/strong><\/td><td><strong>Ramal<\/strong><\/td><\/tr><tr><td>Luciana de Oliveira<br>Andrade<\/td><td>Lab. Biologia Celular e Molecular &#8211; LBCM<\/td><td>H2-210<\/td><td>2815\/2791<\/td><\/tr><tr><td colspan=\"4\"><strong>DEPARTAMENTO DE MORFOLOGIA (MOR)<br><\/strong><strong>LAB. BIOLOGIA DA NEUROTRANSMISS\u00c3O<\/strong><strong><\/strong><\/td><\/tr><tr><td><strong>Professor<\/strong><\/td><td><strong>Laborat\u00f3rio<\/strong><\/td><td><strong>Localiza\u00e7\u00e3o<\/strong><\/td><td><strong>Ramal<\/strong><\/td><\/tr><tr><td>Cristina Guatimosim Fonseca<\/td><td>Lab. Biologia da Neurotransmiss\u00e3o<\/td><td>H2- 210<\/td><td>2524<\/td><\/tr><tr><td colspan=\"4\"><strong><a href=\"https:\/\/sites.icb.ufmg.br\/morfologia\/portal\/laboratorio-de-biologia-da-reproducao-labre-2\/\" target=\"_blank\" aria-label=\"DEPARTAMENTO DE MORFOLOGIA (MOR)\nLAB. BIOLOGIA DA REPRODU\u00c7\u00c3O - LABRE (opens in a new tab)\" rel=\"noreferrer noopener\" class=\"ek-link\">DEPARTAMENTO DE MORFOLOGIA (MOR)<br>LAB. BIOLOGIA DA REPRODU\u00c7\u00c3O &#8211; LABRE<\/a><\/strong><\/td><\/tr><tr><td><strong>Professor<\/strong><\/td><td><strong>Laborat\u00f3rio<\/strong><\/td><td><strong>Localiza\u00e7\u00e3o<\/strong><\/td><td><strong>Ramal<\/strong><\/td><\/tr><tr><td>Cleida Aparecida de Oliveira<\/td><td>Lab. Biologia da Reprodu\u00e7\u00e3o &#8211; LABRE<\/td><td>O3- 175<\/td><td>2795\/2804<\/td><\/tr><tr><td colspan=\"4\"><strong><a href=\"https:\/\/labicufmg.wixsite.com\/labic\" target=\"_blank\" aria-label=\"DEPARTAMENTO DE MORFOLOGIA (MOR)\nLAB. BIOLOGIA DAS INTERA\u00c7\u00d5ES CELULARES (opens in a new tab)\" rel=\"noreferrer noopener\" class=\"ek-link\">DEPARTAMENTO DE MORFOLOGIA (MOR)<br>LAB. BIOLOGIA DAS INTERA\u00c7\u00d5ES CELULARES<\/a><\/strong><\/td><\/tr><tr><td><strong>Professor<\/strong><\/td><td><strong>Laborat\u00f3rio<\/strong><\/td><td><strong>Localiza\u00e7\u00e3o<\/strong><\/td><td><strong>Ramal<\/strong><\/td><\/tr><tr><td>Micena Roberta MirandaAlves e Silva<\/td><td>Lab. Biologia das Intera\u00e7\u00f5es Celulares<\/td><td>Q2-064<\/td><td>3005<\/td><\/tr><tr><td>Paula Rocha Moreira<\/td><td>Lab. Biologia das Intera\u00e7\u00f5es Celulares<\/td><td>Q2-064<\/td><td>3004<\/td><\/tr><tr><td>Rodolfo CordeiroGiunchetti<\/td><td>Lab. Biologia das Intera\u00e7\u00f5es Celulares<\/td><td>Q2-064<\/td><td>3041<\/td><\/tr><tr><td>Walderez Ornelas Dutra<\/td><td>Lab. Biologia das Intera\u00e7\u00f5es Celulares<\/td><td>Q2-064<\/td><td>2809<\/td><\/tr><tr><td>Juliana de Assis SilvaGomes Estanislau<\/td><td>Lab. Biologia das Intera\u00e7\u00f5es Celulares<\/td><td>Q2-064<\/td><td>3006<\/td><\/tr><tr><td colspan=\"4\"><strong>DEPARTAMENTO DE MORFOLOGIA (MOR)<br><\/strong><strong>LAB. BIOLOGIA DO SISTEMA LINF\u00d3IDE E DA REGENERA\u00c7\u00c3O<\/strong><strong><\/strong><\/td><\/tr><tr><td><strong>Professor<\/strong><\/td><td><strong>Laborat\u00f3rio<\/strong><\/td><td><strong>Localiza\u00e7\u00e3o<\/strong><\/td><td><strong>Ramal<\/strong><\/td><\/tr><tr><td>Cl\u00e1udia Rocha Carvalho<\/td><td>Lab. Biologia do Sistema Linf\u00f3ide e da Regenera\u00e7\u00e3o<\/td><td>N3- 258<\/td><td>2797<\/td><\/tr><tr><td>Val\u00e9ria Ruiz de Souza<\/td><td>Lab. Biologia do Sistema Linf\u00f3ide e da Regenera\u00e7\u00e3o<\/td><td>N3- 258<\/td><td>2793<\/td><\/tr><tr><td colspan=\"4\"><strong><a href=\"https:\/\/labs.icb.ufmg.br\/laber\/\" target=\"_blank\" aria-label=\"DEPARTAMENTO DE MORFOLOGIA (MOR)\nLAB. BIOLOGIA ESTRUTURAL E REPRODU\u00c7\u00c3O - LABER (opens in a new tab)\" rel=\"noreferrer noopener\" class=\"ek-link\">DEPARTAMENTO DE MORFOLOGIA (MOR)<br>LAB. BIOLOGIA ESTRUTURAL E REPRODU\u00c7\u00c3O &#8211; LABER<\/a><\/strong><\/td><\/tr><tr><td><strong>Professor<\/strong><\/td><td><strong>Laborat\u00f3rio<\/strong><\/td><td><strong>Localiza\u00e7\u00e3o<\/strong><\/td><td><strong>Ramal<\/strong><\/td><\/tr><tr><td>Fernanda Radicchi<br>Campos Lobato de Almeida<\/td><td>Lab. Biologia Estrutural e Reprodu\u00e7\u00e3o &#8211; LABER<\/td><td>O3- 165<\/td><td>2992\/2994<\/td><\/tr><tr><td colspan=\"4\"><strong>DEPARTAMENTO DE MORFOLOGIA (MOR)<br><\/strong><strong>LAB. DE BIOLOGIA CARD\u00cdACA<\/strong><strong><\/strong><\/td><\/tr><tr><td><strong>Professor<\/strong><\/td><td><strong>Laborat\u00f3rio<\/strong><\/td><td><strong>Localiza\u00e7\u00e3o<\/strong><\/td><td><strong>Ramal<\/strong><\/td><\/tr><tr><td>Giselle Foureaux Heida<\/td><td>Lab. de Biologia Card\u00edaca<\/td><td>N3-302<\/td><td>3069\/3020<\/td><\/tr><tr><td>Marcos Augusto de S\u00e1<\/td><td>Lab. de Biologia Card\u00edaca<\/td><td>N3-302<\/td><td>3068\/3020<\/td><\/tr><tr><td>Lucas Miranda Kangussu<\/td><td>Lab. de Biologia Card\u00edaca<\/td><td>N3-302<\/td><td>3068\/3020<\/td><\/tr><tr><td colspan=\"4\"><strong><a href=\"https:\/\/ufmgneurolab.wordpress.com\/\" target=\"_blank\" aria-label=\"DEPARTAMENTO DE MORFOLOGIA (MOR)\nLAB. DE NEUROBIOLOGIA \u201cPROFA. CONCEI\u00c7\u00c3O MACHADO (opens in a new tab)\" rel=\"noreferrer noopener\" class=\"ek-link\">DEPARTAMENTO DE MORFOLOGIA (MOR)<br>LAB. DE NEUROBIOLOGIA \u201cPROFA. CONCEI\u00c7\u00c3O MACHADO<\/a><\/strong><\/td><\/tr><tr><td><strong>Professor<\/strong><\/td><td><strong>Laborat\u00f3rio<\/strong><\/td><td><strong>Localiza\u00e7\u00e3o<\/strong><\/td><td><strong>Ramal<\/strong><\/td><\/tr><tr><td>Paula Luciana Scalzo<\/td><td>Lab. de Neurobiologia \u201cProfa. Concei\u00e7\u00e3o Machado\u201d<\/td><td>O3- 245<\/td><td>2799<\/td><\/tr><tr><td>Victor Rodrigues Santos<\/td><td>Lab. de Neurobiologia \u201cProfa. Concei\u00e7\u00e3o Machado\u201d<\/td><td>O3- 245<\/td><td>3080<\/td><\/tr><tr><td>Vinicius de Toledo Ribas<\/td><td>Lab. de Neurobiologia \u201cProfa. Concei\u00e7\u00e3o Machado\u201d<\/td><td>O3- 245<\/td><td>3080<\/td><\/tr><tr><td>Aline Silva de Miranda<\/td><td>Lab. de Neurobiologia \u201cProfa. Concei\u00e7\u00e3o Machado\u201d<\/td><td>O3- 245<\/td><td>6788<\/td><\/tr><tr><td>Camila Megale de Almeida Leite<\/td><td>Lab. de Neurobiologia \u201cProfa. Concei\u00e7\u00e3o Machado\u201d<\/td><td>O3- 245<\/td><td>3028<\/td><\/tr><tr><td>Jo\u00e3o Vin\u00edcius Salgado<\/td><td>Lab. de Neurobiologia \u201cProfa. Concei\u00e7\u00e3o Machado\u201d<\/td><td>O3- 245<\/td><td>2799<\/td><\/tr><tr><td colspan=\"4\"><strong>DEPARTAMENTO DE MORFOLOGIA (MOR)<br><\/strong><strong>LAB. GENES INFLAMAT\u00d3RIOS<\/strong><strong><\/strong><\/td><\/tr><tr><td><strong>Professor<\/strong><\/td><td><strong>Laborat\u00f3rio<\/strong><\/td><td><strong>Localiza\u00e7\u00e3o<\/strong><\/td><td><strong>Ramal<\/strong><\/td><\/tr><tr><td>Arist\u00f3bolo Mendes da Silva<\/td><td>Lab. Genes Inflamat\u00f3rios<\/td><td>H2- 210<\/td><td>2802<\/td><\/tr><tr><td colspan=\"4\"><strong>DEPARTAMENTO DE MORFOLOGIA (MOR)<br><\/strong><strong>LAB. ICTIOHISTOLOGIA<\/strong><strong><\/strong><\/td><\/tr><tr><td><strong>Professor<\/strong><\/td><td><strong>Laborat\u00f3rio<\/strong><\/td><td><strong>Localiza\u00e7\u00e3o<\/strong><\/td><td><strong>Ramal<\/strong><\/td><\/tr><tr><td>Elizete Rizzo<\/td><td>Lab. Ictiohistologia<\/td><td>O3-164<\/td><td>2819<\/td><\/tr><tr><td>Rafael Magno Costa Melo<\/td><td>Lab. Ictiohistologia<\/td><td>O3-164<\/td><td>2785<\/td><\/tr><tr><td colspan=\"4\"><strong>DEPARTAMENTO DE MORFOLOGIA (MOR)<br><\/strong><strong>LAB. PATOG\u00caNESE MOLECULAR<\/strong><strong><\/strong><\/td><\/tr><tr><td><strong>Professor<\/strong><\/td><td><strong>Laborat\u00f3rio<\/strong><\/td><td><strong>Localiza\u00e7\u00e3o<\/strong><\/td><td><strong>Ramal<\/strong><\/td><\/tr><tr><td>Annamaria Ravara Vago<\/td><td>Lab. Patog\u00eanese Molecular<\/td><td>N3- 292<\/td><td>2783<\/td><\/tr><tr><td>Enrrico Bloise<\/td><td>Lab. Patog\u00eanese Molecular<\/td><td>N3- 292<\/td><td>2783<\/td><\/tr><tr><td colspan=\"4\"><strong><a href=\"https:\/\/sites.google.com\/view\/ladmorfologiaufmg\/p%C3%A1gina-inicial\/\" target=\"_blank\" aria-label=\"DEPARTAMENTO DE MORFOLOGIA (MOR)\nLABORAT\u00d3RIO DE APOIO DID\u00c1TICO (LAD) (opens in a new tab)\" rel=\"noreferrer noopener\" class=\"ek-link\">DEPARTAMENTO DE MORFOLOGIA (MOR)<br>LABORAT\u00d3RIO DE APOIO DID\u00c1TICO (LAD)<\/a><\/strong><\/td><\/tr><tr><td><strong>T\u00e9cnico<\/strong><\/td><td><strong>Laborat\u00f3rio<\/strong><\/td><td><strong>Localiza\u00e7\u00e3o<\/strong><\/td><td><strong>Ramal<\/strong><\/td><\/tr><tr><td>Maristane Freire Jardim de Paula<\/td><td>Laborat\u00f3rio de Apoio Did\u00e1tico (LAD)<\/td><td>K3-108<\/td><td>2781<\/td><\/tr><tr><td>Monaliza de Ara\u00fajo Melo<\/td><td>Laborat\u00f3rio de Apoio Did\u00e1tico (LAD)<\/td><td>K3-108<\/td><td>2781<\/td><\/tr><tr><td colspan=\"4\"><strong><a href=\"https:\/\/www.ufmg.br\/rededemuseus\/mcm\/\" target=\"_blank\" aria-label=\"DEPARTAMENTO DE MORFOLOGIA (MOR)\nMUSEU DE CI\u00caNCIAS MORFOL\u00d3GICAS (opens in a new tab)\" rel=\"noreferrer noopener\" class=\"ek-link\">DEPARTAMENTO DE MORFOLOGIA (MOR)<br>MUSEU DE CI\u00caNCIAS MORFOL\u00d3GICAS<\/a><\/strong><\/td><\/tr><tr><td><strong>Professor<\/strong><\/td><td><strong>Laborat\u00f3rio<\/strong><\/td><td><strong>Localiza\u00e7\u00e3o<\/strong><\/td><td><strong>Ramal<\/strong><\/td><\/tr><tr><td>Gleydes Gambogi Parreira<\/td><td>Museu de Ci\u00eancias Morfol\u00f3gicas<\/td><td>N2-064<\/td><td>2817\/2822<\/td><\/tr><tr><td><strong>T\u00e9cnico<\/strong><\/td><td><strong>Laborat\u00f3rio<\/strong><\/td><td><strong>Localiza\u00e7\u00e3o<\/strong><\/td><td><strong>Ramal<\/strong><\/td><\/tr><tr><td colspan=\"4\"><strong><a href=\"https:\/\/sites.icb.ufmg.br\/neducom\/\" target=\"_blank\" aria-label=\"DEPARTAMENTO DE MORFOLOGIA (MOR)\nN\u00daCLEO DE EDUCA\u00c7\u00c3O E COMUNICA\u00c7\u00c3O EM CI\u00caNCIAS DA VIDA (NEDUCOM)  (opens in a new tab)\" rel=\"noreferrer noopener\" class=\"ek-link\">DEPARTAMENTO DE MORFOLOGIA (MOR)<br>N\u00daCLEO DE EDUCA\u00c7\u00c3O E COMUNICA\u00c7\u00c3O EM CI\u00caNCIAS DA VIDA (NEDUCOM) <\/a><\/strong><\/td><\/tr><tr><td><strong>Professor<\/strong><\/td><td><strong>Laborat\u00f3rio<\/strong><\/td><td><strong>Localiza\u00e7\u00e3o<\/strong><\/td><td><strong>Ramal<\/strong><\/td><\/tr><tr><td>D\u00e9bora d\u2019\u00c1vila Reis<\/td><td>N\u00facleo de Educa\u00e7\u00e3o e Comunica\u00e7\u00e3o em Ci\u00eancias da Vida (NEDUCOM)<\/td><td>G2- 005<\/td><td>2820\/2813<\/td><\/tr><tr><td>Janice Henriques da Silva<\/td><td>N\u00facleo de Educa\u00e7\u00e3o e Comunica\u00e7\u00e3o em Ci\u00eancias da Vida (NEDUCOM)<\/td><td>G2- 005<\/td><td>2813<\/td><\/tr><tr><td>T\u00e2nia Mara Segatelli<\/td><td>N\u00facleo de Educa\u00e7\u00e3o e Comunica\u00e7\u00e3o em Ci\u00eancias da Vida (NEDUCOM)<\/td><td>G2- 005<\/td><td>2993<\/td><\/tr><\/tbody><\/table><\/figure>\n","protected":false},"excerpt":{"rendered":"<p><span class=\"excerpt-hellip\"> [\u2026]<\/span><\/p>\n","protected":false},"author":1,"featured_media":0,"parent":0,"menu_order":0,"comment_status":"closed","ping_status":"closed","template":"","meta":{"_editorskit_title_hidden":false,"_editorskit_reading_time":0,"_editorskit_is_block_options_detached":false,"_editorskit_block_options_position":"{}","footnotes":""},"folder":[],"class_list":["post-156","page","type-page","status-publish","hentry"],"_links":{"self":[{"href":"https:\/\/sites.icb.ufmg.br\/morfologia\/portal\/wp-json\/wp\/v2\/pages\/156"}],"collection":[{"href":"https:\/\/sites.icb.ufmg.br\/morfologia\/portal\/wp-json\/wp\/v2\/pages"}],"about":[{"href":"https:\/\/sites.icb.ufmg.br\/morfologia\/portal\/wp-json\/wp\/v2\/types\/page"}],"author":[{"embeddable":true,"href":"https:\/\/sites.icb.ufmg.br\/morfologia\/portal\/wp-json\/wp\/v2\/users\/1"}],"replies":[{"embeddable":true,"href":"https:\/\/sites.icb.ufmg.br\/morfologia\/portal\/wp-json\/wp\/v2\/comments?post=156"}],"version-history":[{"count":10,"href":"https:\/\/sites.icb.ufmg.br\/morfologia\/portal\/wp-json\/wp\/v2\/pages\/156\/revisions"}],"predecessor-version":[{"id":1543,"href":"https:\/\/sites.icb.ufmg.br\/morfologia\/portal\/wp-json\/wp\/v2\/pages\/156\/revisions\/1543"}],"wp:attachment":[{"href":"https:\/\/sites.icb.ufmg.br\/morfologia\/portal\/wp-json\/wp\/v2\/media?parent=156"}],"wp:term":[{"taxonomy":"folder","embeddable":true,"href":"https:\/\/sites.icb.ufmg.br\/morfologia\/portal\/wp-json\/wp\/v2\/folder?post=156"}],"curies":[{"name":"wp","href":"https:\/\/api.w.org\/{rel}","templated":true}]}}