{"id":901,"date":"2023-08-10T12:41:19","date_gmt":"2023-08-10T15:41:19","guid":{"rendered":"https:\/\/sites.icb.ufmg.br\/morfologia\/portal\/?page_id=901"},"modified":"2023-08-28T16:27:31","modified_gmt":"2023-08-28T19:27:31","slug":"atlas-e-micrografias","status":"publish","type":"page","link":"https:\/\/sites.icb.ufmg.br\/morfologia\/portal\/atlas-e-micrografias\/","title":{"rendered":"Micrografias"},"content":{"rendered":"\n<p><\/p>\n\n\n\n<p><\/p>\n\n\n\n<p>                                                                  <\/p>\n\n\n\n<p><\/p>\n\n\n\n<figure class=\"wp-block-table\"><table><tbody><tr><td>&nbsp;<\/td><td class=\"has-text-align-left\" data-align=\"left\">&nbsp;&nbsp;&nbsp;&nbsp;&nbsp;&nbsp;&nbsp;&nbsp;&nbsp;&nbsp;&nbsp;&nbsp;&nbsp;&nbsp;&nbsp;&nbsp;&nbsp;&nbsp;&nbsp;&nbsp;&nbsp;&nbsp;&nbsp;&nbsp;&nbsp;&nbsp;&nbsp;&nbsp;&nbsp;&nbsp;&nbsp;&nbsp;&nbsp;&nbsp;&nbsp;&nbsp;&nbsp;&nbsp;&nbsp;&nbsp;&nbsp;&nbsp;&nbsp;&nbsp;&nbsp;&nbsp;&nbsp;&nbsp;&nbsp;&nbsp;&nbsp;&nbsp;&nbsp;&nbsp;&nbsp;&nbsp;&nbsp;&nbsp;&nbsp;&nbsp;&nbsp;&nbsp;&nbsp;&nbsp; Aulas de Micrografias<\/td><\/tr><tr><td>01<\/td><td class=\"has-text-align-left\" data-align=\"left\"><a href=\"https:\/\/sites.icb.ufmg.br\/morfologia\/portal\/principios-basicos-de-funcionamento-do-microscopio-optico-e-eletronico\/\" data-type=\"link\" data-id=\"https:\/\/sites.icb.ufmg.br\/morfologia\/portal\/principios-basicos-de-funcionamento-do-microscopio-optico-e-eletronico\/\">Princ\u00edpios b\u00e1sicos de funcionamento do microsc\u00f3pio \u00f3ptico e eletr\u00f4nico<\/a><\/td><\/tr><tr><td>02<\/td><td class=\"has-text-align-left\" data-align=\"left\"><a href=\"https:\/\/sites.icb.ufmg.br\/morfologia\/portal\/aula-02-tecnicas-histologicas-e-tecnicas-histoquimicas\/\">T\u00e9cnicas histol\u00f3gicas e t\u00e9cnicas histoqu\u00edmicas<\/a><\/td><\/tr><tr><td>03<\/td><td class=\"has-text-align-left\" data-align=\"left\"><a href=\"https:\/\/sites.icb.ufmg.br\/morfologia\/portal\/?p=608\">Membrana plasm\u00e1tica, glicoc\u00e1lice, transporte de mol\u00e9culas<\/a><\/td><\/tr><tr><td>04<\/td><td class=\"has-text-align-left\" data-align=\"left\"><a href=\"https:\/\/sites.icb.ufmg.br\/morfologia\/portal\/?p=638\">Endocitose, lisosomas, biologia mitocondrial<\/a><\/td><\/tr><tr><td>05<\/td><td class=\"has-text-align-left\" data-align=\"left\"><a href=\"https:\/\/sites.icb.ufmg.br\/morfologia\/portal\/?p=646\">Citoesqueleto. Jun\u00e7\u00f5es e especializa\u00e7\u00f5es da membrana plasm\u00e1tica<\/a><\/td><\/tr><tr><td>06<\/td><td class=\"has-text-align-left\" data-align=\"left\"><a href=\"https:\/\/sites.icb.ufmg.br\/morfologia\/portal\/aula-06-estudo-do-nucleo-interfasico-e-em-divisao\/\">Estudo do n\u00facleo interf\u00e1sico e em divis\u00e3o<\/a><\/td><\/tr><tr><td>07<\/td><td class=\"has-text-align-left\" data-align=\"left\"><a href=\"https:\/\/sites.icb.ufmg.br\/morfologia\/portal\/?p=686\">S\u00edntese e secre\u00e7\u00e3o de macromol\u00e9culas I<\/a><\/td><\/tr><tr><td>08<\/td><td class=\"has-text-align-left\" data-align=\"left\"><a href=\"https:\/\/sites.icb.ufmg.br\/morfologia\/portal\/?p=704\">Sintese e secre\u00e7\u00e3o de macromol\u00e9culas II<\/a><\/td><\/tr><tr><td>11<\/td><td class=\"has-text-align-left\" data-align=\"left\"><a href=\"https:\/\/sites.icb.ufmg.br\/morfologia\/portal\/aula-11-tecido-epitelial-de-revestimento-epitelios-simples\/\">Tecido epitelial de revestimento: epit\u00e9lios simples<\/a><\/td><\/tr><tr><td>12<\/td><td class=\"has-text-align-left\" data-align=\"left\"><a href=\"https:\/\/sites.icb.ufmg.br\/morfologia\/portal\/aula-12-tecido-epitelial-de-revestimento-epitelios-estratificados\/\">Tecido epitelial de revestimento: epit\u00e9lios estratificados<\/a><\/td><\/tr><tr><td>13<\/td><td class=\"has-text-align-left\" data-align=\"left\"><a href=\"https:\/\/sites.icb.ufmg.br\/morfologia\/portal\/aula-13-glandulas-exocrinas\/\">Gl\u00e2ndulas ex\u00f3crinas<\/a><\/td><\/tr><tr><td>14<\/td><td class=\"has-text-align-left\" data-align=\"left\"><a href=\"https:\/\/sites.icb.ufmg.br\/morfologia\/portal\/aulas-13-e-14-glandulas-endocrinas-e-anficrinas\/\">Gl\u00e2ndulas end\u00f3crinas e anf\u00edcrinas<\/a><\/td><\/tr><tr><td>15<\/td><td class=\"has-text-align-left\" data-align=\"left\"><a href=\"https:\/\/sites.icb.ufmg.br\/morfologia\/portal\/aula-15-tecido-conjuntivo-proprio-i-matriz-extracelular\/\">Tecido conjuntivo pr\u00f3prio I: matriz extracelular<\/a><\/td><\/tr><tr><td>16<\/td><td class=\"has-text-align-left\" data-align=\"left\"><a href=\"https:\/\/sites.icb.ufmg.br\/morfologia\/portal\/aula-16-tecido-conjuntivo-proprio-ii-celulas\/\">Tecido conjuntivo pr\u00f3prio II: c\u00e9lulas<\/a><\/td><\/tr><tr><td>17<\/td><td class=\"has-text-align-left\" data-align=\"left\"><a href=\"https:\/\/sites.icb.ufmg.br\/morfologia\/portal\/aula-17-tecido-conjuntivo-proprio-iii-variedades\/\">Tecido conjuntivo pr\u00f3prio III: variedades<\/a><\/td><\/tr><tr><td>18<\/td><td class=\"has-text-align-left\" data-align=\"left\"><a href=\"https:\/\/sites.icb.ufmg.br\/morfologia\/portal\/aula-18-tecido-cartilaginoso\/\">Tecido cartilaginoso<\/a><\/td><\/tr><tr><td>21<\/td><td class=\"has-text-align-left\" data-align=\"left\"><a href=\"https:\/\/sites.icb.ufmg.br\/morfologia\/portal\/aula-21-tecido-osseo\/\">Tecido \u00f3sseo<\/a><\/td><\/tr><tr><td>22<\/td><td class=\"has-text-align-left\" data-align=\"left\"><a href=\"https:\/\/sites.icb.ufmg.br\/morfologia\/portal\/aula-21-e-22-ossificacao\/\">Ossifica\u00e7\u00e3o<\/a><\/td><\/tr><tr><td>23<\/td><td class=\"has-text-align-left\" data-align=\"left\"><a href=\"https:\/\/sites.icb.ufmg.br\/morfologia\/portal\/aula-23-tecido-nervoso-i-neuronio\/\">Tecido nervoso I: neur\u00f4nio<\/a><\/td><\/tr><tr><td>24<\/td><td class=\"has-text-align-left\" data-align=\"left\"><a href=\"https:\/\/sites.icb.ufmg.br\/morfologia\/portal\/aula-24-tecido-nervoso-ii-neuroglia\/\">Tecido nervoso II: neur\u00f3glia<\/a><\/td><\/tr><tr><td>25<\/td><td class=\"has-text-align-left\" data-align=\"left\"><a href=\"https:\/\/sites.icb.ufmg.br\/morfologia\/portal\/aula-25-tecido-nervoso-iii-fibra-nervosa-e-nervos\/\">Tecido nervoso III: fibra nervosa e nervos<\/a><\/td><\/tr><tr><td>26<\/td><td class=\"has-text-align-left\" data-align=\"left\"><a href=\"https:\/\/sites.icb.ufmg.br\/morfologia\/portal\/aula-26-tecido-nervoso-iv-sinapses-e-terminacoes-nervosas-sensitivas\/\">Tecido nervoso IV: sinapses e termina\u00e7\u00f5es nervosas&nbsp; sensitivas<\/a><\/td><\/tr><tr><td>27<\/td><td class=\"has-text-align-left\" data-align=\"left\"><a href=\"https:\/\/sites.icb.ufmg.br\/morfologia\/portal\/aula-27-tecido-muscular-estriado-esqueletico\/\">Tecido muscular estriado esquel\u00e9tico<\/a><\/td><\/tr><tr><td>28<\/td><td class=\"has-text-align-left\" data-align=\"left\"><a href=\"https:\/\/sites.icb.ufmg.br\/morfologia\/portal\/aula-28-tecido-muscular-estriado-cardiaco-e-liso\/\">Tecido muscular estriado card\u00edaco e liso<\/a><\/td><\/tr><\/tbody><\/table><\/figure>\n","protected":false},"excerpt":{"rendered":"<p><span class=\"excerpt-hellip\"> [\u2026]<\/span><\/p>\n","protected":false},"author":4,"featured_media":0,"parent":0,"menu_order":0,"comment_status":"closed","ping_status":"closed","template":"","meta":{"_editorskit_title_hidden":false,"_editorskit_reading_time":0,"_editorskit_is_block_options_detached":false,"_editorskit_block_options_position":"{}","footnotes":""},"folder":[],"class_list":["post-901","page","type-page","status-publish","hentry"],"_links":{"self":[{"href":"https:\/\/sites.icb.ufmg.br\/morfologia\/portal\/wp-json\/wp\/v2\/pages\/901"}],"collection":[{"href":"https:\/\/sites.icb.ufmg.br\/morfologia\/portal\/wp-json\/wp\/v2\/pages"}],"about":[{"href":"https:\/\/sites.icb.ufmg.br\/morfologia\/portal\/wp-json\/wp\/v2\/types\/page"}],"author":[{"embeddable":true,"href":"https:\/\/sites.icb.ufmg.br\/morfologia\/portal\/wp-json\/wp\/v2\/users\/4"}],"replies":[{"embeddable":true,"href":"https:\/\/sites.icb.ufmg.br\/morfologia\/portal\/wp-json\/wp\/v2\/comments?post=901"}],"version-history":[{"count":12,"href":"https:\/\/sites.icb.ufmg.br\/morfologia\/portal\/wp-json\/wp\/v2\/pages\/901\/revisions"}],"predecessor-version":[{"id":960,"href":"https:\/\/sites.icb.ufmg.br\/morfologia\/portal\/wp-json\/wp\/v2\/pages\/901\/revisions\/960"}],"wp:attachment":[{"href":"https:\/\/sites.icb.ufmg.br\/morfologia\/portal\/wp-json\/wp\/v2\/media?parent=901"}],"wp:term":[{"taxonomy":"folder","embeddable":true,"href":"https:\/\/sites.icb.ufmg.br\/morfologia\/portal\/wp-json\/wp\/v2\/folder?post=901"}],"curies":[{"name":"wp","href":"https:\/\/api.w.org\/{rel}","templated":true}]}}