{"id":428,"date":"2020-03-12T13:20:09","date_gmt":"2020-03-12T16:20:09","guid":{"rendered":"https:\/\/sites.icb.ufmg.br\/pginovacao\/?page_id=428"},"modified":"2025-10-23T10:50:23","modified_gmt":"2025-10-23T13:50:23","slug":"corpo-discente","status":"publish","type":"page","link":"https:\/\/sites.icb.ufmg.br\/pginovacao\/index.php\/corpo-discente\/","title":{"rendered":"Corpo Discente"},"content":{"rendered":"<p>&nbsp;<\/p>\n<p style=\"text-align: center;\"><strong>Discentes atuais<\/strong><\/p>\n<dl>\n<dd>\n<table width=\"595\" cellspacing=\"0\" cellpadding=\"2\">\n<tbody>\n<tr>\n<td width=\"227\">\n<p align=\"center\">NOME<\/p>\n<\/td>\n<td width=\"195\">\n<p align=\"center\">\u00c1REA<\/p>\n<\/td>\n<td width=\"162\">\n<p align=\"center\">ORIENTADOR(A)<\/p>\n<\/td>\n<\/tr>\n<tr>\n<td width=\"227\">\n<p align=\"center\">\u00c1gatha Dornellas Ritter Costa<\/p>\n<\/td>\n<td width=\"195\">\n<p align=\"center\">Gest\u00e3o da Inova\u00e7\u00e3o e Empreendedorismo<\/p>\n<\/td>\n<td width=\"162\">Marcelo Gomes Speziali<\/td>\n<\/tr>\n<tr>\n<td width=\"227\">\n<p align=\"center\">ALEXANDRE DINIZ MARQUES<\/p>\n<\/td>\n<td width=\"195\">\n<p align=\"center\">Inov. Biofarmac\u00eautica e Tecnol\u00f3gica<\/p>\n<\/td>\n<td width=\"162\">\n<p align=\"center\">Adriano Borges da Cunha<\/p>\n<\/td>\n<\/tr>\n<tr>\n<td width=\"227\">\n<p align=\"center\">Amanda Mariana Silveira<\/p>\n<\/td>\n<td width=\"195\">\n<p align=\"center\">Gest\u00e3o da Inova\u00e7\u00e3o e Empreendedorismo<\/p>\n<\/td>\n<td width=\"162\">\n<p align=\"center\">Carlos Alberto Tagliati<\/p>\n<\/td>\n<\/tr>\n<tr>\n<td width=\"227\">\n<p align=\"center\">Carlos Cesar de Oliveira Firmo<\/p>\n<\/td>\n<td width=\"195\">\n<p align=\"center\">Gest\u00e3o da Inova\u00e7\u00e3o e Empreendedorismo<\/p>\n<\/td>\n<td width=\"162\"><\/td>\n<\/tr>\n<tr>\n<td width=\"227\">\n<p align=\"center\">ELAINE CRISTINA OLIVEIRA GUERRA<\/p>\n<\/td>\n<td width=\"195\">\n<p align=\"center\">Gest\u00e3o da Inova\u00e7\u00e3o e Empreendedorismo<\/p>\n<\/td>\n<td width=\"162\">\n<p align=\"center\">Carlos Alberto Tagliati<\/p>\n<\/td>\n<\/tr>\n<tr>\n<td width=\"227\">\n<p align=\"center\">ELISE HUNGARO DA CUNHA<\/p>\n<\/td>\n<td width=\"195\">\n<p align=\"center\">Gest\u00e3o da Inova\u00e7\u00e3o e Empreendedorismo<\/p>\n<\/td>\n<td width=\"162\">\n<p align=\"center\">Francisco Vidal Barbosa<\/p>\n<\/td>\n<\/tr>\n<tr>\n<td width=\"227\">\n<p align=\"center\">ERNANI ALEXANDRE CAMPANELI HOFFMAN<\/p>\n<\/td>\n<td width=\"195\">\n<p align=\"center\">Gest\u00e3o da Inova\u00e7\u00e3o e Empreendedorismo<\/p>\n<\/td>\n<td width=\"162\">\n<p align=\"center\">ERICO FRANCO<br \/>\nMINEIRO (O)<\/p>\n<\/td>\n<\/tr>\n<tr>\n<td width=\"227\">\n<p align=\"center\">Eugenio Gabriel Alves Assis de Araujo<\/p>\n<\/td>\n<td width=\"195\">\n<p align=\"center\">Gest\u00e3o da Inova\u00e7\u00e3o e Empreendedorismo<\/p>\n<\/td>\n<td width=\"162\">\n<p align=\"center\">Carlos Alberto Tagliati<\/p>\n<\/td>\n<\/tr>\n<tr>\n<td width=\"227\">\n<p align=\"center\">FERNANDA ANDRESA PORTILHO<\/p>\n<\/td>\n<td width=\"195\">\n<p align=\"center\">Gest\u00e3o da Inova\u00e7\u00e3o e Empreendedorismo<\/p>\n<\/td>\n<td width=\"162\">\n<p align=\"center\">ALLAN CLAUDIUS<br \/>\nQUEIROZ BARBOSA<\/p>\n<\/td>\n<\/tr>\n<tr>\n<td width=\"227\">\n<p align=\"center\">Fernanda Peixoto Petrocchi da Costa<\/p>\n<\/td>\n<td width=\"195\">\n<p align=\"center\">Gest\u00e3o da Inova\u00e7\u00e3o e Empreendedorismo<\/p>\n<\/td>\n<td width=\"162\">\n<p align=\"center\">Marcia Siqueira Rapini<\/p>\n<\/td>\n<\/tr>\n<tr>\n<td width=\"227\">\n<p align=\"center\">FL\u00c1VIA AGUIAR VILLELA LOPES DE MELO<\/p>\n<\/td>\n<td width=\"195\">\n<p align=\"center\">Gest\u00e3o da Inova\u00e7\u00e3o e Empreendedorismo<\/p>\n<\/td>\n<td width=\"162\">\n<p align=\"center\">Raoni Barros Bagno<\/p>\n<\/td>\n<\/tr>\n<tr>\n<td width=\"227\">\n<p align=\"center\">Gabriela Cristiane Machado Godinho<\/p>\n<\/td>\n<td width=\"195\">\n<p align=\"center\">Gest\u00e3o da Inova\u00e7\u00e3o e Empreendedorismo<\/p>\n<\/td>\n<td width=\"162\">\n<p align=\"center\">Ana Val\u00e9ria Carneiro Dias<\/p>\n<\/td>\n<\/tr>\n<tr>\n<td width=\"227\">\n<p align=\"center\">Giovanni Batista Andrade Resende<\/p>\n<\/td>\n<td width=\"195\">\n<p align=\"center\">Gest\u00e3o da Inova\u00e7\u00e3o e Empreendedorismo<\/p>\n<\/td>\n<td width=\"162\">\n<p align=\"center\">Marcia Siqueira Rapini<\/p>\n<\/td>\n<\/tr>\n<tr>\n<td width=\"227\">\n<p align=\"center\">Grazielle Souza Naves<\/p>\n<\/td>\n<td width=\"195\">\n<p align=\"center\">Gest\u00e3o da Inova\u00e7\u00e3o e Empreendedorismo<\/p>\n<\/td>\n<td width=\"162\">\n<p align=\"center\">Paulo Afonso Granjeiro<\/p>\n<\/td>\n<\/tr>\n<tr>\n<td width=\"227\">\n<p align=\"center\">Isabela Toledo Lima<\/p>\n<\/td>\n<td width=\"195\">\n<p align=\"center\">Gest\u00e3o da Inova\u00e7\u00e3o e Empreendedorismo<\/p>\n<\/td>\n<td width=\"162\">\n<p align=\"center\">Rita de Cassia de Oliveira Sebasti\u00e3o<\/p>\n<\/td>\n<\/tr>\n<tr>\n<td width=\"227\">\n<p align=\"center\">Isabela Ribeiro Tilger<\/p>\n<\/td>\n<td width=\"195\">\n<p align=\"center\">Gest\u00e3o da Inova\u00e7\u00e3o e Empreendedorismo<\/p>\n<\/td>\n<td style=\"text-align: center;\" width=\"162\">Eduardo de Campos Valadares<\/td>\n<\/tr>\n<tr>\n<td width=\"227\">\n<p align=\"center\">J\u00daNIOR GUSTAVO PATROC\u00cdNIO<\/p>\n<\/td>\n<td width=\"195\">\n<p align=\"center\">Gest\u00e3o da Inova\u00e7\u00e3o e Empreendedorismo<\/p>\n<\/td>\n<td width=\"162\"><\/td>\n<\/tr>\n<tr>\n<td width=\"227\">\n<p align=\"center\">KENIA MAIA MORAIS<\/p>\n<\/td>\n<td width=\"195\">\n<p align=\"center\">Propriedade intelectual<\/p>\n<\/td>\n<td width=\"162\">\n<p align=\"center\">RUBEN DARIO<br \/>\nSINISTERRA MILLAN<\/p>\n<\/td>\n<\/tr>\n<tr>\n<td width=\"227\">\n<p align=\"center\">LET\u00cdCIA DEL PILAR LASTRAS BATALHA<\/p>\n<\/td>\n<td width=\"195\">\n<p align=\"center\">Gest\u00e3o da Inova\u00e7\u00e3o e Empreendedorismo<\/p>\n<\/td>\n<td width=\"162\">\n<p align=\"center\">Ana Val\u00e9ria Carneiro Dias<\/p>\n<\/td>\n<\/tr>\n<tr>\n<td width=\"227\">\n<p align=\"center\">Lorena Correa Souza<\/p>\n<\/td>\n<td width=\"195\">\n<p align=\"center\">Gest\u00e3o da Inova\u00e7\u00e3o e Empreendedorismo<\/p>\n<\/td>\n<td width=\"162\">\n<p align=\"center\">Francisco Vidal Barbosa<\/p>\n<\/td>\n<\/tr>\n<tr>\n<td width=\"227\">\n<p align=\"center\">Luiza Freire Vidigal<\/p>\n<\/td>\n<td width=\"195\">\n<p align=\"center\">Gest\u00e3o da Inova\u00e7\u00e3o e Empreendedorismo<\/p>\n<\/td>\n<td width=\"162\"><\/td>\n<\/tr>\n<tr>\n<td width=\"227\">\n<p align=\"center\">Maria Beatriz Polcaro Ferreira<\/p>\n<\/td>\n<td width=\"195\">\n<p align=\"center\">Gest\u00e3o da Inova\u00e7\u00e3o e Empreendedorismo<\/p>\n<\/td>\n<td width=\"162\">\n<p align=\"center\">Raoni Barros Bagno<\/p>\n<\/td>\n<\/tr>\n<tr>\n<td width=\"227\">\n<p align=\"center\">MARIANE TEOTONIO CAMPOS<\/p>\n<\/td>\n<td width=\"195\">\n<p align=\"center\">Gest\u00e3o da Inova\u00e7\u00e3o e Empreendedorismo<\/p>\n<\/td>\n<td width=\"162\">\n<p align=\"center\">ERICO FRANCO<br \/>\nMINEIRO<\/p>\n<\/td>\n<\/tr>\n<tr>\n<td width=\"227\">\n<p align=\"center\">Nayara Luiza da Silva Campos<\/p>\n<\/td>\n<td width=\"195\">\n<p align=\"center\">Gest\u00e3o da Inova\u00e7\u00e3o e Empreendedorismo<\/p>\n<\/td>\n<td width=\"162\">\n<p align=\"center\">Paulo Afonso Granjeiro<\/p>\n<\/td>\n<\/tr>\n<tr>\n<td width=\"227\">\n<p align=\"center\">Priscylla Lage de Paula Alvarenga<\/p>\n<\/td>\n<td width=\"195\">\n<p align=\"center\">Gest\u00e3o da Inova\u00e7\u00e3o e Empreendedorismo<\/p>\n<\/td>\n<td width=\"162\">\n<p align=\"center\">Francisco Vidal Barbosa<\/p>\n<\/td>\n<\/tr>\n<tr>\n<td width=\"227\">\n<p align=\"center\">Rafael Romie Lopes Pereira<\/p>\n<\/td>\n<td width=\"195\">\n<p align=\"center\">Gest\u00e3o da Inova\u00e7\u00e3o e Empreendedorismo<\/p>\n<\/td>\n<td width=\"162\"><\/td>\n<\/tr>\n<tr>\n<td width=\"227\">\n<p align=\"center\">Sabrina Pontes de Assis<\/p>\n<\/td>\n<td width=\"195\">\n<p align=\"center\">Gest\u00e3o da Inova\u00e7\u00e3o e Empreendedorismo<\/p>\n<\/td>\n<td width=\"162\"><\/td>\n<\/tr>\n<tr>\n<td width=\"227\">\n<p align=\"center\">SAMUEL RODRIGUES OLIVEIRA<\/p>\n<\/td>\n<td width=\"195\">\n<p align=\"center\">Inov. Biofarmac\u00eautica e Tecnol\u00f3gica<\/p>\n<\/td>\n<td width=\"162\">\n<p align=\"center\">ADRIANO BORGES DA<br \/>\nCUNHA<\/p>\n<\/td>\n<\/tr>\n<tr>\n<td width=\"227\">\n<p align=\"center\">SEBASTI\u00c3O DOS SANTOS MESQUITA JUNIOR<\/p>\n<\/td>\n<td width=\"195\">\n<p align=\"center\">Gest\u00e3o da Inova\u00e7\u00e3o e Empreendedorismo<\/p>\n<\/td>\n<td width=\"162\"><\/td>\n<\/tr>\n<tr>\n<td width=\"227\">\n<p align=\"center\">Sophia Alves Mendes da Costa<\/p>\n<\/td>\n<td width=\"195\">\n<p align=\"center\">Gest\u00e3o da Inova\u00e7\u00e3o e Empreendedorismo<\/p>\n<\/td>\n<td width=\"162\"><\/td>\n<\/tr>\n<tr>\n<td width=\"227\">\n<p align=\"center\">Tayn\u00e1 Bastos Pedrosa Peixoto<\/p>\n<\/td>\n<td width=\"195\">\n<p align=\"center\">Gest\u00e3o da Inova\u00e7\u00e3o e Empreendedorismo<\/p>\n<\/td>\n<td width=\"162\">\n<p align=\"center\">Ana Val\u00e9ria Carneiro Disas<\/p>\n<\/td>\n<\/tr>\n<tr>\n<td width=\"227\">\n<p align=\"center\">Tharcila Estela Fontana Rocha<\/p>\n<\/td>\n<td width=\"195\">\n<p align=\"center\">Gest\u00e3o da Inova\u00e7\u00e3o e Empreendedorismo<\/p>\n<\/td>\n<td width=\"162\">\n<p align=\"center\">Marcelo Gomes Speziali<\/p>\n<\/td>\n<\/tr>\n<tr>\n<td width=\"227\">\n<p align=\"center\">THIAGO ANTUNES DE FIGUEIREDO<\/p>\n<\/td>\n<td width=\"195\">\n<p align=\"center\">Gest\u00e3o da Inova\u00e7\u00e3o e Empreendedorismo<\/p>\n<\/td>\n<td width=\"162\">\n<p align=\"center\">ROCHEL MONTERO<br \/>\nLAGO<\/p>\n<\/td>\n<\/tr>\n<tr>\n<td width=\"227\">\n<p align=\"center\">THIAGO KUPIDLOWSKY FERNANDES LE\u00c3O<\/p>\n<\/td>\n<td width=\"195\">\n<p align=\"center\">Gest\u00e3o da Inova\u00e7\u00e3o e Empreendedorismo<\/p>\n<\/td>\n<td width=\"162\">\n<p align=\"center\">Raoni Barros Bagno<\/p>\n<\/td>\n<\/tr>\n<tr>\n<td colspan=\"2\" width=\"426\">\n<p align=\"center\">TOTAL<\/p>\n<\/td>\n<td width=\"162\">\n<p align=\"center\">33<\/p>\n<\/td>\n<\/tr>\n<\/tbody>\n<\/table>\n<\/dd>\n<\/dl>\n<p style=\"text-align: center;\"><strong>Tituladas(os)<\/strong><\/p>\n<dl>\n<dd>\n<table width=\"599\" cellspacing=\"0\" cellpadding=\"2\">\n<tbody>\n<tr>\n<td width=\"304\">\n<p align=\"center\">\u00a0NOME<\/p>\n<\/td>\n<td width=\"201\">\n<p align=\"center\">ORIENTADOR<\/p>\n<\/td>\n<td width=\"83\">\n<p align=\"center\">DEFESA<\/p>\n<\/td>\n<\/tr>\n<tr>\n<td width=\"304\">\n<p align=\"center\">Irilda de Oliveira Costa<\/p>\n<\/td>\n<td width=\"201\">\n<p align=\"center\">Carlos Alberto Tagliati<\/p>\n<\/td>\n<td width=\"83\">\n<p align=\"center\">13\/08\/2010<\/p>\n<\/td>\n<\/tr>\n<tr>\n<td width=\"304\">\n<p align=\"center\">S\u00e1vio Morato de Lacerda Gontijo<\/p>\n<\/td>\n<td width=\"201\">\n<p align=\"center\">Maria Esperanza Cortes Segura<\/p>\n<\/td>\n<td width=\"83\">\n<p align=\"center\">13\/12\/2010<\/p>\n<\/td>\n<\/tr>\n<tr>\n<td width=\"304\">\n<p align=\"center\">\u00a0Pedro Pires Goulart Guimar\u00e3es<\/p>\n<\/td>\n<td width=\"201\">\n<p align=\"center\">Ruben Dario Sinisterra Millan<\/p>\n<\/td>\n<td width=\"83\">\n<p align=\"center\">16\/12\/2010<\/p>\n<\/td>\n<\/tr>\n<tr>\n<td width=\"304\">\n<p align=\"center\">Wanderson Marques da Silva<\/p>\n<\/td>\n<td width=\"201\">\n<p align=\"center\">Vasco Ariston de C. Azevedo<\/p>\n<\/td>\n<td width=\"83\">\n<p align=\"center\">18\/02\/2011<\/p>\n<\/td>\n<\/tr>\n<tr>\n<td width=\"304\">\n<p align=\"center\">Marcella Nunes de Melo<\/p>\n<\/td>\n<td width=\"201\">\n<p align=\"center\">Adriano M. de Castro Pimenta<\/p>\n<\/td>\n<td width=\"83\">\n<p align=\"center\">24\/02\/2011<\/p>\n<\/td>\n<\/tr>\n<tr>\n<td width=\"304\">\n<p align=\"center\">\u00a0 Mariana Silva Oliveira<\/p>\n<\/td>\n<td width=\"201\">\n<p align=\"center\">Maria Esperanza Cortes Segura<\/p>\n<\/td>\n<td width=\"83\">\n<p align=\"center\">11\/03\/2011<\/p>\n<\/td>\n<\/tr>\n<tr>\n<td width=\"304\">\n<p align=\"center\">\u00a0Mayara Ribeiro de Queiroz<\/p>\n<\/td>\n<td width=\"201\">\n<p align=\"center\">F\u00e1bio de Oliveira<\/p>\n<\/td>\n<td width=\"83\">\n<p align=\"center\">08\/07\/2011<\/p>\n<\/td>\n<\/tr>\n<tr>\n<td width=\"304\">\n<p align=\"center\">\u00a0\u00a0Paula Ladeira Ortolani<\/p>\n<\/td>\n<td width=\"201\">\n<p align=\"center\">Janetti Nogueira de Francischi<\/p>\n<\/td>\n<td width=\"83\">\n<p align=\"center\">\u00a002\/08\/2011<\/p>\n<\/td>\n<\/tr>\n<tr>\n<td width=\"304\">\n<p align=\"center\">Elisabete Costa Reis Dutra<\/p>\n<\/td>\n<td width=\"201\">\n<p align=\"center\">Maria Aparecida Ribeiro Vieira<\/p>\n<\/td>\n<td width=\"83\">\n<p align=\"center\">16\/09\/2011<\/p>\n<\/td>\n<\/tr>\n<tr>\n<td width=\"304\">\n<p align=\"center\">Jo\u00e3o Paulo Borges Lisboa<\/p>\n<\/td>\n<td width=\"201\">\n<p align=\"center\">Eduardo da Motta e Albuquerque<\/p>\n<\/td>\n<td width=\"83\">\n<p align=\"center\">09\/02\/2012<\/p>\n<\/td>\n<\/tr>\n<tr>\n<td width=\"304\">\n<p align=\"center\">Cl\u00e1udia de Souza Pedrosa<\/p>\n<\/td>\n<td width=\"201\">\n<p align=\"center\">Carlos Alberto Tagliati<\/p>\n<\/td>\n<td width=\"83\">\n<p align=\"center\">10\/02\/2012<\/p>\n<\/td>\n<\/tr>\n<tr>\n<td width=\"304\">\n<p align=\"center\">Danielle S\u00f3ter do N. Damasio<\/p>\n<\/td>\n<td width=\"201\">\n<p align=\"center\">Frederic Jean Georges Frezard<\/p>\n<\/td>\n<td width=\"83\">\n<p align=\"center\">15\/02\/2012<\/p>\n<\/td>\n<\/tr>\n<tr>\n<td width=\"304\">\n<p align=\"center\">Maria das Gra\u00e7as Fernandes Ara\u00fajo<\/p>\n<\/td>\n<td width=\"201\">\n<p align=\"center\">Ruben Dario Sinisterra Millan<\/p>\n<\/td>\n<td width=\"83\">\n<p align=\"center\">29\/06\/2012<\/p>\n<\/td>\n<\/tr>\n<tr>\n<td width=\"304\">\n<p align=\"center\">Jessika Consuegra Bonilla<\/p>\n<\/td>\n<td width=\"201\">\n<p align=\"center\">Maria Esperanza Cortes Segura<\/p>\n<\/td>\n<td width=\"83\">\n<p align=\"center\">13\/07\/2012<\/p>\n<\/td>\n<\/tr>\n<tr>\n<td width=\"304\">\n<p align=\"center\">Sabrina Rodrigues Lima<\/p>\n<\/td>\n<td width=\"201\">\n<p align=\"center\">Vasco Ariston de C. Azevedo<\/p>\n<\/td>\n<td width=\"83\">\n<p align=\"center\">30\/07\/2012<\/p>\n<\/td>\n<\/tr>\n<tr>\n<td width=\"304\">\n<p align=\"center\">\u00a0Vitor de Menezes Pimentel<\/p>\n<\/td>\n<td width=\"201\">\n<p align=\"center\">Carlos Alberto Tagliati<\/p>\n<\/td>\n<td width=\"83\">\n<p align=\"center\">\u00a005\/10\/2012<\/p>\n<\/td>\n<\/tr>\n<tr>\n<td width=\"304\">\n<p align=\"center\">Renata Cristina Rezende Macedo<\/p>\n<\/td>\n<td width=\"201\">\n<p align=\"center\">Roberto Luiz Silva<\/p>\n<\/td>\n<td width=\"83\">\n<p align=\"center\">14\/12\/2012<\/p>\n<\/td>\n<\/tr>\n<tr>\n<td width=\"304\">\n<p align=\"center\">Cristiano Cota Bandeira<\/p>\n<\/td>\n<td width=\"201\">\n<p align=\"center\">Elaine Maria de Souza Fagundes<\/p>\n<\/td>\n<td width=\"83\">\n<p align=\"center\">22\/02\/2013<\/p>\n<\/td>\n<\/tr>\n<tr>\n<td width=\"304\">\n<p align=\"center\">Fl\u00e1via Reis de Carvalho Batista<\/p>\n<\/td>\n<td width=\"201\">\n<p align=\"center\">Adriano M. de Castro Pimenta<\/p>\n<\/td>\n<td width=\"83\">\n<p align=\"center\">18\/06\/2013<\/p>\n<\/td>\n<\/tr>\n<tr>\n<td width=\"304\">\n<p align=\"center\">Raissa de Luca Guimar\u00e3es<\/p>\n<\/td>\n<td width=\"201\">\n<p align=\"center\">Ruben Dario Sinisterra Millan<\/p>\n<\/td>\n<td width=\"83\">\n<p align=\"center\">16\/07\/2013<\/p>\n<\/td>\n<\/tr>\n<tr>\n<td width=\"304\">\n<p align=\"center\">Guilherme Ferreira Jorge<\/p>\n<\/td>\n<td width=\"201\">\n<p align=\"center\">Aziz Tuffi Saliba<\/p>\n<\/td>\n<td width=\"83\">\n<p align=\"center\">30\/07\/2013<\/p>\n<\/td>\n<\/tr>\n<tr>\n<td width=\"304\">\n<p align=\"center\">Valesca Machado Abi-Ackel Azevedo<\/p>\n<\/td>\n<td width=\"201\">\n<p align=\"center\">Francisco Vidal Barbosa<\/p>\n<\/td>\n<td width=\"83\">\n<p align=\"center\">06\/08\/2013<\/p>\n<\/td>\n<\/tr>\n<tr>\n<td width=\"304\">\n<p align=\"center\">Humberto Alves de V. Lima<\/p>\n<\/td>\n<td width=\"201\">\n<p align=\"center\">Aziz Tuffi Saliba<\/p>\n<\/td>\n<td width=\"83\">\n<p align=\"center\">13\/08\/2013<\/p>\n<\/td>\n<\/tr>\n<tr>\n<td width=\"304\">\n<p align=\"center\">Marilene Luzia de Oliveira<\/p>\n<\/td>\n<td width=\"201\">\n<p align=\"center\">Robson Augusto S. dos Santos<\/p>\n<\/td>\n<td width=\"83\">\n<p align=\"center\">19\/09\/2013<\/p>\n<\/td>\n<\/tr>\n<tr>\n<td width=\"304\">\n<p align=\"center\">Ana Fl\u00e1via Gontijo Pimenta<\/p>\n<\/td>\n<td width=\"201\">\n<p align=\"center\">Robson Augusto S. dos Santos<\/p>\n<\/td>\n<td width=\"83\">\n<p align=\"center\">03\/02\/2014<\/p>\n<\/td>\n<\/tr>\n<tr>\n<td width=\"304\">\n<p align=\"center\">Lucas Bernardes Ara\u00fajo<\/p>\n<\/td>\n<td width=\"201\">\n<p align=\"center\">Aziz Tuffi Saliba<\/p>\n<\/td>\n<td width=\"83\">\n<p align=\"center\">13\/02\/2014<\/p>\n<\/td>\n<\/tr>\n<tr>\n<td width=\"304\">\n<p align=\"center\">Mariana Fl\u00e1via de Oliveira<\/p>\n<\/td>\n<td width=\"201\">\n<p align=\"center\">Robson Augusto S. dos Santos<\/p>\n<\/td>\n<td width=\"83\">\n<p align=\"center\">31\/03\/2014<\/p>\n<\/td>\n<\/tr>\n<tr>\n<td width=\"304\">\n<p align=\"center\">Samuel Ayobami Akinruli<\/p>\n<\/td>\n<td width=\"201\">\n<p align=\"center\">Francisco Vidal Barbosa<\/p>\n<\/td>\n<td width=\"83\">\n<p align=\"center\">26\/05\/2014<\/p>\n<\/td>\n<\/tr>\n<tr>\n<td width=\"304\">\n<p align=\"center\">C\u00e9lio Cabral de Sousa J\u00fanior<\/p>\n<\/td>\n<td width=\"201\">\n<p align=\"center\">M\u00e1rcia Siqueira Rapini<\/p>\n<\/td>\n<td width=\"83\">\n<p align=\"center\">05\/06\/2014<\/p>\n<\/td>\n<\/tr>\n<tr>\n<td width=\"304\">\n<p align=\"center\">K\u00e1tia de Morais Costa Leite<\/p>\n<\/td>\n<td width=\"201\">\n<p align=\"center\">Vasco Ariston de C. Azevedo<\/p>\n<\/td>\n<td width=\"83\">\n<p align=\"center\">28\/07\/2014<\/p>\n<\/td>\n<\/tr>\n<tr>\n<td width=\"304\">\n<p align=\"center\">Linna Bheatrice Oliveira Rodrigues<\/p>\n<\/td>\n<td width=\"201\">\n<p align=\"center\">Lucas Ant\u00f4nio Miranda Ferreira<\/p>\n<\/td>\n<td width=\"83\">\n<p align=\"center\">05\/09\/2014<\/p>\n<\/td>\n<\/tr>\n<tr>\n<td width=\"304\">\n<p align=\"center\">Sarah Cristina Teixeira Silva<\/p>\n<\/td>\n<td width=\"201\">\n<p align=\"center\">Carlos Alberto Tagliati<\/p>\n<\/td>\n<td width=\"83\">\n<p align=\"center\">21\/11\/2014<\/p>\n<\/td>\n<\/tr>\n<tr>\n<td width=\"304\">\n<p align=\"center\">Thiago Ab\u00edlio Lopes Rocha<\/p>\n<\/td>\n<td width=\"201\">\n<p align=\"center\">Maria Esperanza Cortes Segura<\/p>\n<\/td>\n<td width=\"83\">\n<p align=\"center\">15\/04\/2015<\/p>\n<\/td>\n<\/tr>\n<tr>\n<td width=\"304\">\n<p align=\"center\">Marcela Zaquia Fraga de Castro<\/p>\n<\/td>\n<td width=\"201\">\n<p align=\"center\">Frederic Jean Georges Frezard<\/p>\n<\/td>\n<td width=\"83\">\n<p align=\"center\">30\/04\/2015<\/p>\n<\/td>\n<\/tr>\n<tr>\n<td width=\"304\">\n<p align=\"center\">Luiza Pinheiro Alves da Silva<\/p>\n<\/td>\n<td width=\"201\">\n<p align=\"center\">M\u00e1rcia Siqueira Rapini<\/p>\n<\/td>\n<td width=\"83\">\n<p align=\"center\">25\/05\/2015<\/p>\n<\/td>\n<\/tr>\n<tr>\n<td width=\"304\">\n<p align=\"center\">Glaucius Dellanne de C. e Ferreira<\/p>\n<\/td>\n<td width=\"201\">\n<p align=\"center\">Frederic Jean Georges Frezard<\/p>\n<\/td>\n<td width=\"83\">\n<p align=\"center\">01\/06\/2015<\/p>\n<\/td>\n<\/tr>\n<tr>\n<td width=\"304\">\n<p align=\"center\">Maria Fernanda Macedo Gomes<\/p>\n<\/td>\n<td width=\"201\">\n<p align=\"center\">Frederic Jean Georges Frezard<\/p>\n<\/td>\n<td width=\"83\">\n<p align=\"center\">06\/07\/2015<\/p>\n<\/td>\n<\/tr>\n<tr>\n<td width=\"304\">\n<p align=\"center\">Ricardo Jos\u00e9 Ferreira Rodarte<\/p>\n<\/td>\n<td width=\"201\">\n<p align=\"center\">Ruben Dario Sinisterra Millan<\/p>\n<\/td>\n<td width=\"83\">\n<p align=\"center\">19\/11\/2015<\/p>\n<\/td>\n<\/tr>\n<tr>\n<td width=\"304\">\n<p align=\"center\">Elimar Pires Vasconcellos<\/p>\n<\/td>\n<td width=\"201\">\n<p align=\"center\">M\u00e1rcia Siqueira Rapini<\/p>\n<\/td>\n<td width=\"83\">\n<p align=\"center\">17\/12\/2015<\/p>\n<\/td>\n<\/tr>\n<tr>\n<td width=\"304\">\n<p align=\"center\">Alisson Bruno Luzia<\/p>\n<\/td>\n<td width=\"201\">\n<p align=\"center\">M\u00e1rcia Siqueira Rapini<\/p>\n<\/td>\n<td width=\"83\">\n<p align=\"center\">18\/12\/2015<\/p>\n<\/td>\n<\/tr>\n<tr>\n<td width=\"304\">\n<p align=\"center\">Luz Elena Jaimes Rios<\/p>\n<\/td>\n<td width=\"201\">\n<p align=\"center\">Vasco Ariston de C. Azevedo<\/p>\n<\/td>\n<td width=\"83\">\n<p align=\"center\">04\/03\/2016<\/p>\n<\/td>\n<\/tr>\n<tr>\n<td width=\"304\">\n<p align=\"center\">Bruno de Souza Leite Thiebaut<\/p>\n<\/td>\n<td width=\"201\">\n<p align=\"center\">Vasco Ariston de C. Azevedo<\/p>\n<\/td>\n<td width=\"83\">\n<p align=\"center\">15\/06\/2016<\/p>\n<\/td>\n<\/tr>\n<tr>\n<td width=\"304\">\n<p align=\"center\">Jana\u00edna Koenen Fonseca<\/p>\n<\/td>\n<td width=\"201\">\n<p align=\"center\">Rodrigo Bastos F\u00f3scolo<\/p>\n<\/td>\n<td width=\"83\">\n<p align=\"center\">22\/06\/2016<\/p>\n<\/td>\n<\/tr>\n<tr>\n<td width=\"304\">\n<p align=\"center\">Renan Gadoni Canaan<\/p>\n<\/td>\n<td width=\"201\">\n<p align=\"center\">M\u00e1rcia Siqueira Rapini<\/p>\n<\/td>\n<td width=\"83\">\n<p align=\"center\">12\/08\/2016<\/p>\n<\/td>\n<\/tr>\n<tr>\n<td width=\"304\">\n<p align=\"center\">Anna Carolina Pinheiro Lage<\/p>\n<\/td>\n<td width=\"201\">\n<p align=\"center\">Frederic Jean Georges Frezard<\/p>\n<\/td>\n<td width=\"83\">\n<p align=\"center\">26\/08\/2016<\/p>\n<\/td>\n<\/tr>\n<tr>\n<td width=\"304\">\n<p align=\"center\">Nath\u00e1lia dos Reis Santos Almeida<\/p>\n<\/td>\n<td width=\"201\">\n<p align=\"center\">Aziz Tuffi Saliba<\/p>\n<\/td>\n<td width=\"83\">\n<p align=\"center\">05\/09\/2016<\/p>\n<\/td>\n<\/tr>\n<tr>\n<td width=\"304\">\n<p align=\"center\">Jess\u00e9 Barbosa Antunes de Morais<\/p>\n<\/td>\n<td width=\"201\">\n<p align=\"center\">Aziz Tuffi Saliba<\/p>\n<\/td>\n<td width=\"83\">\n<p align=\"center\">29\/09\/2016<\/p>\n<\/td>\n<\/tr>\n<tr>\n<td width=\"304\">\n<p align=\"center\">N\u00edvea Alves de Almeida<\/p>\n<\/td>\n<td width=\"201\">\n<p align=\"center\">Allan Claudius Queiroz Barbosa<\/p>\n<\/td>\n<td width=\"83\">\n<p align=\"center\">25\/11\/2016<\/p>\n<\/td>\n<\/tr>\n<tr>\n<td width=\"304\">\n<p align=\"center\">Marina Domingues Fernandes<\/p>\n<\/td>\n<td width=\"201\">\n<p align=\"center\">Ruben Dario Sinisterra Millan<\/p>\n<\/td>\n<td width=\"83\">\n<p align=\"center\">01\/12\/2016<\/p>\n<\/td>\n<\/tr>\n<tr>\n<td width=\"304\">\n<p align=\"center\">Jeanne Schifini Bagni Urbano<\/p>\n<\/td>\n<td width=\"201\">\n<p align=\"center\">Ruben Dario Sinisterra Millan<\/p>\n<\/td>\n<td width=\"83\">\n<p align=\"center\">09\/12\/2016<\/p>\n<\/td>\n<\/tr>\n<tr>\n<td width=\"304\">\n<p align=\"center\">Janete Grippa de Assis<\/p>\n<\/td>\n<td width=\"201\">\n<p align=\"center\">Lucas Ant\u00f4nio Miranda Ferreira<\/p>\n<\/td>\n<td width=\"83\">\n<p align=\"center\">17\/02\/2017<\/p>\n<\/td>\n<\/tr>\n<tr>\n<td width=\"304\">\n<p align=\"center\">Vin\u00edcius Bortolussi Roman<\/p>\n<\/td>\n<td width=\"201\">\n<p align=\"center\">Lin Chih Cheng<\/p>\n<\/td>\n<td width=\"83\">\n<p align=\"center\">03\/03\/2017<\/p>\n<\/td>\n<\/tr>\n<tr>\n<td width=\"304\">\n<p align=\"center\">Luciano Murta Gaspar Cardoso<\/p>\n<\/td>\n<td width=\"201\">\n<p align=\"center\">Evanguedes Kalapothakis<\/p>\n<\/td>\n<td width=\"83\">\n<p align=\"center\">10\/03\/2017<\/p>\n<\/td>\n<\/tr>\n<tr>\n<td width=\"304\">\n<p align=\"center\">Isabela dos Santos Oliveira<\/p>\n<\/td>\n<td width=\"201\">\n<p align=\"center\">Evanguedes Kalapothakis<\/p>\n<\/td>\n<td width=\"83\">\n<p align=\"center\">07\/04\/2017<\/p>\n<\/td>\n<\/tr>\n<tr>\n<td width=\"304\">\n<p align=\"center\">J\u00e9ssica Maria Coutinho Roters<\/p>\n<\/td>\n<td width=\"201\">\n<p align=\"center\">Evanguedes Kalapothakis<\/p>\n<\/td>\n<td width=\"83\">\n<p align=\"center\">01\/06\/2017<\/p>\n<\/td>\n<\/tr>\n<tr>\n<td width=\"304\">\n<p align=\"center\">Victor Nikolaus Bistritzki<\/p>\n<\/td>\n<td width=\"201\">\n<p align=\"center\">Francisco Vidal Barbosa<\/p>\n<\/td>\n<td width=\"83\">\n<p align=\"center\">29\/06\/2017<\/p>\n<\/td>\n<\/tr>\n<tr>\n<td width=\"304\">\n<p align=\"center\">Fab\u00edola P. Coelho Solha de Carvalho<\/p>\n<\/td>\n<td width=\"201\">\n<p align=\"center\">Fabr\u00edcio Bertini Pasquot Polido<\/p>\n<\/td>\n<td width=\"83\">\n<p align=\"center\">30\/06\/2017<\/p>\n<\/td>\n<\/tr>\n<tr>\n<td width=\"304\">\n<p align=\"center\">Naira Cenachi Coelho<\/p>\n<\/td>\n<td width=\"201\">\n<p align=\"center\">Francisco Vidal Barbosa<\/p>\n<\/td>\n<td width=\"83\">\n<p align=\"center\">06\/07\/2017<\/p>\n<\/td>\n<\/tr>\n<tr>\n<td width=\"304\">\n<p align=\"center\">Camilla Baggio de Santa&#8217;Anna<\/p>\n<\/td>\n<td width=\"201\">\n<p align=\"center\">Ruben Dario Sinisterra Millan<\/p>\n<\/td>\n<td width=\"83\">\n<p align=\"center\">14\/07\/2017<\/p>\n<\/td>\n<\/tr>\n<tr>\n<td width=\"304\">\n<p align=\"center\">Janaina Coelho Ara\u00fajo<\/p>\n<\/td>\n<td width=\"201\">\n<p align=\"center\">Juliana C. Crepalde Medeiros<\/p>\n<\/td>\n<td width=\"83\">\n<p align=\"center\">22\/08\/2017<\/p>\n<\/td>\n<\/tr>\n<tr>\n<td width=\"304\">\n<p align=\"center\">St\u00e9fany Dayana de S\u00e1 Rocha<\/p>\n<\/td>\n<td width=\"201\">\n<p align=\"center\">Raoni Barros Bagno<\/p>\n<\/td>\n<td width=\"83\">\n<p align=\"center\">01\/09\/2017<\/p>\n<\/td>\n<\/tr>\n<tr>\n<td width=\"304\">\n<p align=\"center\">Cl\u00e1udio Roscoe da Rocha<\/p>\n<\/td>\n<td width=\"201\">\n<p align=\"center\">Lin Chih Cheng<\/p>\n<\/td>\n<td width=\"83\">\n<p align=\"center\">19\/10\/2017<\/p>\n<\/td>\n<\/tr>\n<tr>\n<td width=\"304\">\n<p align=\"center\">Michel Concei\u00e7\u00e3o de Souza<\/p>\n<\/td>\n<td width=\"201\">\n<p align=\"center\">Eduardo Romeiro Filho<\/p>\n<\/td>\n<td width=\"83\">\n<p align=\"center\">30\/10\/2017<\/p>\n<\/td>\n<\/tr>\n<tr>\n<td width=\"304\">\n<p align=\"center\">Welbert Luiz Silva<\/p>\n<\/td>\n<td width=\"201\">\n<p align=\"center\">Raoni Barros Bagno<\/p>\n<\/td>\n<td width=\"83\">\n<p align=\"center\">12\/12\/2017<\/p>\n<\/td>\n<\/tr>\n<tr>\n<td width=\"304\">\n<p align=\"center\">Matheus Luiz Pontelo de Souza<\/p>\n<\/td>\n<td width=\"201\">\n<p align=\"center\">Lin Chih Cheng<\/p>\n<\/td>\n<td width=\"83\">\n<p align=\"center\">30\/01\/2018<\/p>\n<\/td>\n<\/tr>\n<tr>\n<td width=\"304\">\n<p align=\"center\">Marley Alisson Perdig\u00e3o de Assis<\/p>\n<\/td>\n<td width=\"201\">\n<p align=\"center\">Aziz Tuffi Saliba<\/p>\n<\/td>\n<td width=\"83\">\n<p align=\"center\">01\/03\/2018<\/p>\n<\/td>\n<\/tr>\n<tr>\n<td width=\"304\">\n<p align=\"center\">Gabriela Ferreira Franco<\/p>\n<\/td>\n<td width=\"201\">\n<p align=\"center\">Fabricio Bertini Pasquot Polido<\/p>\n<\/td>\n<td width=\"83\">\n<p align=\"center\">06\/03\/2018<\/p>\n<\/td>\n<\/tr>\n<tr>\n<td width=\"304\">\n<p align=\"center\">Valeria Antunes Corr\u00eaa<\/p>\n<\/td>\n<td width=\"201\">\n<p align=\"center\">Raoni Barros Bagno<\/p>\n<\/td>\n<td width=\"83\">\n<p align=\"center\">12\/03\/2018<\/p>\n<\/td>\n<\/tr>\n<tr>\n<td width=\"304\">\n<p align=\"center\">Heidi Caroline Lein<\/p>\n<\/td>\n<td width=\"201\">\n<p align=\"center\">Pedro Guatimosim Vidigal<\/p>\n<\/td>\n<td width=\"83\">\n<p align=\"center\">13\/03\/2018<\/p>\n<\/td>\n<\/tr>\n<tr>\n<td width=\"304\">\n<p align=\"center\">Ricardo Santiago S. de Gouv\u00eaa F.<\/p>\n<\/td>\n<td width=\"201\">\n<p align=\"center\">Juliana Correa Crepalde Medeiros<\/p>\n<\/td>\n<td width=\"83\">\n<p align=\"center\">19\/03\/2018<\/p>\n<\/td>\n<\/tr>\n<tr>\n<td width=\"304\">\n<p align=\"center\">B\u00e1rbara Fernandes Cordeiro<\/p>\n<\/td>\n<td width=\"201\">\n<p align=\"center\">Vasco Ariston de C. Azevedo<\/p>\n<\/td>\n<td width=\"83\">\n<p align=\"center\">21\/03\/2018<\/p>\n<\/td>\n<\/tr>\n<tr>\n<td width=\"304\">\n<p align=\"center\">Gilvan Augusto Silva<\/p>\n<\/td>\n<td width=\"201\">\n<p align=\"center\">Renata Simoes G. e Borges<\/p>\n<\/td>\n<td width=\"83\">\n<p align=\"center\">22\/03\/2018<\/p>\n<\/td>\n<\/tr>\n<tr>\n<td width=\"304\">\n<p align=\"center\">H\u00e9lio Henrique de Matos<\/p>\n<\/td>\n<td width=\"201\">\n<p align=\"center\">Ana Valeria Carneiro Dias<\/p>\n<\/td>\n<td width=\"83\">\n<p align=\"center\">23\/03\/2018<\/p>\n<\/td>\n<\/tr>\n<tr>\n<td width=\"304\">\n<p align=\"center\">\u00c9rika Heyden Neves<\/p>\n<\/td>\n<td width=\"201\">\n<p align=\"center\">M\u00e1rcia Siqueira Rapini<\/p>\n<\/td>\n<td width=\"83\">\n<p align=\"center\">28\/03\/2018<\/p>\n<\/td>\n<\/tr>\n<tr>\n<td width=\"304\">\n<p align=\"center\">K\u00e1tia Maria Ferreira Faria Abi-Ackel<\/p>\n<\/td>\n<td width=\"201\">\n<p align=\"center\">Vasco Ariston de C. Azevedo<\/p>\n<\/td>\n<td width=\"83\">\n<p align=\"center\">17\/04\/2018<\/p>\n<\/td>\n<\/tr>\n<tr>\n<td width=\"304\">\n<p align=\"center\">Mariana de Camargo Barros<\/p>\n<\/td>\n<td width=\"201\">\n<p align=\"center\">M\u00e1rcia Siqueira Rapini<\/p>\n<\/td>\n<td width=\"83\">\n<p align=\"center\">25\/05\/2018<\/p>\n<\/td>\n<\/tr>\n<tr>\n<td width=\"304\">\n<p align=\"center\">Igor Augusto de Melo Dias<\/p>\n<\/td>\n<td width=\"201\">\n<p align=\"center\">Allan Claudius Queiroz Barbosa<\/p>\n<\/td>\n<td width=\"83\">\n<p align=\"center\">28\/05\/2018<\/p>\n<\/td>\n<\/tr>\n<tr>\n<td width=\"304\">\n<p align=\"center\">Ramom Dias de Azev\u00eado<\/p>\n<\/td>\n<td width=\"201\">\n<p align=\"center\">Pedro Guatimosim Vidigal<\/p>\n<\/td>\n<td width=\"83\">\n<p align=\"center\">14\/06\/2018<\/p>\n<\/td>\n<\/tr>\n<tr>\n<td width=\"304\">\n<p align=\"center\">Junior Freire Coelho<\/p>\n<\/td>\n<td width=\"201\">\n<p align=\"center\">Raoni Barros Bagno<\/p>\n<\/td>\n<td width=\"83\">\n<p align=\"center\">22\/06\/2018<\/p>\n<\/td>\n<\/tr>\n<tr>\n<td width=\"304\">\n<p align=\"center\">Paulo Cezar Demarco J\u00fanior<\/p>\n<\/td>\n<td width=\"201\">\n<p align=\"center\">Alvaro Eduardo Eiras<\/p>\n<\/td>\n<td width=\"83\">\n<p align=\"center\">03\/07\/2018<\/p>\n<\/td>\n<\/tr>\n<tr>\n<td width=\"304\">\n<p align=\"center\">Jo\u00e3o Gabriel Alves Ribeiro Rosa<\/p>\n<\/td>\n<td width=\"201\">\n<p align=\"center\">Eduardo Romeiro Filho<\/p>\n<\/td>\n<td width=\"83\">\n<p align=\"center\">06\/07\/2018<\/p>\n<\/td>\n<\/tr>\n<tr>\n<td width=\"304\">\n<p align=\"center\">Fabr\u00edcio Pelucci Machado<\/p>\n<\/td>\n<td width=\"201\">\n<p align=\"center\">Maria Cecilia Pereira<\/p>\n<\/td>\n<td width=\"83\">\n<p align=\"center\">06\/07\/2018<\/p>\n<\/td>\n<\/tr>\n<tr>\n<td width=\"304\">\n<p align=\"center\">Clemente de \u00c1vila Silveira<\/p>\n<\/td>\n<td width=\"201\">\n<p align=\"center\">Ulisses Pereira dos Santos<\/p>\n<\/td>\n<td width=\"83\">\n<p align=\"center\">10\/08\/2018<\/p>\n<\/td>\n<\/tr>\n<tr>\n<td width=\"304\">\n<p align=\"center\">Rafael Mizerani Couto Moreira<\/p>\n<\/td>\n<td width=\"201\">\n<p align=\"center\">Francisco Vidal Barbosa<\/p>\n<\/td>\n<td width=\"83\">\n<p align=\"center\">31\/08\/2018<\/p>\n<\/td>\n<\/tr>\n<tr>\n<td width=\"304\">\n<p align=\"center\">J\u00fanio de Moura Alves<\/p>\n<\/td>\n<td width=\"201\">\n<p align=\"center\">Raoni Barros Bagno<\/p>\n<\/td>\n<td width=\"83\">\n<p align=\"center\">21\/09\/2018<\/p>\n<\/td>\n<\/tr>\n<tr>\n<td width=\"304\">\n<p align=\"center\">Y\u00e3 Grossi Andrade<\/p>\n<\/td>\n<td width=\"201\">\n<p align=\"center\">Francisco de Paula Antunes Lima<\/p>\n<\/td>\n<td width=\"83\">\n<p align=\"center\">19\/10\/2018<\/p>\n<\/td>\n<\/tr>\n<tr>\n<td width=\"304\">\n<p align=\"center\">Luana Lott Alves<\/p>\n<\/td>\n<td width=\"201\">\n<p align=\"center\">Eduardo Romeiro Filho<\/p>\n<\/td>\n<td width=\"83\">\n<p align=\"center\">31\/10\/2018<\/p>\n<\/td>\n<\/tr>\n<tr>\n<td width=\"304\">\n<p align=\"center\">Raquel Valadares Coelho Batista<\/p>\n<\/td>\n<td width=\"201\">\n<p align=\"center\">Raoni Barros Bagno<\/p>\n<\/td>\n<td width=\"83\">\n<p align=\"center\">28\/11\/2018<\/p>\n<\/td>\n<\/tr>\n<tr>\n<td width=\"304\">\n<p align=\"center\">Raissa Guerra Resende<\/p>\n<\/td>\n<td width=\"201\">\n<p align=\"center\">Raoni Barros Bagno<\/p>\n<\/td>\n<td width=\"83\">\n<p align=\"center\">13\/12\/2018<\/p>\n<\/td>\n<\/tr>\n<tr>\n<td width=\"304\">\n<p align=\"center\">Gabriela D&#8217;\u00c1vila Metzker<\/p>\n<\/td>\n<td width=\"201\">\n<p align=\"center\">Carlos Alberto Tagliati<\/p>\n<\/td>\n<td width=\"83\">\n<p align=\"center\">30\/01\/2019<\/p>\n<\/td>\n<\/tr>\n<tr>\n<td width=\"304\">\n<p align=\"center\">Bruno Coelho Resende de Castro<\/p>\n<\/td>\n<td width=\"201\">\n<p align=\"center\">\u00a0Ana Valeria Carneiro Dias<\/p>\n<\/td>\n<td width=\"83\">\n<p align=\"center\">27\/02\/2019<\/p>\n<\/td>\n<\/tr>\n<tr>\n<td width=\"304\">\n<p align=\"center\">\u00a0Priscila Maria T. Gon\u00e7alves de Souza<\/p>\n<\/td>\n<td width=\"201\">\n<p align=\"center\">\u00a0Rochel Montero Lago<\/p>\n<\/td>\n<td width=\"83\">\n<p align=\"center\">28\/02\/2019<\/p>\n<\/td>\n<\/tr>\n<tr>\n<td width=\"304\">\n<p align=\"center\">\u00a0Jacqueline Silva Batista<\/p>\n<\/td>\n<td width=\"201\">\n<p align=\"center\">\u00a0Erico Franco Mineiro<\/p>\n<\/td>\n<td width=\"83\">\n<p align=\"center\">01\/03\/2019<\/p>\n<\/td>\n<\/tr>\n<tr>\n<td width=\"304\">\n<p align=\"center\">B\u00e1rbara Graciano de Oliveira<\/p>\n<\/td>\n<td width=\"201\">\n<p align=\"center\">\u00a0Allan Claudius Queiroz Barbosa<\/p>\n<\/td>\n<td width=\"83\">\n<p align=\"center\">11\/03\/2019<\/p>\n<\/td>\n<\/tr>\n<tr>\n<td width=\"304\">\n<p align=\"center\">\u00a0S\u00e9rgio Luiz Meyer Portugal<\/p>\n<\/td>\n<td width=\"201\">\n<p align=\"center\">\u00a0M\u00e1rcia Siqueira Rapini<\/p>\n<\/td>\n<td width=\"83\">\n<p align=\"center\">12\/03\/2019<\/p>\n<\/td>\n<\/tr>\n<tr>\n<td width=\"304\">\n<p align=\"center\">\u00a0Alan Senra Cheib<\/p>\n<\/td>\n<td width=\"201\">\n<p align=\"center\">M\u00e1rcia Siqueira Rapini<\/p>\n<\/td>\n<td width=\"83\">\n<p align=\"center\">21\/03\/2019<\/p>\n<\/td>\n<\/tr>\n<tr>\n<td width=\"304\">\n<p align=\"center\">La\u00eds de Aguiar Oribe<\/p>\n<\/td>\n<td width=\"201\">\n<p align=\"center\">Francisco de Paula Antunes Lima<\/p>\n<\/td>\n<td width=\"83\">\n<p align=\"center\">25\/06\/2019<\/p>\n<\/td>\n<\/tr>\n<tr>\n<td width=\"304\">\n<p align=\"center\">Vin\u00edcius C\u00e9sar Santos de Magalh\u00e3es<\/p>\n<\/td>\n<td width=\"201\">\n<p align=\"center\">\u00a0M\u00e1rcia Siqueira Rapini<\/p>\n<\/td>\n<td width=\"83\">\n<p align=\"center\">01\/07\/2019<\/p>\n<\/td>\n<\/tr>\n<tr>\n<td width=\"304\">\n<p align=\"center\">\u00c9rika Angela de Oliveira<\/p>\n<\/td>\n<td width=\"201\">\n<p align=\"center\">Thiago Verano Braga<\/p>\n<\/td>\n<td width=\"83\">\n<p align=\"center\">05\/07\/2019<\/p>\n<\/td>\n<\/tr>\n<tr>\n<td width=\"304\">\n<p align=\"center\">Lorena Viana Souza<\/p>\n<\/td>\n<td width=\"201\">\n<p align=\"center\">Rochel Montero Lago<\/p>\n<\/td>\n<td width=\"83\">\n<p align=\"center\">27\/09\/2019<\/p>\n<\/td>\n<\/tr>\n<tr>\n<td width=\"304\">\n<p align=\"center\">Paulo C\u00e9lio Abreu J\u00fanior<\/p>\n<\/td>\n<td width=\"201\">\n<p align=\"center\">Alexandre T. Gomes Trivisonno<\/p>\n<\/td>\n<td width=\"83\">\n<p align=\"center\">01\/10\/2019<\/p>\n<\/td>\n<\/tr>\n<tr>\n<td width=\"304\">\n<p align=\"center\">Daniela Silva dos Reis<\/p>\n<\/td>\n<td width=\"201\">\n<p align=\"center\">Luiz Orlando Ladeira<\/p>\n<\/td>\n<td width=\"83\">\n<p align=\"center\">11\/11\/2019<\/p>\n<\/td>\n<\/tr>\n<tr>\n<td width=\"304\">\n<p align=\"center\">Gabriella G. De Mattos Sant&#8217;Anna<\/p>\n<\/td>\n<td width=\"201\">\n<p align=\"center\">Rochel Monteiro Lago<\/p>\n<\/td>\n<td width=\"83\">\n<p align=\"center\">20\/12\/2019<\/p>\n<\/td>\n<\/tr>\n<tr>\n<td width=\"304\">\n<p align=\"center\">Dar\u00edo Reyes Reina<\/p>\n<\/td>\n<td width=\"201\">\n<p align=\"center\">M\u00e1rcia Siqueira Rapini<\/p>\n<\/td>\n<td width=\"83\">\n<p align=\"center\">17\/02\/2020<\/p>\n<\/td>\n<\/tr>\n<tr>\n<td width=\"304\">\n<p align=\"center\">Lucas Silva Moreira<\/p>\n<\/td>\n<td width=\"201\">\n<p align=\"center\">\u00c9rico Franco Mineiro<\/p>\n<\/td>\n<td width=\"83\">\n<p align=\"center\">18\/02\/2020<\/p>\n<\/td>\n<\/tr>\n<tr>\n<td width=\"304\">\n<p align=\"center\">Bruna Silva Barbosa Pereira<\/p>\n<\/td>\n<td width=\"201\">\n<p align=\"center\">Raoni Barros Bagno<\/p>\n<\/td>\n<td width=\"83\">\n<p align=\"center\">20\/02\/2020<\/p>\n<\/td>\n<\/tr>\n<tr>\n<td width=\"304\">\n<p align=\"center\">Raphael da Silva Nascimento<\/p>\n<\/td>\n<td width=\"201\">\n<p align=\"center\">Marcelo Gomes Speziali<\/p>\n<\/td>\n<td width=\"83\">\n<p align=\"center\">30\/03\/2020<\/p>\n<\/td>\n<\/tr>\n<tr>\n<td width=\"304\">\n<p align=\"center\">Renato da Costa Braga<\/p>\n<\/td>\n<td width=\"201\">\n<p align=\"center\">Allan Claudius Queiroz Barbosa<\/p>\n<\/td>\n<td width=\"83\">\n<p align=\"center\">27\/04\/2020<\/p>\n<\/td>\n<\/tr>\n<tr>\n<td width=\"304\">\n<p align=\"center\">Tiago Paz Lasmar<\/p>\n<\/td>\n<td width=\"201\">\n<p align=\"center\">Raoni Barros Bagno<\/p>\n<\/td>\n<td width=\"83\">\n<p align=\"center\">30\/04\/2020<\/p>\n<\/td>\n<\/tr>\n<tr>\n<td width=\"304\">\n<p align=\"center\">Gerorges Machado Michailidis<\/p>\n<\/td>\n<td width=\"201\">\n<p align=\"center\">Eduardo Romeiro Filho<\/p>\n<\/td>\n<td width=\"83\">\n<p align=\"center\">16\/03\/2020<\/p>\n<\/td>\n<\/tr>\n<tr>\n<td width=\"304\">\n<p align=\"center\">Lucas Fabrini Ramalho Zanandrez<\/p>\n<\/td>\n<td width=\"201\">\n<p align=\"center\">Alvaro Eduardo Eiras<\/p>\n<\/td>\n<td width=\"83\">\n<p align=\"center\">29\/04\/2020<\/p>\n<\/td>\n<\/tr>\n<tr>\n<td width=\"304\">\n<p align=\"center\">Paulo Adriano Freitas Borges<\/p>\n<\/td>\n<td width=\"201\">\n<p align=\"center\">Rochel Montero Lago<\/p>\n<\/td>\n<td width=\"83\">\n<p align=\"center\">29\/04\/2020<\/p>\n<\/td>\n<\/tr>\n<tr>\n<td width=\"304\">\n<p align=\"center\">J\u00e9ssica Rangel Silva<\/p>\n<\/td>\n<td width=\"201\">\n<p align=\"center\">Ulisses Pereira dos Santos<\/p>\n<\/td>\n<td width=\"83\">\n<p align=\"center\">18\/06\/2020<\/p>\n<\/td>\n<\/tr>\n<tr>\n<td width=\"304\">\n<p align=\"center\">Bruna Machado Savassi<\/p>\n<\/td>\n<td width=\"201\">\n<p align=\"center\">Vasco Ariston de C. Azevedo<\/p>\n<\/td>\n<td width=\"83\">\n<p align=\"center\">30\/07\/2020<\/p>\n<\/td>\n<\/tr>\n<tr>\n<td width=\"304\">\n<p align=\"center\">Alessandra Gomes Figueiroa<\/p>\n<\/td>\n<td width=\"201\">\n<p align=\"center\">Vasco Ariston de C. Azevedo<\/p>\n<\/td>\n<td width=\"83\">\n<p align=\"center\">29\/07\/2020<\/p>\n<\/td>\n<\/tr>\n<tr>\n<td width=\"304\">\n<p align=\"center\">Hercules Kuster dos Reis<\/p>\n<\/td>\n<td width=\"201\">\n<p align=\"center\">Fabr\u00edcio Bertini Pasquot Polido<\/p>\n<\/td>\n<td width=\"83\">\n<p align=\"center\">04\/08\/2020<\/p>\n<\/td>\n<\/tr>\n<tr>\n<td width=\"304\">\n<p align=\"center\">Thiago Reis Machado<\/p>\n<\/td>\n<td width=\"201\">\n<p align=\"center\">Francisco Vidal Barbosa<\/p>\n<\/td>\n<td width=\"83\">\n<p align=\"center\">04\/08\/2020<\/p>\n<\/td>\n<\/tr>\n<tr>\n<td width=\"304\">\n<p align=\"center\">Carla Luiza Carvalho Matos<\/p>\n<\/td>\n<td width=\"201\">\n<p align=\"center\">Vasco Ariston de C. Azevedo<\/p>\n<\/td>\n<td width=\"83\">\n<p align=\"center\">27\/08\/2020<\/p>\n<\/td>\n<\/tr>\n<tr>\n<td width=\"304\">\n<p align=\"center\">Juliano Alves Pinto<\/p>\n<\/td>\n<td width=\"201\">\n<p align=\"center\">Fabr\u00edcio Bertini Pasquot Polido<\/p>\n<\/td>\n<td width=\"83\">\n<p align=\"center\">10\/12\/2020<\/p>\n<\/td>\n<\/tr>\n<tr>\n<td width=\"304\">\n<p align=\"center\">Walison Librelon de Oliveira<\/p>\n<\/td>\n<td width=\"201\">\n<p align=\"center\">Adriana Ferreira de Faria<\/p>\n<\/td>\n<td width=\"83\">\n<p align=\"center\">25\/02\/2021<\/p>\n<\/td>\n<\/tr>\n<tr>\n<td width=\"304\">\n<p align=\"center\">Diogo Tunes \u00c1lvares da Silva<\/p>\n<\/td>\n<td width=\"201\">\n<p align=\"center\">Francisco de Paula Antunes Lima<\/p>\n<\/td>\n<td width=\"83\">\n<p align=\"center\">26\/02\/2021<\/p>\n<\/td>\n<\/tr>\n<tr>\n<td width=\"304\">\n<p align=\"center\">Ricardo Gomes Figueiroa<\/p>\n<\/td>\n<td width=\"201\">\n<p align=\"center\">Vasco Ariston de C. Azevedo<\/p>\n<\/td>\n<td width=\"83\">\n<p align=\"center\">14\/04\/2021<\/p>\n<\/td>\n<\/tr>\n<tr>\n<td width=\"304\">\n<p align=\"center\">NAYARA DE OLIVEIRA NAMORATO<\/p>\n<\/td>\n<td width=\"201\">\n<p align=\"center\">Ulisses Pereira dos Santos<\/p>\n<\/td>\n<td width=\"83\">\n<p align=\"center\">29\/03\/2021<\/p>\n<\/td>\n<\/tr>\n<tr>\n<td width=\"304\">\n<p align=\"center\">MARCELA DAVID DE CARVALHO<\/p>\n<\/td>\n<td width=\"201\">\n<p align=\"center\">Marcia Siqueira Rapini<\/p>\n<\/td>\n<td width=\"83\">\n<p align=\"center\">29\/04\/2021<\/p>\n<\/td>\n<\/tr>\n<tr>\n<td width=\"304\">\n<p align=\"center\">LIVIA ALMEIDA DA SILVA BITTENCOURT<\/p>\n<\/td>\n<td width=\"201\">\n<p align=\"center\">Renata Simoes Guimaraes e Borges<\/p>\n<\/td>\n<td width=\"83\">\n<p align=\"center\">10\/05\/2021<\/p>\n<\/td>\n<\/tr>\n<tr>\n<td width=\"304\">\n<p align=\"center\">FABRICIO GARCIA LE\u00c3O<\/p>\n<\/td>\n<td width=\"201\">\n<p align=\"center\">Renata Simoes Guimaraes e Borges<\/p>\n<\/td>\n<td width=\"83\">\n<p align=\"center\">20\/05\/2021<\/p>\n<\/td>\n<\/tr>\n<tr>\n<td width=\"304\">\n<p align=\"center\">JONATHAN HENRIQUE SOUZA<\/p>\n<\/td>\n<td width=\"201\">\n<p align=\"center\">Renata Simoes Guimaraes e Borges<\/p>\n<\/td>\n<td width=\"83\">\n<p align=\"center\">31\/05\/2021<\/p>\n<\/td>\n<\/tr>\n<tr>\n<td width=\"304\">\n<p align=\"center\">MAYERSON THOMPSON<\/p>\n<\/td>\n<td width=\"201\">\n<p align=\"center\">Maria de Fatima Leite<\/p>\n<\/td>\n<td width=\"83\">\n<p align=\"center\">12\/07\/2021<\/p>\n<\/td>\n<\/tr>\n<tr>\n<td width=\"304\">\n<p align=\"center\">ADALTON DA SILVA RAMOS J\u00daNIOR<\/p>\n<\/td>\n<td width=\"201\">\n<p align=\"center\">Adriana Ferreira de Faria<\/p>\n<\/td>\n<td width=\"83\">\n<p align=\"center\">29\/07\/2021<\/p>\n<\/td>\n<\/tr>\n<tr>\n<td width=\"304\">\n<p align=\"center\">GUILHERME LEAL FERNANDES<\/p>\n<\/td>\n<td width=\"201\">\n<p align=\"center\">Eduardo Romeiro Filho<\/p>\n<\/td>\n<td width=\"83\">\n<p align=\"center\">13\/08\/2021<\/p>\n<\/td>\n<\/tr>\n<tr>\n<td width=\"304\">\n<p align=\"center\">WLADMIR TEODORO DA SILVA<\/p>\n<\/td>\n<td width=\"201\">\n<p align=\"center\">Carlos Alberto Lombardi Filgueiras<\/p>\n<\/td>\n<td width=\"83\">\n<p align=\"center\">27\/08\/2021<\/p>\n<\/td>\n<\/tr>\n<tr>\n<td width=\"304\">\n<p align=\"center\">MARINA PRASS SANTOS<\/p>\n<\/td>\n<td width=\"201\">\n<p align=\"center\">Raoni Barros Bagno<\/p>\n<\/td>\n<td width=\"83\">\n<p align=\"center\">30\/08\/2021<\/p>\n<\/td>\n<\/tr>\n<tr>\n<td width=\"304\">\n<p align=\"center\">NAYARA DE CASTRO DIAS<\/p>\n<\/td>\n<td width=\"201\">\n<p align=\"center\">Francisco Vidal Barbosa<\/p>\n<\/td>\n<td width=\"83\">\n<p align=\"center\">30\/08\/2021<\/p>\n<\/td>\n<\/tr>\n<tr>\n<td width=\"304\">\n<p align=\"center\">VAN\u00caSSA EMANUELA MARQUES DE PAULA<\/p>\n<\/td>\n<td width=\"201\">\n<p align=\"center\">Vasco Ariston de Carvalho Azevedo<\/p>\n<\/td>\n<td width=\"83\">\n<p align=\"center\">01\/09\/2021<\/p>\n<\/td>\n<\/tr>\n<tr>\n<td width=\"304\">\n<p align=\"center\">JANAINA DE PAULA E SILVA<\/p>\n<\/td>\n<td width=\"201\">\n<p align=\"center\">Rita de Cassia de Oliveira Sebastiao<\/p>\n<\/td>\n<td width=\"83\">\n<p align=\"center\">03\/09\/2021<\/p>\n<\/td>\n<\/tr>\n<tr>\n<td width=\"304\">\n<p align=\"center\">NATH\u00c1LIA DOMINGUES OLIVEIRA BARBOSA<\/p>\n<\/td>\n<td width=\"201\">\n<p align=\"center\">Juliana Correa Crepalde Medeiros<\/p>\n<\/td>\n<td width=\"83\">\n<p align=\"center\">10\/09\/2021<\/p>\n<\/td>\n<\/tr>\n<tr>\n<td width=\"304\">\n<p align=\"center\">\u00a0CARLOS EDUARDO RODRIGUES<\/p>\n<\/td>\n<td width=\"201\">\n<p align=\"center\">Thiago Verano Braga<\/p>\n<\/td>\n<td width=\"83\">\n<p align=\"center\">10\/09\/2021<\/p>\n<\/td>\n<\/tr>\n<tr>\n<td width=\"304\">\n<p align=\"center\">\u00a0ULISSES FILGUEIRAS EMEDIATO<\/p>\n<\/td>\n<td width=\"201\">\n<p align=\"center\">\u00a0Renata Simoes Guimaraes e Borges<\/p>\n<\/td>\n<td width=\"83\">\n<p align=\"center\">30\/09\/2021<\/p>\n<\/td>\n<\/tr>\n<tr>\n<td width=\"304\">\n<p align=\"center\">FRANK GOMES BERNARDES<\/p>\n<\/td>\n<td width=\"201\">\n<p align=\"center\">\u00a0Marcelo Gomes Speziali<\/p>\n<\/td>\n<td width=\"83\">\n<p align=\"center\">04\/10\/2021<\/p>\n<\/td>\n<\/tr>\n<tr>\n<td width=\"304\">\n<p align=\"center\">THA\u00cdS DE FIGUEIREDO TEIXEIRA SIM\u00d5ES<\/p>\n<\/td>\n<td width=\"201\">\n<p align=\"center\">Juliana Correa Crepalde Medeiros<\/p>\n<\/td>\n<td width=\"83\">\n<p align=\"center\">11\/11\/2021<\/p>\n<\/td>\n<\/tr>\n<tr>\n<td width=\"304\">\n<p align=\"center\">LUISA EMANUELE MILAGRE<\/p>\n<\/td>\n<td width=\"201\">\n<p align=\"center\">Rochel Montero Lago<\/p>\n<\/td>\n<td width=\"83\">\n<p align=\"center\">23\/11\/2021<\/p>\n<\/td>\n<\/tr>\n<tr>\n<td width=\"304\">\n<p align=\"center\">\u00a0VER\u00d4NICA APARECIDA MARTINS DO ROS\u00c1RIO<\/p>\n<\/td>\n<td width=\"201\">\n<p align=\"center\">\u00a0Tulio Matencio<\/p>\n<\/td>\n<td width=\"83\">\n<p align=\"center\">17\/01\/2022<\/p>\n<\/td>\n<\/tr>\n<tr>\n<td width=\"304\">\n<p align=\"center\">\u00a0GLAUCIA ANETE FERREIRA DA SILVA<\/p>\n<\/td>\n<td width=\"201\">\n<p align=\"center\">Marcia Siqueira Rapini<\/p>\n<\/td>\n<td width=\"83\">\n<p align=\"center\">\u00a024\/02\/2022<\/p>\n<\/td>\n<\/tr>\n<tr>\n<td width=\"304\">\n<p align=\"center\">RAFAEL FERREIRA MARTINS<\/p>\n<\/td>\n<td width=\"201\">\n<p align=\"center\">Rochel Montero Lago<\/p>\n<\/td>\n<td width=\"83\">\n<p align=\"center\">24\/02\/2022<\/p>\n<\/td>\n<\/tr>\n<tr>\n<td width=\"304\">\n<p align=\"center\">BRUNO GATTI BAVUZO COELHO PEREIRA<\/p>\n<\/td>\n<td width=\"201\">\n<p align=\"center\">Robson Augusto Souza dos Santos<\/p>\n<\/td>\n<td width=\"83\">\n<p align=\"center\">24\/02\/2022<\/p>\n<\/td>\n<\/tr>\n<tr>\n<td width=\"304\">\n<p align=\"center\">CARLA LORENA DE MIRANDA CANELA<\/p>\n<\/td>\n<td width=\"201\">\n<p align=\"center\">Marcia Siqueira Rapin<\/p>\n<\/td>\n<td width=\"83\">\n<p align=\"center\">01\/04\/2022<\/p>\n<\/td>\n<\/tr>\n<tr>\n<td width=\"304\">\n<p align=\"center\">CAROLINE ALMEIDA NOBRE<\/p>\n<\/td>\n<td width=\"201\">\n<p align=\"center\">Renata Simoes Guimaraes e<br \/>\nBorges<\/p>\n<\/td>\n<td width=\"83\">\n<p align=\"center\">04\/04\/2022<\/p>\n<\/td>\n<\/tr>\n<tr>\n<td width=\"304\">\n<p align=\"center\">VITOR FERNANDES DE ALMEIDA<\/p>\n<\/td>\n<td width=\"201\">\n<p align=\"center\">Rochel Montero Lago<\/p>\n<\/td>\n<td width=\"83\">\n<p align=\"center\">07\/04\/2022<\/p>\n<\/td>\n<\/tr>\n<tr>\n<td width=\"304\">\n<p align=\"center\">ANA CAROLINA DOS SANTOS PAES<\/p>\n<\/td>\n<td width=\"201\">\n<p align=\"center\">Raoni Barros Bagno<\/p>\n<\/td>\n<td width=\"83\">\n<p align=\"center\">08\/04\/2022<\/p>\n<\/td>\n<\/tr>\n<tr>\n<td width=\"304\">\n<p align=\"center\">\u00a0DILIAN CAIAFA MOREIRA LOPES DE FARIA<\/p>\n<\/td>\n<td width=\"201\">\n<p align=\"center\">Renata Simoes Guimaraes e<br \/>\nBorges<\/p>\n<\/td>\n<td width=\"83\">\n<p align=\"center\">\u00a030\/05\/2022<\/p>\n<\/td>\n<\/tr>\n<tr>\n<td width=\"304\">\n<p align=\"center\">DEIVID EMERSON ALVES VASCONCELOS<\/p>\n<\/td>\n<td width=\"201\">\n<p align=\"center\">Robson Augusto Souza dos Santos<\/p>\n<\/td>\n<td width=\"83\">\n<p align=\"center\">31\/05\/2022<\/p>\n<\/td>\n<\/tr>\n<tr>\n<td width=\"304\">\n<p align=\"center\">\u00a0FABR\u00cdCIO ANTONIO DE CARVALHO SILVA<\/p>\n<\/td>\n<td width=\"201\">\n<p align=\"center\">\u00a0\u00a0Maria Esperanza Cortes<br \/>\nSegura<\/p>\n<\/td>\n<td width=\"83\">\n<p align=\"center\">02\/06\/2022<\/p>\n<\/td>\n<\/tr>\n<tr>\n<td width=\"304\">\n<p align=\"center\">RODRIGO TEIXEIRA SOARES MOREIRA<\/p>\n<\/td>\n<td width=\"201\">\n<p align=\"center\">Rochel Montero Lago<\/p>\n<\/td>\n<td width=\"83\">\n<p align=\"center\">06\/06\/2022<\/p>\n<\/td>\n<\/tr>\n<tr>\n<td width=\"304\">\n<p align=\"center\">FREDERICO SOARES RIBEIRO<\/p>\n<\/td>\n<td width=\"201\">\n<p align=\"center\">Fabricio Bertini Pasquot Polido<\/p>\n<\/td>\n<td width=\"83\">\n<p align=\"center\">23\/06\/2022<\/p>\n<\/td>\n<\/tr>\n<tr>\n<td width=\"304\">\n<p align=\"center\">ANA LUIZA CANHESTRO SARAIVA<\/p>\n<\/td>\n<td width=\"201\">\n<p align=\"center\">Raoni Barros Bagno<\/p>\n<\/td>\n<td width=\"83\">\n<p align=\"center\">18\/07\/2022<\/p>\n<\/td>\n<\/tr>\n<tr>\n<td width=\"304\">\n<p align=\"center\">DANIELE BASTOS DE CASTRO<\/p>\n<\/td>\n<td width=\"201\">\n<p align=\"center\">Marcelo Gomes Speziali<\/p>\n<\/td>\n<td width=\"83\">\n<p align=\"center\">29\/07\/2022<\/p>\n<\/td>\n<\/tr>\n<tr>\n<td width=\"304\">\n<p align=\"center\">J\u00daLIA CAMPI LIMA BARBOSA<\/p>\n<\/td>\n<td width=\"201\">\n<p align=\"center\">Allan Claudius Queiroz Barbosa<\/p>\n<\/td>\n<td width=\"83\">\n<p align=\"center\">02\/08\/2022<\/p>\n<\/td>\n<\/tr>\n<tr>\n<td width=\"304\">\n<p align=\"center\">ARTUR TANCREDO GUIMARAES DE ALVARENGA<\/p>\n<\/td>\n<td width=\"201\">\n<p align=\"center\">Allan Claudius Queiroz Barbosa<\/p>\n<\/td>\n<td width=\"83\">\n<p align=\"center\">22\/08\/2022<\/p>\n<\/td>\n<\/tr>\n<tr>\n<td width=\"304\">\n<p align=\"center\">VER\u00d4NICA DIAS T\u00d4RRES<\/p>\n<\/td>\n<td width=\"201\">\n<p align=\"center\">Carlos Alberto Tagliat<\/p>\n<\/td>\n<td width=\"83\">\n<p align=\"center\">29\/08\/2022<\/p>\n<\/td>\n<\/tr>\n<tr>\n<td width=\"304\">\n<p align=\"center\">FELIPE MORANDO AVELAR<\/p>\n<\/td>\n<td width=\"201\">\n<p align=\"center\">Vasco Ariston de Carvalho<br \/>\nAzevedo<\/p>\n<\/td>\n<td width=\"83\">\n<p align=\"center\">29\/08\/2022<\/p>\n<\/td>\n<\/tr>\n<tr>\n<td width=\"304\">\n<p align=\"center\">\u00a0TAMIRES BERNO NUNES DE OLIVEIRA<\/p>\n<\/td>\n<td width=\"201\">\n<p align=\"center\">\u00a0Bruno Goncalves<\/p>\n<\/td>\n<td width=\"83\">\n<p align=\"center\">31\/08\/2022<\/p>\n<\/td>\n<\/tr>\n<tr>\n<td width=\"304\">\n<p align=\"center\">HADDON GALV\u00c3O GUIMAR\u00c3ES PEREIRA<\/p>\n<\/td>\n<td width=\"201\">\n<p align=\"center\">Eduardo Romeiro Filho<\/p>\n<\/td>\n<td width=\"83\">\n<p align=\"center\">20\/10\/2022<\/p>\n<\/td>\n<\/tr>\n<tr>\n<td width=\"304\">\n<p align=\"center\">HELAINDO GUIMAR\u00c3ES J\u00daNIOR<\/p>\n<\/td>\n<td width=\"201\">\n<p align=\"center\">Marcia Siqueira Rapini<\/p>\n<\/td>\n<td width=\"83\">\n<p align=\"center\">24\/11\/2022<\/p>\n<\/td>\n<\/tr>\n<tr>\n<td width=\"304\">\n<p align=\"center\">MATHEUS FELIPE SALES SANTOS<\/p>\n<\/td>\n<td width=\"201\">\n<p align=\"center\">Rita de Cassia de Oliveira Sebastiao<\/p>\n<\/td>\n<td width=\"83\">\n<p align=\"center\">28\/11\/2022<\/p>\n<\/td>\n<\/tr>\n<tr>\n<td width=\"304\">\n<p align=\"center\">\u00a0THIAGO NEVES MARQUES<\/p>\n<\/td>\n<td width=\"201\">\n<p align=\"center\">Raoni Barros Bagno<\/p>\n<\/td>\n<td width=\"83\">\n<p align=\"center\">\u00a019\/12\/2022<\/p>\n<\/td>\n<\/tr>\n<tr>\n<td width=\"304\">\n<p align=\"center\">MATEUS CARNEIRO DOS SANTOS E SILVA<\/p>\n<\/td>\n<td width=\"201\">\n<p align=\"center\">Marcia Siqueira Rapini<\/p>\n<\/td>\n<td width=\"83\">\n<p align=\"center\">19\/12\/2022<\/p>\n<\/td>\n<\/tr>\n<tr>\n<td width=\"304\">\n<p align=\"center\">CARLOS AUGUSTO DA SILVA ROMUALDO<\/p>\n<\/td>\n<td width=\"201\">\n<p align=\"center\">Ulisses Pereira dos Santos<\/p>\n<\/td>\n<td width=\"83\">\n<p align=\"center\">21\/12\/2022<\/p>\n<\/td>\n<\/tr>\n<tr>\n<td width=\"304\">\n<p align=\"center\">J\u00c9SSICA MALVINA LUZ DE CARVALHO<\/p>\n<\/td>\n<td width=\"201\">\n<p align=\"center\">Rochel Montero Lago<\/p>\n<\/td>\n<td width=\"83\">\n<p align=\"center\">22\/12\/2022<\/p>\n<\/td>\n<\/tr>\n<tr>\n<td width=\"304\">\n<p align=\"center\">GESS\u00c9 GER\u00d4NIMO PEREIRA EVANGELISTA<\/p>\n<\/td>\n<td width=\"201\">\n<p align=\"center\">Raoni Barros Bagno<\/p>\n<\/td>\n<td width=\"83\">\n<p align=\"center\">23\/12\/2022<\/p>\n<\/td>\n<\/tr>\n<tr>\n<td width=\"304\">\n<p align=\"center\">MATHEUS OLIVEIRA AZZI<\/p>\n<\/td>\n<td width=\"201\">\n<p align=\"center\">Marcia Siqueira Rapini<\/p>\n<\/td>\n<td width=\"83\">\n<p align=\"center\">27\/02\/2023<\/p>\n<\/td>\n<\/tr>\n<tr>\n<td width=\"304\">\n<p align=\"center\">FRANCIELE GARCIA DA SILVA<\/p>\n<\/td>\n<td width=\"201\">\n<p align=\"center\">Maria Cecilia Pereira<\/p>\n<\/td>\n<td width=\"83\">\n<p align=\"center\">01\/03\/2023<\/p>\n<\/td>\n<\/tr>\n<tr>\n<td width=\"304\">\n<p align=\"center\">PRISCILLA BITAR\u00c3ES MOREIRA PAIVA<\/p>\n<\/td>\n<td width=\"201\">\n<p align=\"center\">Marcia Siqueira Rapini<\/p>\n<\/td>\n<td width=\"83\">\n<p align=\"center\">22\/03\/2023<\/p>\n<\/td>\n<\/tr>\n<tr>\n<td width=\"304\">\n<p align=\"center\">ADRIANA MARIA MAIA PASSOS<\/p>\n<\/td>\n<td width=\"201\">\n<p align=\"center\">Francisco Vidal Barbosa<\/p>\n<\/td>\n<td width=\"83\">\n<p align=\"center\">\u00a031\/03\/2023<\/p>\n<\/td>\n<\/tr>\n<tr>\n<td width=\"304\">\n<p align=\"center\">GABRIELLA CORREIA DE ALMEIDA<\/p>\n<\/td>\n<td width=\"201\">\n<p align=\"center\">Luiz Gustavo de Oliveira<\/p>\n<\/td>\n<td width=\"83\">\n<p align=\"center\">09\/05\/2023<\/p>\n<\/td>\n<\/tr>\n<tr>\n<td width=\"304\">\n<p align=\"center\">TALITA VENILDA GUIMAR\u00c3ES<\/p>\n<\/td>\n<td width=\"201\">\n<p align=\"center\">Eduardo Romeiro Filho<\/p>\n<\/td>\n<td width=\"83\">\n<p align=\"center\">11\/05\/2023<\/p>\n<\/td>\n<\/tr>\n<tr>\n<td width=\"304\">\n<p align=\"center\">MEIRE GON\u00c7ALVES DOS REIS<\/p>\n<\/td>\n<td width=\"201\">\n<p align=\"center\">Allan Claudius Queiroz Barbosa<\/p>\n<\/td>\n<td width=\"83\">\n<p align=\"center\">\u00a015\/05\/2023<\/p>\n<\/td>\n<\/tr>\n<tr>\n<td width=\"304\">\n<p align=\"center\">\u00a0HENRIQUETA MORAIS BERNARDES<\/p>\n<\/td>\n<td width=\"201\">\n<p align=\"center\">Francisco Vidal Barbosa<\/p>\n<\/td>\n<td width=\"83\">\n<p align=\"center\">19\/05\/2023<\/p>\n<\/td>\n<\/tr>\n<tr>\n<td width=\"304\">\n<p align=\"center\">JONAS ANTUNES DA COSTA<\/p>\n<\/td>\n<td width=\"201\">\n<p align=\"center\">Adriana Ferreira de Faria<\/p>\n<\/td>\n<td width=\"83\">\n<p align=\"center\">22\/06\/2023<\/p>\n<\/td>\n<\/tr>\n<tr>\n<td width=\"304\">\n<p align=\"center\">WELLERSON DA SILVA BASTOS<\/p>\n<\/td>\n<td width=\"201\">\n<p align=\"center\">Adriano Borges da Cunha<\/p>\n<\/td>\n<td width=\"83\">\n<p align=\"center\">07\/07\/2023<\/p>\n<\/td>\n<\/tr>\n<tr>\n<td width=\"304\">\n<p align=\"center\">LUCAS MENDES INDIO DO BRASIL<\/p>\n<\/td>\n<td width=\"201\">\n<p align=\"center\">Raoni Barros Bagno<\/p>\n<\/td>\n<td width=\"83\">\n<p align=\"center\">14\/07\/2023<\/p>\n<\/td>\n<\/tr>\n<tr>\n<td width=\"304\">\n<p align=\"center\">RA\u00cdSSA FANTAZZINI MONTEIRO ARRUDA<\/p>\n<\/td>\n<td width=\"201\">\n<p align=\"center\">Allan Claudius Queiroz Barbosa<\/p>\n<\/td>\n<td width=\"83\">\n<p align=\"center\">16\/08\/2023<\/p>\n<\/td>\n<\/tr>\n<tr>\n<td width=\"304\">\n<p align=\"center\">ILANA GOLDSTEIN<\/p>\n<\/td>\n<td width=\"201\">\n<p align=\"center\">Rita de Cassia de Oliveira<br \/>\nSebastiao<\/p>\n<\/td>\n<td width=\"83\">\n<p align=\"center\">28\/08\/2023<\/p>\n<\/td>\n<\/tr>\n<tr>\n<td width=\"304\">\n<p align=\"center\">M\u00c1RCIA CRISTINA MOREIRA PARANHOS<\/p>\n<\/td>\n<td width=\"201\">\n<p align=\"center\">Francisco de Paula Antunes Lima<\/p>\n<\/td>\n<td width=\"83\">\n<p align=\"center\">29\/08\/2023<\/p>\n<\/td>\n<\/tr>\n<tr>\n<td width=\"304\">\n<p align=\"center\">CRISTIANO SANTOS TRINDADE<\/p>\n<\/td>\n<td width=\"201\">\n<p align=\"center\">Maria Cecilia Pereira<\/p>\n<\/td>\n<td width=\"83\">\n<p align=\"center\">20\/09\/2023<\/p>\n<\/td>\n<\/tr>\n<tr>\n<td width=\"304\">\n<p align=\"center\">DANIEL CARDOSO LOPES<\/p>\n<\/td>\n<td width=\"201\">\n<p align=\"center\">Adriano Borges da Cunha<\/p>\n<\/td>\n<td width=\"83\">\n<p align=\"center\">22\/09\/2023<\/p>\n<\/td>\n<\/tr>\n<tr>\n<td width=\"304\">\n<p align=\"center\">HEITOR DE OLIVEIRA COSTA<\/p>\n<\/td>\n<td width=\"201\">\n<p align=\"center\">Ana Valeria Carneiro Dias<\/p>\n<\/td>\n<td width=\"83\">\n<p align=\"center\">29\/11\/2023<\/p>\n<\/td>\n<\/tr>\n<tr>\n<td width=\"304\">\n<p align=\"center\">GEANE MARY BARBOSA MOREIRA DA CUNHA<\/p>\n<\/td>\n<td width=\"201\">\n<p align=\"center\">Vasco Ariston de Carvalho<br \/>\nAzevedo<\/p>\n<\/td>\n<td width=\"83\">\n<p align=\"center\">13\/12\/2023<\/p>\n<\/td>\n<\/tr>\n<tr>\n<td width=\"304\">\n<p align=\"center\">ROBERTO MARTINS ANDRADE<\/p>\n<\/td>\n<td width=\"201\">\n<p align=\"center\">Allan Claudius Queiroz Barbosa<\/p>\n<\/td>\n<td width=\"83\">\n<p align=\"center\">14\/12\/2023<\/p>\n<\/td>\n<\/tr>\n<tr>\n<td width=\"304\">\n<p align=\"center\">CARLOS HENRIQUE ALMEIDA SALGADO<\/p>\n<\/td>\n<td width=\"201\">\n<p align=\"center\">Juliana Correa Crepalde Medeiros<\/p>\n<\/td>\n<td width=\"83\">\n<p align=\"center\">19\/12\/2023<\/p>\n<\/td>\n<\/tr>\n<tr>\n<td width=\"304\">\n<p align=\"center\">LUANA LIMA FELIX<\/p>\n<\/td>\n<td width=\"201\">\n<p align=\"center\">Adriano Borges da Cunha<\/p>\n<\/td>\n<td width=\"83\">\n<p align=\"center\">22\/02\/2024<\/p>\n<\/td>\n<\/tr>\n<tr>\n<td width=\"304\">\n<p align=\"center\">THAMIRES LUCIANA BRAZ ALVES<\/p>\n<\/td>\n<td width=\"201\">\n<p align=\"center\">Rochel Montero Lago<\/p>\n<\/td>\n<td width=\"83\">\n<p align=\"center\">22\/03\/2024<\/p>\n<\/td>\n<\/tr>\n<tr>\n<td width=\"304\">\n<p align=\"center\">WAGNER SANTOS FARIA<\/p>\n<\/td>\n<td width=\"201\">\n<p align=\"center\">Roberto Luiz Silva<\/p>\n<\/td>\n<td width=\"83\">\n<p align=\"center\">23\/04\/2024<\/p>\n<\/td>\n<\/tr>\n<tr>\n<td width=\"304\">\n<p align=\"center\">FILIPE TEIXEIRA DE CARVALHO<\/p>\n<\/td>\n<td width=\"201\">\n<p align=\"center\">Allan Claudius Queiroz Barbosa<\/p>\n<\/td>\n<td width=\"83\">\n<p align=\"center\">29\/04\/2024<\/p>\n<\/td>\n<\/tr>\n<tr>\n<td width=\"304\">\n<p align=\"center\">RANDEL MOREIRA DE SOUZA FERREIRA<\/p>\n<\/td>\n<td width=\"201\">\n<p align=\"center\">Adriano Borges da Cunha<\/p>\n<\/td>\n<td width=\"83\">\n<p align=\"center\">10\/05\/2024<\/p>\n<\/td>\n<\/tr>\n<tr>\n<td width=\"304\">\n<p align=\"center\">CIBELE BERSAN MARIANO PADUA<\/p>\n<\/td>\n<td width=\"201\">\n<p align=\"center\">M\u00e1rcia Siqueira Rapini<\/p>\n<\/td>\n<td width=\"83\">\n<p align=\"center\">28\/06\/2024<\/p>\n<\/td>\n<\/tr>\n<tr>\n<td width=\"304\">\n<p align=\"center\">FABIANA OLIVEIRA MATOS<\/p>\n<\/td>\n<td width=\"201\">\n<p align=\"center\">Vasco Ariston de Carvalho Azevedo<\/p>\n<\/td>\n<td width=\"83\">\n<p align=\"center\">02\/08\/2024<\/p>\n<\/td>\n<\/tr>\n<tr>\n<td width=\"304\">\n<p align=\"center\">ENI DA CONCEI\u00c7\u00c3O ROCHA<\/p>\n<\/td>\n<td width=\"201\">\n<p align=\"center\">Allan Claudius Queiroz Barbosa<\/p>\n<\/td>\n<td width=\"83\">\n<p align=\"center\">14\/10\/2024<\/p>\n<\/td>\n<\/tr>\n<tr>\n<td width=\"304\">\n<p align=\"center\">Marcelo Sim\u00f5es Reis<\/p>\n<\/td>\n<td width=\"201\">\n<p align=\"center\">Adriano Borges da Cunha<\/p>\n<\/td>\n<td width=\"83\">\n<p align=\"center\">26\/06\/2024<\/p>\n<\/td>\n<\/tr>\n<tr>\n<td width=\"304\">\n<p align=\"center\">T\u00daLIO HENRIQUE DOS SANTOS<\/p>\n<\/td>\n<td width=\"201\">\n<p align=\"center\">Eduardo de Campos Valadares<\/p>\n<\/td>\n<td width=\"83\">\n<p align=\"center\">22\/11\/2024<\/p>\n<\/td>\n<\/tr>\n<tr>\n<td width=\"304\">\n<p align=\"center\">PEDRO HENRIQUE MAYRINK SOARES<\/p>\n<\/td>\n<td width=\"201\">\n<p align=\"center\">THIAGO VERANO<br \/>\nBRAGA<\/p>\n<\/td>\n<td width=\"83\">\n<p align=\"center\">27\/02\/2025<\/p>\n<\/td>\n<\/tr>\n<tr>\n<td width=\"304\">\n<p align=\"center\">CARMEN BOTELHO MIRANDA DE CASTRO<\/p>\n<\/td>\n<td width=\"201\">\n<p align=\"center\">Ana Val\u00e9ria Carneiro Dias<\/p>\n<\/td>\n<td width=\"83\">\n<p align=\"center\">30\/04\/2025<\/p>\n<\/td>\n<\/tr>\n<tr>\n<td width=\"304\">\n<p align=\"center\">JULIA SILVA FERNANDES<\/p>\n<\/td>\n<td width=\"201\">\n<p align=\"center\">Maria Cecilia Pereira<\/p>\n<\/td>\n<td width=\"83\">\n<p align=\"center\">05\/06\/2025<\/p>\n<\/td>\n<\/tr>\n<tr>\n<td width=\"304\">\n<p align=\"center\">FABR\u00cdCIO RAFAEL AMBR\u00d3SIO DE SOUZA<\/p>\n<\/td>\n<td width=\"201\">\n<p align=\"center\">Raoni Barros Bagno<\/p>\n<\/td>\n<td width=\"83\">\n<p align=\"center\">14\/08\/2025<\/p>\n<\/td>\n<\/tr>\n<tr>\n<td colspan=\"2\" width=\"509\">\n<p align=\"center\">TOTAL<\/p>\n<\/td>\n<td width=\"83\">\n<p align=\"center\">203<\/p>\n<\/td>\n<\/tr>\n<\/tbody>\n<\/table>\n<\/dd>\n<\/dl>\n","protected":false},"excerpt":{"rendered":"<p>&nbsp; Discentes atuais NOME \u00c1REA ORIENTADOR(A) \u00c1gatha Dornellas Ritter Costa Gest\u00e3o da Inova\u00e7\u00e3o e Empreendedorismo Marcelo Gomes Speziali ALEXANDRE DINIZ MARQUES Inov. Biofarmac\u00eautica e Tecnol\u00f3gica Adriano Borges da Cunha Amanda [&hellip;]<\/p>\n","protected":false},"author":4,"featured_media":0,"parent":0,"menu_order":0,"comment_status":"closed","ping_status":"closed","template":"","meta":{"_price":"","_stock":"","_tribe_ticket_header":"","_tribe_default_ticket_provider":"","_tribe_ticket_capacity":"0","_ticket_start_date":"","_ticket_end_date":"","_tribe_ticket_show_description":"","_tribe_ticket_show_not_going":false,"_tribe_ticket_use_global_stock":"","_tribe_ticket_global_stock_level":"","_global_stock_mode":"","_global_stock_cap":"","_tribe_rsvp_for_event":"","_tribe_ticket_going_count":"","_tribe_ticket_not_going_count":"","_tribe_tickets_list":"[]","_tribe_ticket_has_attendee_info_fields":false,"footnotes":"","_tec_slr_enabled":"","_tec_slr_layout":""},"class_list":["post-428","page","type-page","status-publish","hentry"],"ticketed":false,"_links":{"self":[{"href":"https:\/\/sites.icb.ufmg.br\/pginovacao\/index.php\/wp-json\/wp\/v2\/pages\/428","targetHints":{"allow":["GET"]}}],"collection":[{"href":"https:\/\/sites.icb.ufmg.br\/pginovacao\/index.php\/wp-json\/wp\/v2\/pages"}],"about":[{"href":"https:\/\/sites.icb.ufmg.br\/pginovacao\/index.php\/wp-json\/wp\/v2\/types\/page"}],"author":[{"embeddable":true,"href":"https:\/\/sites.icb.ufmg.br\/pginovacao\/index.php\/wp-json\/wp\/v2\/users\/4"}],"replies":[{"embeddable":true,"href":"https:\/\/sites.icb.ufmg.br\/pginovacao\/index.php\/wp-json\/wp\/v2\/comments?post=428"}],"version-history":[{"count":99,"href":"https:\/\/sites.icb.ufmg.br\/pginovacao\/index.php\/wp-json\/wp\/v2\/pages\/428\/revisions"}],"predecessor-version":[{"id":4578,"href":"https:\/\/sites.icb.ufmg.br\/pginovacao\/index.php\/wp-json\/wp\/v2\/pages\/428\/revisions\/4578"}],"wp:attachment":[{"href":"https:\/\/sites.icb.ufmg.br\/pginovacao\/index.php\/wp-json\/wp\/v2\/media?parent=428"}],"curies":[{"name":"wp","href":"https:\/\/api.w.org\/{rel}","templated":true}]}}